{"id":92,"date":"2022-10-24T14:44:14","date_gmt":"2022-10-24T12:44:14","guid":{"rendered":"http:\/\/umkjlli.cluster030.hosting.ovh.net\/?page_id=92"},"modified":"2026-04-11T14:45:49","modified_gmt":"2026-04-11T12:45:49","slug":"les-souvenirs-de-lassociation","status":"publish","type":"page","link":"http:\/\/collegiale-saint-piat-seclin.fr\/?page_id=92","title":{"rendered":"Les souvenirs de l&rsquo;association"},"content":{"rendered":"\n<p class=\"has-extra-small-font-size\"><br>Mis \u00e0 jour le 11 avril 2026<\/p>\n\n\n\n<p><strong>En juillet et ao\u00fbt 2025<\/strong> :<\/p>\n\n\n\n<p>la coll\u00e9giale a \u00e9t\u00e9 ouverte du lundi au vendredi. Il y a eu en plus 2 ouvertures exceptionnelles pour la F\u00eate des harengs et le passage du Tour de France. Plus de 10 b\u00e9n\u00e9voles de la paroisse et de la Sauvegarde se sont mobilis\u00e9s chaque semaine pour assurer les permanences et accueillir le public&nbsp;: 661 adultes et 60 enfants ont pu ainsi visiter l\u2019\u00e9glise.<\/p>\n\n\n\n<p>P<strong>our les Journ\u00e9es du patrimoine 2025<\/strong> :<\/p>\n\n\n\n<p>la coll\u00e9giale a \u00e9t\u00e9 ouverte les deux jours (samedi et dimanche 20 et 21 septembre) gr\u00e2ce \u00e0 l\u2019engagement de nouveaux administrateurs.<\/p>\n\n\n\n<p><strong>L\u2019Assembl\u00e9e g\u00e9n\u00e9rale du 24 octobre 2025<\/strong> :<\/p>\n\n\n\n<p>Elle a permis de faire le bilan des actions entreprises et des initiatives prises depuis une ann\u00e9e, d\u2019\u00e9voquer les perspectives quant \u00e0 la derni\u00e8re tranche des travaux \u00e0 mener, mais aussi d\u2019\u00e9voquer l\u2019urgence \u00e0 apporter pour des travaux d\u2019entretien (\u00e9lectricit\u00e9 et fuites d\u2019eau).<\/p>\n\n\n\n<p>Suite au d\u00e9c\u00e8s de Philippe Bacqueville, un poste \u00e9tait \u00e0 pourvoir au Conseil d\u2019administration. Celui-ci est d\u00e9sormais au complet (15 membres \u00e9lus et 2 membres de droit)<\/p>\n\n\n\n<p><strong>La Commission \u00ab&nbsp;vitraux&nbsp;\u00bb<\/strong><\/p>\n\n\n\n<p>Nous indiquons, dans le chapitre \u00ab&nbsp;Patrimoine de la coll\u00e9giale&nbsp;\u00bb les initiatives prises en dans la perspective de la restauration des derniers vitraux (collat\u00e9ral droit et salle capitulaire)<\/p>\n\n\n\n<p><strong>Exposition en f\u00e9vrier 2026<\/strong><\/p>\n\n\n\n<p>La Soci\u00e9t\u00e9 Historique de Seclin, suite \u00e0 l\u2019arriv\u00e9e de nouveaux membres, a repris ses activit\u00e9s interrompues pendant plusieurs ann\u00e9es. Elle a r\u00e9alis\u00e9 une exposition les 7 et 8 f\u00e9vrier 2026 relative \u00e0 \u00ab&nbsp;l\u2019eau \u00e0 Seclin&nbsp;\u00bb. Dans ce cadre, la Sauvegarde a pris en charge le th\u00e8me du puits de la crypte de la coll\u00e9giale et de son \u00ab&nbsp;eau de saint Piat&nbsp;\u00bb. Ce travail a \u00e9t\u00e9 effectu\u00e9 par deux membres de la Sauvegarde et \u00e9galement des membres de la Soci\u00e9t\u00e9 Historique de Seclin. Le concours de Guillaume Lassauni\u00e8re, responsable du Centre arch\u00e9ologique de Seclin a \u00e9t\u00e9 essentiel pour obtenir une documentation sur les cours d\u2019eau qui ont exist\u00e9 \u00e0 Seclin et dont le parcours a \u00e9t\u00e9 d\u00e9cel\u00e9 au cours de fouilles.<\/p>\n\n\n\n<p>Parmi ceux-ci, les panneaux de la Sauvegarde ont mis en \u00e9vidence <em>le Poncheau<\/em> qui, venant des environs du fort de Seclin et arrivant probablement rue Guy Mocquet, a ensuite long\u00e9 la rue des Bourloires puis continu\u00e9 son parcours dans Seclin pour aller rejoindre <em>la Naviette<\/em> vers l\u2019ancien h\u00f4pital Notre-Dame.<\/p>\n\n\n\n<p>Une hypoth\u00e8se a \u00e9t\u00e9 \u00e9mise et expliqu\u00e9e sur les panneaux&nbsp;: l\u2019eau du Poncheau a peut-\u00eatre trouv\u00e9 un chemin vers la coll\u00e9giale et aliment\u00e9 ainsi l\u2019eau du puits\u2026<\/p>\n\n\n\n<p>&#8212;&#8212;&#8212;&#8212;&#8212;&#8212;&#8212;&#8212;&#8212;&#8212;&#8212;&#8212;&#8212;&#8212;&#8212;&#8212;&#8212;&#8212;&#8212;&#8212;&#8212;&#8212;&#8212;-<\/p>\n\n\n\n<p class=\"has-large-font-size\"><strong>22 novembre 2024 : <\/strong><br><strong>Assembl\u00e9e g\u00e9n\u00e9rale extraordinaire <\/strong><\/p>\n\n\n\n<p>Les adh\u00e9rents pr\u00e9sents ont approuv\u00e9 la modification de l&rsquo;article 9 de nos statuts :  le nombre d&rsquo;administrateurs \u00e9lus est port\u00e9 de 12 \u00e0 15.<\/p>\n\n\n\n<p><\/p>\n\n\n\n<p class=\"has-large-font-size\"><strong>Assembl\u00e9e G\u00e9n\u00e9rale du 24 novembre 2023<\/strong><\/p>\n\n\n\n<p>L&rsquo;Assembl\u00e9e G\u00e9n\u00e9rale a donn\u00e9 l&rsquo;occasion de faire le bilan de nos actions durant l&rsquo;ann\u00e9e \u00e9coul\u00e9e et d&rsquo;\u00e9changer avec M. Cadart, maire de Seclin, et le P\u00e8re Bruno Courtois, cur\u00e9 de la paroisse, tous deux membres de droit de notre Conseil d&rsquo;administration.<br>Y ont \u00e9t\u00e9 \u00e9voqu\u00e9s &#8211; notamment &#8211; les futures travaux et la restauration des six derniers vitraux. Le P\u00e8re Courtois a r\u00e9it\u00e9r\u00e9 sa suggestion d&rsquo;installer une sorte de gu\u00e9rite \u00e0 l&rsquo;int\u00e9rieur de la coll\u00e9giale avec un chauffage. Ainsi la coll\u00e9giale pourrait \u00eatre ouverte plus souvent et des personnes pourraient assurer l&rsquo;accueil des visiteurs dans des conditions normales de confort.<\/p>\n\n\n\n<p>Notre Assembl\u00e9e G\u00e9n\u00e9rale s\u2019est tenue<strong> le 18 novembre 2022<\/strong>. Il convient d\u2019en retenir le point essentiel des travaux n\u00e9cessaires \u00e0 effectuer dans la coll\u00e9giale et la recherche de leur financement (subventions, m\u00e9c\u00e9nat\u2026).<\/p>\n\n\n\n<p><strong>Le 21 octobre 2021<\/strong>, l\u2019Assembl\u00e9e G\u00e9n\u00e9rale s\u2019est tenue dans le respect des contraintes sanitaires rendues obligatoires par la pand\u00e9mie. Elle succ\u00e9dait \u00e0 celle de 2019, 2020 \u00e9tant une ann\u00e9e blanche en la mati\u00e8re. Toutefois, dans cet intervalle de temps, les membres de notre association ont \u00e9t\u00e9 tenus au courant de l\u2019actualit\u00e9 et des d\u00e9cisions prises gr\u00e2ce \u00e0 trois courriers qui leur ont \u00e9t\u00e9 adress\u00e9s.<\/p>\n\n\n\n<p><strong>Le 8 d\u00e9cembre 2019<\/strong>, pour marquer le 20<sup>\u00e8me<\/sup> anniversaire de la Sauvegarde de la Coll\u00e9giale, un concert a \u00e9t\u00e9 donn\u00e9 dans la coll\u00e9giale, par la chorale&nbsp;\u00ab&nbsp;C\u0153ur \u00e0 Ch\u0153ur&nbsp;\u00bb de Templemars, sur le th\u00e8me des couleurs. Il a \u00e9t\u00e9 tr\u00e8s appr\u00e9ci\u00e9 par l\u2019assistance.<\/p>\n\n\n\n<p><strong>Notre Assembl\u00e9e G\u00e9n\u00e9rale 2019 s\u2019est tenue le&nbsp;22 novembre<\/strong>. Elle a \u00e9t\u00e9 l\u2019occasion, par un long Rapport Moral lu par notre secr\u00e9taire, Janine B\u00e9ghin, de rappeler toutes les activit\u00e9s de l\u2019ann\u00e9e \u00e9coul\u00e9e. Nous ne revenons pas ici en d\u00e9tail sur celles-ci puisque, dans les pages de ce site, elles sont d\u00e9taill\u00e9es.<\/p>\n\n\n\n<p>Un appel important a \u00e9t\u00e9 lanc\u00e9 pour renforcer l\u2019association. En nombre d\u2019adh\u00e9rents, tout d\u2019abord, car une association a besoin de sang neuf, de se renouveler, d\u2019assurer la rel\u00e8ve pour les ann\u00e9es \u00e0 venir car si la Sauvegarde a 20 ans de plus, beaucoup de ses membres ont le m\u00eame parcours&nbsp;! Adh\u00e9rer, c\u2019est montrer concr\u00e8tement son int\u00e9r\u00eat pour la coll\u00e9giale&nbsp;! Et aussi pour renforcer le Conseil d\u2019Administration.<\/p>\n\n\n\n<p><strong>Le 10 mai 2019<\/strong>, une r\u00e9union de travail a eu lieu, dans la coll\u00e9giale, pour faire le point des vitraux restant \u00e0 restaurer, et notamment ceux du bas-c\u00f4t\u00e9 nord o\u00f9 se situent les vitraux de la Passion du Christ.<\/p>\n\n\n\n<p>Nous y avons accueilli M. Luc-Beno\u00eet Brouard, ma\u00eetre-verrier, ainsi que Mme Carole Lefebvre, directrice de cabinet de M. Bernard Debreu, maire de la ville de Seclin propri\u00e9taire de l\u2019\u00e9difice. Cette r\u00e9union de travail a permis de faire un bilan et, pour M. Brouard, de compl\u00e9ter les indications techniques dont il avait besoin pour \u00e9tablir un devis pour les futures restaurations.<\/p>\n\n\n\n<p><strong>Le dimanche 16 d\u00e9cembre 2018<\/strong> \u00e0 12 heures, inauguration de la coll\u00e9giale r\u00e9nov\u00e9e par un formidable chantier de restauration, lors de l\u2019inauguration du march\u00e9 de No\u00ebl de la Ville de Seclin. Les pierres de taille ont \u00e9t\u00e9 refaites sur les fa\u00e7ades Nord et Est, et dans le ch\u0153ur sur les piles. L\u2019ancien escalier m\u00e9di\u00e9val menant \u00e0 la crypte est d\u00e9sormais mis en valeur avec une plaque de verre et un \u00e9clairage adapt\u00e9.<\/p>\n\n\n\n<p><strong>Le 16 novembre 2018<\/strong>&nbsp;: Assembl\u00e9e g\u00e9n\u00e9rale 2018. Le travail de l\u2019ann\u00e9e 2018 a \u00e9t\u00e9 fructueux&nbsp;: cr\u00e9ation des panneaux d\u2019informations, 560 personnes ont visit\u00e9 la coll\u00e9giale lors de l\u2019op\u00e9ration \u00e9glise ouverte en juillet-ao\u00fbt, 80 visiteurs lors des journ\u00e9es du patrimoine le 16 septembre, le bulletin d\u2019information a \u00e9t\u00e9 distribu\u00e9 en novembre, des vid\u00e9os ont \u00e9t\u00e9 r\u00e9alis\u00e9es et peuvent \u00eatre regard\u00e9es sur la cha\u00eene You Tube de l\u2019Office de Tourisme\u2026<\/p>\n\n\n\n<p><strong>Le 14 f\u00e9vrier 2016<\/strong> \u00e0 16 heures, spectacle patoisant au profit de l\u2019association, \u00e0 la salle des f\u00eates de Seclin&nbsp;! La salle \u00e9tait bien pleine et le public a beaucoup appr\u00e9ci\u00e9 ce spectacle qui s\u2019est conclu par un pot de l\u2019amiti\u00e9 o\u00f9 chacun a pu partager ses impressions toutes fra\u00eeches\u2026<\/p>\n\n\n\n<p><strong>Ce 9 octobre 2015<\/strong>, conf\u00e9rence tr\u00e8s appr\u00e9ci\u00e9e du p\u00e8re Pierre-Louis Navez, chanoine de Tournai (Belgique), sur la tenture des saints Piat et Eleuth\u00e8re de la cath\u00e9drale de Tournai. Cette magnifique tapisserie de ch\u0153ur est expos\u00e9e au-dessus des stalles des chanoines de Tournai. Il s\u2019agit de la plus ancienne des tapisseries de ch\u0153ur connues en Europe, elle date de 1402. Elle raconte plusieurs \u00e9pisodes de la vie et de la pr\u00e9dication de saint Piat et de saint Eleuth\u00e8re, ainsi que la construction de la cath\u00e9drale Notre-Dame \u00e0 Tournai. L\u2019association envisage d\u2019aller la voir de plus pr\u00e8s au printemps 2016\u2026<\/p>\n\n\n\n<p><strong>Le 6 septembre 2014<\/strong>, spectacle patoisant \u00e0 la salle des f\u00eates&nbsp;: \u00ab&nbsp;L\u00e9on et G\u00e9rard, tout seuls \u00e0 2&nbsp;\u00bb, un moment de rire pour profiter des bons mots de notre r\u00e9gion\u2026<\/p>\n\n\n\n<p><strong>Le 26 avril 2014<\/strong>, th\u00e9 dansant \u00e0 la salle des f\u00eates de Seclin. Un bon moment de joie et de danse avec tous les amis de la coll\u00e9giale.<\/p>\n\n\n\n<p><strong>Le 5 octobre 2013 <\/strong>\u00e0 20 heures, concert d\u2019orgue et bombarde par Jean-Pierre Rolland \u00e0 l\u2019orgue et Jean-Michel Alhaits \u00e0 la bombarde.<\/p>\n\n\n\n<p><strong>Le 17 mars 2013<\/strong>, plus de 60 personnes ont particip\u00e9 toute la journ\u00e9e \u00e0 une marche sur le Chemin de Saint Piat, entre Tournai et Seclin, avec arr\u00eats pour des visites sur le chemin, \u00e0 Bouvines par exemple, et visite de la crypte de la coll\u00e9giale de Seclin, plus un temps de pri\u00e8re avec la paroisse.<\/p>\n\n\n\n<p><strong>Le 15 d\u00e9cembre 2012<\/strong>, nouveau concert \u00ab&nbsp;Sp\u00e9cial No\u00ebl&nbsp;\u00bb par le groupe \u00ab&nbsp;Si Tuenda Gospel&nbsp;\u00bb, au profit de la r\u00e9novation des vitraux (10 euros par personne). Au moins 250 personnes pr\u00e9sentes pour un concert tr\u00e8s anim\u00e9&nbsp;!<\/p>\n\n\n\n<p><strong>Le 16 mars 2012, <\/strong>le nouveau vitrail du transept sud de la coll\u00e9giale a \u00e9t\u00e9 inaugur\u00e9. Un concert de Gospel a c\u00e9l\u00e9br\u00e9 dignement cet \u00e9v\u00e9nement&nbsp;! 300 personnes se sont rassembl\u00e9es dans la coll\u00e9giale, ce soir-l\u00e0, pour profiter de l\u2019ambiance apr\u00e8s avoir \u00e9cout\u00e9 les discours d\u2019inauguration qui se sont bien compl\u00e9t\u00e9s.<\/p>\n\n\n\n<p><strong>Le 26 f\u00e9vrier 2012<\/strong>, a eu lieu \u00e0 la salle des f\u00eates de Seclin, un th\u00e9 dansant, qui a permis \u00e0 chacun dans une ambiance festive de mieux conna\u00eetre l\u2019association. Environ 150 personnes ont r\u00e9pondu \u00e0 l\u2019invitation&nbsp;; le groupe DLS animations a su faire participer l\u2019assembl\u00e9e, et les danseurs ont \u00e9t\u00e9 tr\u00e8s dynamiques\u2026 \u00c0 refaire&nbsp;?<\/p>\n\n\n\n<p><strong>Le 7 novembre 2010<\/strong> \u00e0 16 heures, \u00e0 la salle des f\u00eates, un spectacle patoisant a r\u00e9uni 200 personnes environ afin de r\u00e9colter des fonds pour l\u2019association. Le spectacle \u00e9tait propos\u00e9 par Charlemagne et Claude Chevalier. Ce spectacle s\u2019intitulait&nbsp;: <em>\u00ab&nbsp;Tout queinge, hein&nbsp;? Ouais, trop cool m\u00e9m\u00e8re&nbsp;!&nbsp;\u00bb<\/em>. Chacun a pass\u00e9 une apr\u00e8s-midi vraiment amusante, qui restera dans les m\u00e9moires&nbsp;!<\/p>\n\n\n\n<p><strong>Le 12 septembre 2010<\/strong>, d\u00e9part du Vice-Pr\u00e9sident, le P\u00e8re Jean-Luc Garin.<\/p>\n\n\n\n<p>\u00c0 l\u2019occasion du d\u00e9part de Seclin du cur\u00e9 de la paroisse, le P\u00e8re Jean-Luc Garin, membre de droit et vice-pr\u00e9sident de notre association, une amicale c\u00e9r\u00e9monie a eu lieu dans la salle des f\u00eates de la Ville.<\/p>\n\n\n\n<p>Colette Coignion, pr\u00e9sidente, a exprim\u00e9 sa vive gratitude pour l\u2019aide que celui-ci a apport\u00e9e \u00e0 notre association durant les 6 ann\u00e9es o\u00f9 il a \u00e9t\u00e9 \u00e0 Seclin. Son accueil chaleureux, ses encouragements, son soutien lorsque des difficult\u00e9s survenaient. Elle a rappel\u00e9 l\u2019installation de l\u2019orgue, \u00e0 son initiative, celles des 3 vitraux de la Passion et la pose d\u2019une plaque dans la coll\u00e9giale rappelant le cardinal Albert Decourtray.<\/p>\n\n\n\n<p>M. S\u00e9bastien Huyghe, d\u00e9put\u00e9, a dit sa joie d\u2019avoir pu rencontrer le P\u00e8re Garin au sein de l\u2019association, o\u00f9 il a pu appr\u00e9cier toute la part qu\u2019il a prise dans ses activit\u00e9s et pour son d\u00e9veloppement au service de cette belle coll\u00e9giale Saint-Piat.<\/p>\n\n\n\n<p>M. Bernard Debreu, maire, a rappel\u00e9 que les ann\u00e9es de collaboration entre la mairie et la paroisse lui ont permis d\u2019appr\u00e9cier le suppl\u00e9ment d\u2019\u00e2me qu\u2019il a insuffl\u00e9 \u00e0 la coll\u00e9giale. Si nous nous sommes si bien compl\u00e9t\u00e9s, a-t-il ajout\u00e9, c\u2019est que nous partageons les m\u00eames valeurs&nbsp;: le souci de la sauvegarde de notre patrimoine, le respect des femmes et des hommes et la volont\u00e9 d\u2019aider ceux qui en ont le plus besoin. En terminant, M. Debreu a remis au P\u00e8re Garin la m\u00e9daille de la Ville ainsi qu\u2019un tableau de Jean-Francis Mulier repr\u00e9sentant, bien s\u00fbr, la coll\u00e9giale.<\/p>\n\n\n\n<p>Le P\u00e8re Jean-Luc a adress\u00e9 ses remerciements aux 250 personnes pr\u00e9sentes et aux intervenants&nbsp;; il a \u00e9voqu\u00e9 la richesse de la vie associative \u00e0 Seclin, \u00e0 commencer bien s\u00fbr par la Sauvegarde de la coll\u00e9giale, o\u00f9 il a pu appr\u00e9cier le d\u00e9vouement permanent de ses membres.<\/p>\n\n\n\n<p>Le 15 novembre 2009 \u00e0 15 heures, \u00e0 la coll\u00e9giale, nous avons pu profiter d\u2019un merveilleux concert d\u2019orgue et trompette, organis\u00e9 pour l\u2019inauguration des vitraux r\u00e9nov\u00e9s, au nombre de trois actuellement. \u00c0 l\u2019orgue, M. Martin Bacot, et \u00e0 la trompette, M. Bernard Guedez. Musique et lumi\u00e8re m\u00eal\u00e9es ont r\u00e9joui nos c\u0153urs, la coll\u00e9giale \u00e9tait pleine&nbsp;! Ce concert f\u00eatait \u00e9galement les dix ans de l\u2019association, et il faisait honneur \u00e0 son pr\u00e9sident-fondateur aujourd\u2019hui d\u00e9c\u00e9d\u00e9, M. Jean-Marie Coignion.<\/p>\n\n\n\n<p>Le 19 septembre 2009 \u00e0 20 heures, \u00e0 la salle des f\u00eates de Seclin, soir\u00e9e th\u00e9\u00e2trale&nbsp;; au programme&nbsp;: \u00ab&nbsp;Joyeuses P\u00e2ques&nbsp;\u00bb. Environ 200 spectateurs ont appr\u00e9ci\u00e9 cette pi\u00e8ce de Jean Poiret, interpr\u00e9t\u00e9 par la \u00ab&nbsp;Misantroupe&nbsp;\u00bb, qui vient de Cambrai. L\u2019ambiance \u00e9tait chaleureuse, le public et les acteurs ont pass\u00e9 une excellente soir\u00e9e&nbsp;!<\/p>\n\n\n\n<p><\/p>\n\n\n\n<p class=\"has-large-font-size\"><strong>Le Chemin de Saint-Piat<\/strong><\/p>\n\n\n\n<p>Nous conservons ci-apr\u00e8s le texte qu\u2019avait r\u00e9dig\u00e9 notre secr\u00e9taire, Marie-Paule Dehaies, concernant les premi\u00e8res initiatives relatives au parcours \u00ab&nbsp;Europiat&nbsp;\u00bb devenu depuis \u00ab&nbsp;Le Chemin de Saint-Piat&nbsp;\u00bb&nbsp;:&nbsp;<\/p>\n\n\n\n<p><em><strong>Europiat en f\u00eate<\/strong><\/em><\/p>\n\n\n\n<p>Un grand \u00e9v\u00e9nement que celui qui s\u2019est pass\u00e9 le 17 mars&nbsp;: <em>Europiat<\/em>&nbsp;! Une voie historique\u2026 un patrimoine multis\u00e9culaire\u2026 une promenade transfrontali\u00e8re de Tournai \u00e0 Seclin&nbsp;! Un grand projet franco-belge mis en place depuis 2010 avec l\u2019Office de Tourisme de Seclin.<\/p>\n\n\n\n<p><em>Europiat<\/em> est un chemin transfrontalier qui va de Tournai \u00e0 Seclin en passant par Bouvines. Ce projet est ambitieux et notre association n\u2019a pas h\u00e9sit\u00e9 \u00e0 \u00eatre partie prenante. Comment r\u00e9sister \u00e0 parler et \u00e0 promouvoir une partie de la vie de notre martyr saint Piat qui a emprunt\u00e9 ce chemin au III<sup>e<\/sup>si\u00e8cle apr\u00e8s avoir \u00e9t\u00e9 martyris\u00e9 \u00e0 Tournai. En se reportant \u00e0 des textes fort anciens, on y lit qu\u2019apr\u00e8s avoir eu le cr\u00e2ne tranch\u00e9, il aurait rejoint Seclin, le cr\u00e2ne entre les mains, pour y \u00eatre enseveli. Bien s\u00fbr, il faut ici savoir faire la part des choses en tenant compte du contexte dans lequel tout cela a \u00e9t\u00e9 \u00e9crit ou racont\u00e9 dans la tradition orale.<\/p>\n\n\n\n<p>Sollicit\u00e9s par l\u2019Office du Tourisme, nous avons particip\u00e9 aux r\u00e9unions pour la mise en place du projet. C\u2019est ainsi qu\u2019avec les diff\u00e9rents partenaires (Office du Tourisme de Tournai, Soci\u00e9t\u00e9 Historique du Pays de P\u00e9v\u00e8le, Association Bouvines 2014, Ligne 4) est n\u00e9 <em>Europiat<\/em>.<\/p>\n\n\n\n<p>Le parcours complet de 32 kilom\u00e8tres a \u00e9t\u00e9 divis\u00e9 en 6 tron\u00e7ons&nbsp;: la boucle de Saint-Piat \u00e0 Tournai, de Tournai \u00e0 la fronti\u00e8re franco-belge, de la fronti\u00e8re \u00e0 Bouvines, de Bouvines \u00e0 Fretin, de Fretin \u00e0 Seclin, de l\u2019entr\u00e9e de la ville de Seclin \u00e0 la coll\u00e9giale Saint-Piat. Pour vous aider \u00e0 d\u00e9couvrir ce parcours, une plaquette a \u00e9t\u00e9 r\u00e9dig\u00e9e et est disponible \u00e0 l\u2019Office de Tourisme de Seclin&nbsp;; elle a \u00e9t\u00e9 pr\u00e9sent\u00e9e lors de la grande journ\u00e9e du 17 mars.<\/p>\n\n\n\n<p>Ce jour-l\u00e0, \u00e0 partir de 14 heures, nous avons accueilli avec l\u2019Office de Tourisme, diff\u00e9rents groupes de visiteurs. Alors que, d\u00e8s le matin, la journ\u00e9e a \u00e9t\u00e9 organis\u00e9e de cette fa\u00e7on&nbsp;: d\u00e9part en bus de Seclin vers Tournai, d\u00e9couverte du trajet, retour vers Seclin&nbsp;: le groupe de \u00ab&nbsp;p\u00e8lerins&nbsp;\u00bb a \u00e9t\u00e9 accueilli par notre association. La journ\u00e9e s\u2019est termin\u00e9e, pour celles et ceux qui le souhaitaient, par une c\u00e9l\u00e9bration et un \u00ab&nbsp;mini p\u00e8lerinage&nbsp;\u00bb \u00e0 la crypte, sur le tombeau de saint Piat. Ce sont plus de 150 personnes que notre association, avec l\u2019Office de Tourisme, a accueillies dans la coll\u00e9giale \u00e0 l\u2019occasion d\u2019<em>Europiat<\/em>.<\/p>\n\n\n\n<p>N\u2019h\u00e9sitez pas \u00e0 profiter lors des beaux jours et du temps des vacances, de partir \u00e0 la d\u00e9couverte de cette ancienne voie m\u00e9di\u00e9vale. Le site est parfaitement pr\u00e9serv\u00e9&nbsp;; les promeneurs qui empruntent le chemin d\u00e9couvrent le m\u00eame paysage que les combattants ont vu il y a 800 ans, en 1214\u2026<\/p>\n\n\n\n<p>La Secr\u00e9taire, Marie-Paule Dehaies<\/p>\n\n\n\n<p><em><strong>Le Chemin de Saint Piat<\/strong><\/em><\/p>\n\n\n\n<p>L\u2019Office de Tourisme de Seclin et environs a totalement remani\u00e9 et compl\u00e9t\u00e9 le parcours entre Seclin et Tournai. Il a \u00e9tabli une carte tr\u00e8s d\u00e9taill\u00e9e&nbsp;; des r\u00e9unions ont eu lieu pour r\u00e9aliser ce travail auquel notre association a pris part.<\/p>\n\n\n\n<p><\/p>\n\n\n\n<figure class=\"wp-block-image size-large is-resized is-style-twentytwentyone-border\"><img loading=\"lazy\" decoding=\"async\" width=\"720\" height=\"1024\" src=\"http:\/\/umkjlli.cluster030.hosting.ovh.net\/wp-content\/uploads\/2022\/10\/HAS18-720x1024.jpg\" alt=\"\" class=\"wp-image-93\" style=\"width:540px;height:768px\" srcset=\"http:\/\/collegiale-saint-piat-seclin.fr\/wp-content\/uploads\/2022\/10\/HAS18-720x1024.jpg 720w, http:\/\/collegiale-saint-piat-seclin.fr\/wp-content\/uploads\/2022\/10\/HAS18-211x300.jpg 211w, http:\/\/collegiale-saint-piat-seclin.fr\/wp-content\/uploads\/2022\/10\/HAS18-768x1092.jpg 768w, http:\/\/collegiale-saint-piat-seclin.fr\/wp-content\/uploads\/2022\/10\/HAS18-1080x1536.jpg 1080w, http:\/\/collegiale-saint-piat-seclin.fr\/wp-content\/uploads\/2022\/10\/HAS18-1440x2048.jpg 1440w, http:\/\/collegiale-saint-piat-seclin.fr\/wp-content\/uploads\/2022\/10\/HAS18-1568x2229.jpg 1568w, http:\/\/collegiale-saint-piat-seclin.fr\/wp-content\/uploads\/2022\/10\/HAS18.jpg 1712w\" sizes=\"auto, (max-width: 720px) 100vw, 720px\" \/><\/figure>\n\n\n\n<p><\/p>\n\n\n\n<p class=\"has-large-font-size\"><strong>In memoriam<\/strong><\/p>\n\n\n\n<p>Une association est une entit\u00e9 vivante. Chacune et chacun de ses membres prend sa part, selon ses comp\u00e9tences et le temps qu\u2019il lui est possible d\u2019y consacrer, pour le d\u00e9veloppement de ses activit\u00e9s.<\/p>\n\n\n\n<p>Mais nous gardons le souvenir de celles et ceux qui ont cr\u00e9\u00e9 et fait vivre l\u2019association, et sont d\u00e9c\u00e9d\u00e9s alors qu\u2019ils en \u00e9taient membres actifs ou honoraires. C\u2019est pourquoi nous tenons \u00e0 citer les membres du Conseil d\u2019administration d\u00e9c\u00e9d\u00e9s. Nous le faisons dans l\u2019ordre o\u00f9 ils sont disparus\u00a0:<br>&#8211; Gilbert Dion, tr\u00e9sorier<br>&#8211; Jean-Claude Sarazin<br>&#8211; Jean-Marie Coignion, pr\u00e9sident-fondateur<br>&#8211; S\u00e9verin Blanc<br>&#8211; Jeanne Maille<br>&#8211; Claude Sannier<br>&#8211; Abb\u00e9 Jean-Marie Soyez, membre de droit<br>&#8211; Alain Leclercq<br>&#8211; Simone Saint-Vrill<br>&#8211; Marie-Paule Dehaies, secr\u00e9taire<br>&#8211; Philippe Bacqueville, responsable du site internet<br>&#8211; Yolande Monfrance. Nous citons \u00e9galement Yolande Monfrance qui n\u2019\u00e9tait pas membre du Conseil d\u2019administration mais avait fait un don pour offrir le montant d\u2019un vitrail que l\u2019on peut voir lorsque l\u2019on entre dans la coll\u00e9giale par la petite porte \u00e0 l\u2019arri\u00e8re. Son nom et celui de son mari, Pierre, y figurent.<\/p>\n\n\n\n<p><\/p>\n\n\n\n<p><\/p>\n","protected":false},"excerpt":{"rendered":"<p>Mis \u00e0 jour le 11 avril 2026 En juillet et ao\u00fbt 2025 : la coll\u00e9giale a \u00e9t\u00e9 ouverte du lundi au vendredi. Il y a eu en plus 2 ouvertures exceptionnelles pour la F\u00eate des harengs et le passage du Tour de France. Plus de 10 b\u00e9n\u00e9voles de la paroisse et de la Sauvegarde se&hellip; <a class=\"more-link\" href=\"http:\/\/collegiale-saint-piat-seclin.fr\/?page_id=92\">Poursuivre la lecture <span class=\"screen-reader-text\">Les souvenirs de l&rsquo;association<\/span><\/a><\/p>\n","protected":false},"author":1,"featured_media":0,"parent":59,"menu_order":0,"comment_status":"closed","ping_status":"closed","template":"","meta":{"footnotes":""},"class_list":["post-92","page","type-page","status-publish","hentry","entry"],"_links":{"self":[{"href":"http:\/\/collegiale-saint-piat-seclin.fr\/index.php?rest_route=\/wp\/v2\/pages\/92","targetHints":{"allow":["GET"]}}],"collection":[{"href":"http:\/\/collegiale-saint-piat-seclin.fr\/index.php?rest_route=\/wp\/v2\/pages"}],"about":[{"href":"http:\/\/collegiale-saint-piat-seclin.fr\/index.php?rest_route=\/wp\/v2\/types\/page"}],"author":[{"embeddable":true,"href":"http:\/\/collegiale-saint-piat-seclin.fr\/index.php?rest_route=\/wp\/v2\/users\/1"}],"replies":[{"embeddable":true,"href":"http:\/\/collegiale-saint-piat-seclin.fr\/index.php?rest_route=%2Fwp%2Fv2%2Fcomments&post=92"}],"version-history":[{"count":14,"href":"http:\/\/collegiale-saint-piat-seclin.fr\/index.php?rest_route=\/wp\/v2\/pages\/92\/revisions"}],"predecessor-version":[{"id":1254,"href":"http:\/\/collegiale-saint-piat-seclin.fr\/index.php?rest_route=\/wp\/v2\/pages\/92\/revisions\/1254"}],"up":[{"embeddable":true,"href":"http:\/\/collegiale-saint-piat-seclin.fr\/index.php?rest_route=\/wp\/v2\/pages\/59"}],"wp:attachment":[{"href":"http:\/\/collegiale-saint-piat-seclin.fr\/index.php?rest_route=%2Fwp%2Fv2%2Fmedia&parent=92"}],"curies":[{"name":"wp","href":"https:\/\/api.w.org\/{rel}","templated":true}]}}