{"id":416,"date":"2022-11-07T14:28:38","date_gmt":"2022-11-07T13:28:38","guid":{"rendered":"http:\/\/collegiale-saint-piat-seclin.fr\/?page_id=416"},"modified":"2023-10-21T10:34:36","modified_gmt":"2023-10-21T08:34:36","slug":"mentions-legales-rgpd","status":"publish","type":"page","link":"http:\/\/collegiale-saint-piat-seclin.fr\/?page_id=416","title":{"rendered":"Mentions l\u00e9gales &#8211; RGPD"},"content":{"rendered":"\n<p class=\"has-extra-small-font-size\"><br>Mis \u00e0 jour le 6 janvier 2023<\/p>\n\n\n\n<p><strong>MENTIONS L\u00c9GALES<\/strong><\/p>\n\n\n\n<p>\u00c9dition&nbsp;: Association pour la sauvegarde, la r\u00e9habilitation et le rayonnement de la Coll\u00e9giale Saint-Piat de Seclin \u2013 association loi 1901 enregistr\u00e9e sous le n\u00b0 W595001550.<\/p>\n\n\n\n<p>Si\u00e8ge&nbsp;: H\u00f4tel de Ville de Seclin<\/p>\n\n\n\n<p>Courrier \u00e0 adresser&nbsp;: 2, rue Matisse 59113 SECLIN<\/p>\n\n\n\n<p>Responsable de publication&nbsp;: Colette Coignion<\/p>\n\n\n\n<p>R\u00e9alisation-conception&nbsp;: PJB 67, rue Marx Dormoy 59113 SECLIN<\/p>\n\n\n\n<p>H\u00e9bergement&nbsp;: OVH 2, rue Kellermann 59053 ROUBAIX<\/p>\n\n\n\n<p>Tous droits r\u00e9serv\u00e9s&nbsp;: sauf mention, Association pour la sauvegarde de la coll\u00e9giale Saint-Piat (textes, photographies, dessins et plans)<\/p>\n\n\n\n<hr class=\"wp-block-separator has-alpha-channel-opacity\"\/>\n\n\n\n<figure class=\"wp-block-image size-large\"><img loading=\"lazy\" decoding=\"async\" width=\"724\" height=\"1024\" src=\"http:\/\/collegiale-saint-piat-seclin.fr\/wp-content\/uploads\/2023\/01\/scan-CER-724x1024.jpg\" alt=\"\" class=\"wp-image-566\" srcset=\"http:\/\/collegiale-saint-piat-seclin.fr\/wp-content\/uploads\/2023\/01\/scan-CER-724x1024.jpg 724w, http:\/\/collegiale-saint-piat-seclin.fr\/wp-content\/uploads\/2023\/01\/scan-CER-212x300.jpg 212w, http:\/\/collegiale-saint-piat-seclin.fr\/wp-content\/uploads\/2023\/01\/scan-CER-768x1086.jpg 768w, http:\/\/collegiale-saint-piat-seclin.fr\/wp-content\/uploads\/2023\/01\/scan-CER-1087x1536.jpg 1087w, http:\/\/collegiale-saint-piat-seclin.fr\/wp-content\/uploads\/2023\/01\/scan-CER-1449x2048.jpg 1449w, http:\/\/collegiale-saint-piat-seclin.fr\/wp-content\/uploads\/2023\/01\/scan-CER-1568x2216.jpg 1568w, http:\/\/collegiale-saint-piat-seclin.fr\/wp-content\/uploads\/2023\/01\/scan-CER-scaled.jpg 1811w\" sizes=\"auto, (max-width: 724px) 100vw, 724px\" \/><\/figure>\n\n\n\n<hr class=\"wp-block-separator has-alpha-channel-opacity\"\/>\n\n\n\n<p class=\"has-normal-font-size\"><strong>POLITIQUE DE PROTECTION DES DONN<\/strong><strong>\u00c9<\/strong><strong>ES PERSONNELLES<\/strong><\/p>\n\n\n\n<p><strong>Textes l\u00e9gaux et r\u00e9glementaires&nbsp;:<\/strong><\/p>\n\n\n\n<p>&#8211; RGPD \u2013 R\u00e8glement G\u00e9n\u00e9ral sur la Protection des Donn\u00e9es \u2013 R\u00e8glement UE 2016\/679<\/p>\n\n\n\n<p>&#8211; Loi 2018-493 du 20 juin 2018 relative \u00e0 la protection des donn\u00e9es personnelles<\/p>\n\n\n\n<p>Le texte ci-apr\u00e8s a pour objet de pr\u00e9senter <strong>notre politique de protection des donn\u00e9es personnelles<\/strong>, leur mode de collecte et de traitement, ce qu\u2019il en est fait, leur protection.<\/p>\n\n\n\n<p><strong>Quelles donn\u00e9es collect\u00e9es&nbsp;?<\/strong><\/p>\n\n\n\n<p>La majorit\u00e9 des donn\u00e9es sont recueillies lors de l\u2019adh\u00e9sion&nbsp;: civilit\u00e9, nom, pr\u00e9nom, adresse postale, \u00e9ventuellement adresse courriel et t\u00e9l\u00e9phone.<\/p>\n\n\n\n<p>Les coordonn\u00e9es bancaires sont recueillies \u00e0 l\u2019occasion du paiement de la cotisation.<\/p>\n\n\n\n<p>Enfin, d\u2019autres donn\u00e9es proviennent des correspondances \u00e9chang\u00e9es (papier ou courriel).<\/p>\n\n\n\n<p><strong>Quel traitement pour les donn\u00e9es personnelles&nbsp;?<\/strong><\/p>\n\n\n\n<p>La notion de \u00ab&nbsp;traitement&nbsp;\u00bb couvre l\u2019ensemble des op\u00e9rations effectu\u00e9es sur ces donn\u00e9es&nbsp;: collecte, enregistrement, conservation, modification, communication par transmission. Elle d\u00e9signe aussi le moyen utilis\u00e9 pour les traiter&nbsp;: \u00e0 cette fin, l\u2019association utilise une base de donn\u00e9es informatique.<\/p>\n\n\n\n<p><strong>Qui peut traiter les donn\u00e9es personnelles&nbsp;?<\/strong><\/p>\n\n\n\n<p>Les donn\u00e9es recueillies ne sont utilis\u00e9es que pour la gestion de l\u2019association. Elles ne sont ni c\u00e9d\u00e9es ni communiqu\u00e9es \u00e0 l\u2019ext\u00e9rieur.<\/p>\n\n\n\n<p>Seuls y ont acc\u00e8s&nbsp;: la pr\u00e9sidente, le vice-pr\u00e9sident, la secr\u00e9taire et son adjointe, le tr\u00e9sorier et son adjointe.<\/p>\n\n\n\n<p>La base n\u2019est pas consultable de l\u2019ext\u00e9rieur.<\/p>\n\n\n\n<p><strong>Quelle dur\u00e9e de conservation des donn\u00e9es personnelles&nbsp;?<\/strong><\/p>\n\n\n\n<p>L\u2019adh\u00e9sion \u00e0 l\u2019association est r\u00e9put\u00e9e l\u2019\u00eatre pour une ann\u00e9e. La liste des adh\u00e9rents g\u00e9r\u00e9e par la base de donn\u00e9es est donc cens\u00e9e \u00eatre annuelle. Sa mise \u00e0 jour intervient au moins une fois par an, lors du renouvellement des cotisations. Des mises \u00e0 jour interm\u00e9diaires sont possibles pour tenir compte d\u2019\u00e9l\u00e9ments affectant les adh\u00e9rents, comme les demandes de rectification, les d\u00e9missions, les d\u00e9c\u00e8s\u2026<\/p>\n\n\n\n<p>En mati\u00e8re de banque, le d\u00e9lai de conservation des donn\u00e9es est de cinq ans.<\/p>\n\n\n\n<p>Les donn\u00e9es issues des correspondances \u00e9chang\u00e9es (papier ou courriel) ne sont gard\u00e9es que jusqu\u2019\u00e0 la r\u00e9ponse.<\/p>\n\n\n\n<p><a><\/a><strong>Quelle protection des donn\u00e9es personnelles&nbsp;?<\/strong><\/p>\n\n\n\n<p>Les donn\u00e9es ne sont pas conserv\u00e9es au-del\u00e0 de la dur\u00e9e utile.<\/p>\n\n\n\n<p>Par ailleurs, vous disposez d\u2019un droit de consultation, de rectification ou de suppression de vos donn\u00e9es personnelles.<\/p>\n\n\n\n<p><strong>Droit d\u2019acc\u00e8s et de communication des donn\u00e9es<\/strong><\/p>\n\n\n\n<p>Toute personne physique justifiant de son identit\u00e9 a le droit d\u2019interroger le responsable d\u2019un traitement de donn\u00e9es \u00e0 caract\u00e8re personnel, notamment pour&nbsp;:<\/p>\n\n\n\n<p>&#8211; savoir si les donn\u00e9es qui la concernent y figurent ou non&nbsp;;<\/p>\n\n\n\n<p>&#8211; obtenir la communication de ses donn\u00e9es ainsi que leur origine&nbsp;;<\/p>\n\n\n\n<p>&#8211; obtenir des informations sur la finalit\u00e9 du traitement, les donn\u00e9es collect\u00e9es et les destinataires.<\/p>\n\n\n\n<p><strong>Droit de rectification des donn\u00e9es<\/strong><\/p>\n\n\n\n<p>Toute personne physique justifiant de son identit\u00e9 peut demander de rectifier ou de mettre \u00e0 jour ses donn\u00e9es personnelles.<\/p>\n\n\n\n<p><strong>Droit d\u2019opposition<\/strong><\/p>\n\n\n\n<p>Toute personne peut s\u2019opposer, pour un motif l\u00e9gitime, \u00e0 ce que les donn\u00e9es la concernant soient trait\u00e9es, sauf si le traitement en question pr\u00e9sente un caract\u00e8re obligatoire.<\/p>\n\n\n\n<p><strong>Droit \u00e0 l\u2019effacement ou \u00ab&nbsp;droit \u00e0 l\u2019oubli&nbsp;\u00bb<\/strong><\/p>\n\n\n\n<p>Les personnes concern\u00e9es ont le droit d\u2019obtenir du responsable du traitement, dans les meilleurs d\u00e9lais, l\u2019effacement de leurs donn\u00e9es \u00e0 caract\u00e8re personnel.<\/p>\n\n\n\n<p><strong>D\u00e9lais de r\u00e9ponse<\/strong><\/p>\n\n\n\n<p>L\u2019association s\u2019engage \u00e0 traiter toute demande d\u2019acc\u00e8s, de rectification, de suppression ou d\u2019opposition dans les trente jours \u00e0 compter de la r\u00e9ception de cette demande. (cf. article 12.3 du RGPD)<\/p>\n\n\n\n<p>Pour savoir tout sur vos droits, vous pouvez acc\u00e9der aux informations mises \u00e0 disposition par la CNIL sur son site internet&nbsp;: <a href=\"http:\/\/www.cnil.fr\">www.cnil.fr<\/a><\/p>\n\n\n\n<p><strong>Exercice des droits<\/strong><\/p>\n\n\n\n<p>Par courrier, en justifiant de votre identit\u00e9, \u00e0&nbsp;:<\/p>\n\n\n\n<p>Mme Colette COIGNION<br>Sauvegarde de la coll\u00e9giale Saint-Piat<br>2 rue Henri Matisse<br>59113 SECLIN<\/p>\n\n\n\n<hr class=\"wp-block-separator has-alpha-channel-opacity\"\/>\n","protected":false},"excerpt":{"rendered":"<p>Mis \u00e0 jour le 6 janvier 2023 MENTIONS L\u00c9GALES \u00c9dition&nbsp;: Association pour la sauvegarde, la r\u00e9habilitation et le rayonnement de la Coll\u00e9giale Saint-Piat de Seclin \u2013 association loi 1901 enregistr\u00e9e sous le n\u00b0 W595001550. Si\u00e8ge&nbsp;: H\u00f4tel de Ville de Seclin Courrier \u00e0 adresser&nbsp;: 2, rue Matisse 59113 SECLIN Responsable de publication&nbsp;: Colette Coignion R\u00e9alisation-conception&nbsp;: PJB&hellip; <a class=\"more-link\" href=\"http:\/\/collegiale-saint-piat-seclin.fr\/?page_id=416\">Poursuivre la lecture <span class=\"screen-reader-text\">Mentions l\u00e9gales &#8211; RGPD<\/span><\/a><\/p>\n","protected":false},"author":1,"featured_media":0,"parent":2,"menu_order":0,"comment_status":"closed","ping_status":"closed","template":"","meta":{"footnotes":""},"class_list":["post-416","page","type-page","status-publish","hentry","entry"],"_links":{"self":[{"href":"http:\/\/collegiale-saint-piat-seclin.fr\/index.php?rest_route=\/wp\/v2\/pages\/416","targetHints":{"allow":["GET"]}}],"collection":[{"href":"http:\/\/collegiale-saint-piat-seclin.fr\/index.php?rest_route=\/wp\/v2\/pages"}],"about":[{"href":"http:\/\/collegiale-saint-piat-seclin.fr\/index.php?rest_route=\/wp\/v2\/types\/page"}],"author":[{"embeddable":true,"href":"http:\/\/collegiale-saint-piat-seclin.fr\/index.php?rest_route=\/wp\/v2\/users\/1"}],"replies":[{"embeddable":true,"href":"http:\/\/collegiale-saint-piat-seclin.fr\/index.php?rest_route=%2Fwp%2Fv2%2Fcomments&post=416"}],"version-history":[{"count":10,"href":"http:\/\/collegiale-saint-piat-seclin.fr\/index.php?rest_route=\/wp\/v2\/pages\/416\/revisions"}],"predecessor-version":[{"id":806,"href":"http:\/\/collegiale-saint-piat-seclin.fr\/index.php?rest_route=\/wp\/v2\/pages\/416\/revisions\/806"}],"up":[{"embeddable":true,"href":"http:\/\/collegiale-saint-piat-seclin.fr\/index.php?rest_route=\/wp\/v2\/pages\/2"}],"wp:attachment":[{"href":"http:\/\/collegiale-saint-piat-seclin.fr\/index.php?rest_route=%2Fwp%2Fv2%2Fmedia&parent=416"}],"curies":[{"name":"wp","href":"https:\/\/api.w.org\/{rel}","templated":true}]}}