{"id":199,"date":"2022-10-24T14:55:23","date_gmt":"2022-10-24T12:55:23","guid":{"rendered":"http:\/\/umkjlli.cluster030.hosting.ovh.net\/?page_id=199"},"modified":"2023-10-21T10:47:33","modified_gmt":"2023-10-21T08:47:33","slug":"la-croix-de-malte","status":"publish","type":"page","link":"http:\/\/collegiale-saint-piat-seclin.fr\/?page_id=199","title":{"rendered":"La Croix de Malte"},"content":{"rendered":"\n<p class=\"has-extra-small-font-size\"><br>Mis \u00e0 jour le 12 janvier 2023<\/p>\n\n\n<div class=\"wp-block-image is-style-twentytwentyone-border\">\n<figure class=\"alignleft size-full\"><img loading=\"lazy\" decoding=\"async\" width=\"218\" height=\"302\" src=\"http:\/\/umkjlli.cluster030.hosting.ovh.net\/wp-content\/uploads\/2022\/10\/PCO83.jpeg\" alt=\"\" class=\"wp-image-156\" srcset=\"http:\/\/collegiale-saint-piat-seclin.fr\/wp-content\/uploads\/2022\/10\/PCO83.jpeg 218w, http:\/\/collegiale-saint-piat-seclin.fr\/wp-content\/uploads\/2022\/10\/PCO83-217x300.jpeg 217w\" sizes=\"auto, (max-width: 218px) 100vw, 218px\" \/><\/figure>\n<\/div>\n\n\n<p>Dans le dallage du vaste ch\u0153ur de la coll\u00e9giale figure une magnifique Croix de Malte, remise au jour en f\u00e9vrier 2000 par des membres de l\u2019association car elle avait \u00e9t\u00e9 recouverte, pendant des ann\u00e9es, par un plancher. Le dallage est constitu\u00e9 de carreaux, pos\u00e9s en alternance de couleur blanche et de couleur noire. La grande croix centrale de l\u2019Ordre de Malte est en marbre blanc au sein d\u2019un carr\u00e9 de dalles noires de 2,70 m\u00e8tres de c\u00f4t\u00e9. \u00c0 l\u2019int\u00e9rieur de celui-ci, aux angles, il y a une demi-dalle en marbre blanc, qui met en relief la croix.<\/p>\n\n\n\n<p class=\"has-extra-small-font-size\">La photographie du ch\u0153ur ci-dessus provient du livre du chanoine Ernest Lotth\u00e9 : <em>Les \u00e9glises de la Flandre fran\u00e7aise &#8211; Tome II &#8211; Territoire de l&rsquo;ancienne ch\u00e2tellenie de Lille<\/em>, SILIC, Lille, 1942.<\/p>\n\n\n<div class=\"wp-block-image is-style-twentytwentyone-border\">\n<figure class=\"alignleft size-medium\"><img loading=\"lazy\" decoding=\"async\" width=\"300\" height=\"225\" src=\"http:\/\/umkjlli.cluster030.hosting.ovh.net\/wp-content\/uploads\/2022\/10\/PCO18-300x225.jpg\" alt=\"\" class=\"wp-image-157\" srcset=\"http:\/\/collegiale-saint-piat-seclin.fr\/wp-content\/uploads\/2022\/10\/PCO18-300x225.jpg 300w, http:\/\/collegiale-saint-piat-seclin.fr\/wp-content\/uploads\/2022\/10\/PCO18-1024x768.jpg 1024w, http:\/\/collegiale-saint-piat-seclin.fr\/wp-content\/uploads\/2022\/10\/PCO18-768x576.jpg 768w, http:\/\/collegiale-saint-piat-seclin.fr\/wp-content\/uploads\/2022\/10\/PCO18-1536x1152.jpg 1536w, http:\/\/collegiale-saint-piat-seclin.fr\/wp-content\/uploads\/2022\/10\/PCO18-1568x1176.jpg 1568w, http:\/\/collegiale-saint-piat-seclin.fr\/wp-content\/uploads\/2022\/10\/PCO18.jpg 2048w\" sizes=\"auto, (max-width: 300px) 100vw, 300px\" \/><\/figure>\n<\/div>\n\n\n<p>Conforme \u00e0 la croix de Malte officielle, elle repr\u00e9sente la croix de J\u00e9sus-Christ en m\u00eame temps que les quatre vertus cardinales&nbsp;: justice, prudence, temp\u00e9rance et force. Le blanc est le symbole de la puret\u00e9. <br>Les huit pointes correspondent aux huit b\u00e9atitudes enseign\u00e9es par le Christ lors du <em>Sermon sur la montagne<\/em>&nbsp;(Saint Mathieu, chapitre 5, verset 3 et suivants).<\/p>\n\n\n\n<p>Curieusement, le chanoine Leuridan n\u2019a pas fait mention de cette croix dans son ouvrage sur l\u2019histoire de la coll\u00e9giale Saint-Piat de Seclin parue en 1929 et, \u00e0 notre connaissance, il n\u2019existe pas d\u2019historique sur celle-l\u00e0. Nous avons donc effectu\u00e9 des recherches dans beaucoup de directions, y compris aupr\u00e8s de l\u2019Ordre de Malte, mais elles ne nous ont pas permis d\u2019aboutir \u00e0 une conclusion&nbsp;; ainsi, \u00e0 ce jour, il est mat\u00e9riellement impossible de savoir pourquoi une telle croix aussi imposante se trouve dans le ch\u0153ur de la coll\u00e9giale.<\/p>\n\n\n\n<p>Nous pouvons tout au plus \u00e9mettre une hypoth\u00e8se sur son origine, \u00e9tant bien conscients qu\u2019au hasard de recherches, quelqu\u2019un, un jour, trouvera peut-\u00eatre une autre solution bas\u00e9e sur des documents fiables.<\/p>\n\n\n\n<p>Seclin, au XVII\u00e8me si\u00e8cle, d\u00e9pendait d\u2019un seigneur engagiste, le comte d\u2019Avelin. Qu\u2019en \u00e9tait-il d\u2019un <em>seigneur engagiste<\/em>&nbsp;? Les rois d\u2019Espagne, dont d\u00e9pendait alors la Flandre et qui avaient besoin de beaucoup d\u2019argent notamment pour faire la guerre, avaient \u00ab&nbsp;vendu&nbsp;\u00bb \u00e0 des nobles, des villes dans lesquelles ils se trouvaient alors nantis de pouvoirs que les textes officiels d\u00e9finissaient ainsi&nbsp;: <br>\u00ab toute la ville,&nbsp;terre et seigneurie, arrentements et revenus de Seclin, avec tous les droits, hauteurs, pr\u00e9\u00e9minences et appendances, avec toute justice, haute, moyenne et basse, seules r\u00e9serv\u00e9es la souverainet\u00e9 et toutes r\u00e9gales&nbsp;\u00bb. \u00c0 tout moment, le roi pouvait r\u00e9cup\u00e9rer la ville ainsi \u00ab&nbsp;engag\u00e9e&nbsp;\u00bb en remboursant au seigneur concern\u00e9 la somme qu\u2019il avait vers\u00e9e ant\u00e9rieurement. Lorsque Louis XIV devint ma\u00eetre de la Flandre, il maintint ce syst\u00e8me.<\/p>\n\n\n\n<p>Le seigneur engagiste n\u2019avait aucun pouvoir sur le coll\u00e8ge des chanoines, donc sur la coll\u00e9giale. Par contre, au sein de celle-ci, la chapelle qui se trouve dans le transept gauche (donc, \u00e0 l\u2019oppos\u00e9 de l\u2019autel de saint Piat) appartenait \u00e0 la paroisse, laquelle \u00e9tait ind\u00e9pendante du coll\u00e8ge des chanoines. Et l\u00e0, le comte d\u2019Avelin pouvait avoir son mot \u00e0 dire.<\/p>\n\n\n\n<p>C\u2019est ici que nous \u00e9mettons une hypoth\u00e8se&nbsp;: dans la famille du comte, il y eut&nbsp;9 chevaliers de l\u2019Ordre de Malte. Le comte \u00e9tait sans doute, comme partout en pareil cas, un m\u00e9c\u00e8ne pour la coll\u00e9giale. Est-il t\u00e9m\u00e9raire de sugg\u00e9rer qu\u2019il ait voulu, par cette croix dans le dallage du ch\u0153ur, laisser comme une signature, ou un signal, en rapport avec ses bienfaits&nbsp;?<\/p>\n\n\n\n<p class=\"has-text-align-right\">G\u00e9rard Hugot<\/p>\n\n\n\n<p class=\"has-extra-small-font-size\"><\/p>\n\n\n\n<hr class=\"wp-block-separator has-alpha-channel-opacity\"\/>\n\n\n\n<p><\/p>\n","protected":false},"excerpt":{"rendered":"<p>Mis \u00e0 jour le 12 janvier 2023 Dans le dallage du vaste ch\u0153ur de la coll\u00e9giale figure une magnifique Croix de Malte, remise au jour en f\u00e9vrier 2000 par des membres de l\u2019association car elle avait \u00e9t\u00e9 recouverte, pendant des ann\u00e9es, par un plancher. Le dallage est constitu\u00e9 de carreaux, pos\u00e9s en alternance de couleur&hellip; <a class=\"more-link\" href=\"http:\/\/collegiale-saint-piat-seclin.fr\/?page_id=199\">Poursuivre la lecture <span class=\"screen-reader-text\">La Croix de Malte<\/span><\/a><\/p>\n","protected":false},"author":1,"featured_media":0,"parent":0,"menu_order":0,"comment_status":"closed","ping_status":"closed","template":"","meta":{"footnotes":""},"class_list":["post-199","page","type-page","status-publish","hentry","entry"],"_links":{"self":[{"href":"http:\/\/collegiale-saint-piat-seclin.fr\/index.php?rest_route=\/wp\/v2\/pages\/199","targetHints":{"allow":["GET"]}}],"collection":[{"href":"http:\/\/collegiale-saint-piat-seclin.fr\/index.php?rest_route=\/wp\/v2\/pages"}],"about":[{"href":"http:\/\/collegiale-saint-piat-seclin.fr\/index.php?rest_route=\/wp\/v2\/types\/page"}],"author":[{"embeddable":true,"href":"http:\/\/collegiale-saint-piat-seclin.fr\/index.php?rest_route=\/wp\/v2\/users\/1"}],"replies":[{"embeddable":true,"href":"http:\/\/collegiale-saint-piat-seclin.fr\/index.php?rest_route=%2Fwp%2Fv2%2Fcomments&post=199"}],"version-history":[{"count":10,"href":"http:\/\/collegiale-saint-piat-seclin.fr\/index.php?rest_route=\/wp\/v2\/pages\/199\/revisions"}],"predecessor-version":[{"id":819,"href":"http:\/\/collegiale-saint-piat-seclin.fr\/index.php?rest_route=\/wp\/v2\/pages\/199\/revisions\/819"}],"wp:attachment":[{"href":"http:\/\/collegiale-saint-piat-seclin.fr\/index.php?rest_route=%2Fwp%2Fv2%2Fmedia&parent=199"}],"curies":[{"name":"wp","href":"https:\/\/api.w.org\/{rel}","templated":true}]}}