{"id":196,"date":"2022-10-24T14:54:22","date_gmt":"2022-10-24T12:54:22","guid":{"rendered":"http:\/\/umkjlli.cluster030.hosting.ovh.net\/?page_id=196"},"modified":"2023-10-21T10:46:06","modified_gmt":"2023-10-21T08:46:06","slug":"lorgue","status":"publish","type":"page","link":"http:\/\/collegiale-saint-piat-seclin.fr\/?page_id=196","title":{"rendered":"L&rsquo;orgue"},"content":{"rendered":"\n<p class=\"has-extra-small-font-size\"><br>Mis \u00e0 jour le 12 janvier 2023<\/p>\n\n\n\n<p class=\"has-normal-font-size\">Vendredi 2 juin 2006, un nouvel orgue est install\u00e9 dans la coll\u00e9giale. En cet apr\u00e8s-midi, au cours d\u2019une c\u00e9r\u00e9monie, il est b\u00e9ni par Mgr G\u00e9rard DEFOIS, archev\u00eaque-\u00e9v\u00eaque de Lille. Il est ensuite inaugur\u00e9 par Madame Sophie-V\u00e9ronique CAUCHEFER-CHOPLIN, concertiste internationale, titulaire des grandes orgues Cavaill\u00e9-Coll de l\u2019\u00e9glise Saint-Sulpice \u00e0 Paris. L\u2019assistance garde le souvenir de ce r\u00e9cital grandiose et merveilleux, qui a combl\u00e9 de bonheur les amateurs de musique d\u2019orgue depuis si longtemps pein\u00e9s et frustr\u00e9s de l\u2019absence d\u2019un tel instrument dans la coll\u00e9giale.<\/p>\n\n\n\n<p>L\u2019orgue qui le pr\u00e9c\u00e8de est celui d\u00e9truit en 1917. Mais l\u2019existence d\u2019autres plus anciens est attest\u00e9e dans les archives. Les comptes de l\u2019ob\u00e9diencerie de la coll\u00e9giale gardent la trace des paiements effectu\u00e9s au titre des r\u00e9parations et de l\u2019entretien ou de la r\u00e9tribution des musiciens. Le plus loin dans le temps o\u00f9 l\u2019on puisse remonter nous conduit au tout d\u00e9but du XV<sup>\u00e8me<\/sup> si\u00e8cle.<\/p>\n\n\n\n<p>Ainsi, pour l\u2019exercice 1401-1402, Pierre MAUROIT est pay\u00e9 26 sous pour des travaux de ma\u00e7onnerie sur le <em>mur o\u00f9 les orghes sieent<\/em>. (Archives D\u00e9partementales du Nord &#8211; ADN 17 G 244)<\/p>\n\n\n\n<p>En 1413-1414, JACQUEMART, de Hulluch, per\u00e7oit 4 sous pour des travaux de ferronnerie sur les soufflets de l\u2019orgue. La m\u00eame ann\u00e9e, MARTIN, d\u2019Allennes, re\u00e7oit 6 livres parisis pour avoir <em>juer as orghes<\/em>. (m\u00eames r\u00e9f\u00e9rences)<\/p>\n\n\n\n<p>L\u2019ann\u00e9e suivante, le m\u00eame MARTIN est indemnis\u00e9 de 6 sous pour \u00eatre all\u00e9 \u00e0 <em>Laventies pour trouver un maistre \u00e0 refaire les orghes.<\/em> (m\u00eames r\u00e9f\u00e9rences)<\/p>\n\n\n\n<p>\u00c0 la fin du XVI<sup>\u00e8me<\/sup> si\u00e8cle, 1597-1598, les chanoines de Saint-Piat chargent Jean MOREL <em>d\u2019acheter de nouvelles orgues<\/em>. (ADN 17 G 263)<\/p>\n\n\n\n<p>L\u2019existence d\u2019un instrument est confirm\u00e9e au XVII\u00e8me<sup> <\/sup>si\u00e8cle&nbsp;: <em>Par son testament, dat\u00e9 du 20 d\u00e9cembre 1679, Jean YSERBY, pr\u00eatre, originaire de Seclin et l\u2019un des grands vicaires de la cath\u00e9drale de Tournai, l\u00e9guait \u00e0 la coll\u00e9giale une somme de 60 florins pour r\u00e9parer les orgues<\/em>. (Chanoine Th. Leuridan, in <em>Histoire de Seclin<\/em>, tome I, Descl\u00e9e De Brouwer et Cie, Lille, 1929, page 377)<\/p>\n\n\n\n<p>En 1731, une somme \u00e9gale est allou\u00e9e au sieur MULI\u00c9, organiste, en vue de nouveaux travaux&nbsp;: <em>MM. du Chapitre, sur la repr\u00e9sentation de M<\/em><sup><em>e<\/em><\/sup><em> MULI\u00c9, organiste, ont r\u00e9solu de faire raccommoder les orgues et de lui donner cinquante florins, et s\u2019il ne veut point raccommoder \u00e0 moins, on lui donnera soixante florins<\/em>. (Registre et actes capitulaires de la coll\u00e9giale Saint-Piat de Seclin &#8211; ADN 17 G 65) \u00c0 cette \u00e9poque, l\u2019orgue est probablement install\u00e9 dans un jub\u00e9 qui s\u00e9pare le ch\u0153ur de la nef.<\/p>\n\n\n\n<p>En 1739, l\u2019orgue quitte le ch\u0153ur et gagne la nef&nbsp;: on le transporte au-dessus du grand portail dans une tribune construite \u00e0 cet effet. Moyennant la somme de 50 florins de Flandre, Jean-Fran\u00e7ois FREMAT, facteur d\u2019orgue \u00e0 Douai, est charg\u00e9 de ce transfert et de s\u2019assurer que l\u2019instrument soit complet et en bon \u00e9tat de marche. (Convention du 14 avril 1739, Tabellion Lille 2 E 3 7074) <em>Mais d\u00e9j\u00e0 alors<\/em>, <em>l\u2019instrument laissait beaucoup \u00e0 d\u00e9sirer<\/em>. (Chanoine Th. LEURIDAN, ouvrage cit\u00e9) Aussi les chanoines, soucieux de leur r\u00e9putation d\u2019entretenir <em>une assez jolie musique <\/em>(Jacques THIROUX, in <em>Histoire de Lille et de sa ch\u00e2tellenie<\/em>, Pr\u00e9vost, 1730, page 279), d\u00e9cident de le remplacer.<\/p>\n\n\n\n<p>Le 16 f\u00e9vrier 1750, le chapitre charge les chanoines Pierre-Fran\u00e7ois CHATILLON et Henry-Joseph MULLIER de contracter avec les facteurs d\u2019orgue Jean-Baptiste FREMAT et Philippe-Joseph CARLIER de Lille, d\u2019une part, et avec Pierre DELERUE, ma\u00eetre menuisier \u00e0 Seclin, d\u2019autre part. Les deux conventions sont sign\u00e9es le 7 mars 1750 chez M<sup>e<\/sup> Pierre-Charles-Robert HEROGUER, notaire royal \u00e0 Seclin. Les facteurs d\u2019orgue recevront 2&nbsp;600 florins de Flandre en deux paiements&nbsp;: 1&nbsp;000 florins le jour o\u00f9 le positif sera achev\u00e9, le reste \u00e0 la fin des travaux. Pierre DELERUE touchera 700 florins en une fois apr\u00e8s r\u00e9alisation du buffet&nbsp;: boiseries et sculptures, de bois de Hollande. (ADN Tabellion Lille 2 E 3 7085)<\/p>\n\n\n\n<p>Selon le chanoine Th. LEURIDAN, une inscription, inspir\u00e9e des paroles en latin du Psaume 150, plac\u00e9e au bas de la tribune attestait que l\u2019orgue avait \u00e9t\u00e9 achev\u00e9 deux ans plus tard&nbsp;: <em>Laudate Dominum in chordis et organo \u2013 1752<\/em>. Ce qui peut se traduire&nbsp;: Louez le Seigneur avec les cordes et avec l\u2019orgue.<\/p>\n\n\n\n<p>La p\u00e9riode r\u00e9volutionnaire \u00e9pargne l\u2019instrument de 1752 au motif qu\u2019il sert aux f\u00eates publiques nationales et d\u00e9cadaires. La loi du 2 niv\u00f4se an 5 (22 d\u00e9cembre 1796) donne aux directoires ex\u00e9cutifs le droit de disposer de tout mobilier national inutile au service public, et d\u2019en faire la vente. N\u00e9anmoins, peuvent \u00eatre conserv\u00e9s <em>les orgues qui par leur travail et leur perfection m\u00e9ritaient<\/em> de l\u2019\u00eatre. Par ailleurs, une d\u00e9cision du minist\u00e8re des Finances du 28 pluvi\u00f4se an 7 (16 f\u00e9vrier 1799) pr\u00e9voit que les orgues peuvent servir aux c\u00e9l\u00e9brations d\u00e9cadaires. L\u2019administration du d\u00e9partement du Nord, par une circulaire du 3 germinal an 7 (23 mars 1799), entreprend de recenser les orgues existants. Le 27 flor\u00e9al an 7 (16 mai 1799), la Municipalit\u00e9 de Seclin r\u00e9pond&nbsp;qu\u2019<em>il n\u2019existe dans notre arrondissement qu\u2019un jeu d\u2019orgue, qui se trouve plac\u00e9 au temple d\u00e9cadaire de Seclin, chef-lieu de canton, et qui est encore assez passable&nbsp;; son seul usage est destin\u00e9 aux f\u00eates publiques nationales et d\u00e9cadaires.<\/em> L\u2019orgue \u00e9chappe ainsi \u00e0 la destruction, mais il n\u2019est pas entretenu.<\/p>\n\n\n\n<p>En 1810, le 28 octobre, les fabriciens de la paroisse Saint-Piat passent une convention avec le facteur d\u2019orgue lillois Louis-Joseph LEVASSEUR&nbsp;; pour la somme de 360 francs, ce dernier <em>se chargera de raccommoder la soufflerie, nettoyer, raccommoder et faire parler tous les tuyaux, remplacer ceux qui manquent, redresser ceux de la montre qui sont bossu\u00e9s, de faire une tirasse pour une p\u00e9dale de 12 touches, de remettre, en un mot, les orgues dans un \u00e9tat qu\u2019elles ne laissent rien \u00e0 d\u00e9sirer. <\/em>(Registre aux d\u00e9lib\u00e9rations de MM. les fabriciens de l\u2019\u00e9glise curiale de Seclin)<\/p>\n\n\n\n<p>\u00c0 cette occasion, un nouvel organiste, dont les obligations sont clairement d\u00e9finies, est nomm\u00e9. Il s\u2019agit de Pierre-Augustin-Joseph SAILLY. Ce Seclinois est un ancien chapelain de Saint-Piat, qui a quitt\u00e9 la vie sacerdotale \u00e0 la R\u00e9volution. Il est le fils de Jacques-Joseph-Boniface SAILLY, lequel a assist\u00e9 Pierre DELERUE dans la r\u00e9alisation du buffet de l\u2019orgue en 1750. Le nouvel organiste touche 150 francs par an, payables par trimestre \u00e0 compter du 1<sup>er<\/sup> janvier 1811, \u00e0 charge pour lui de se conformer au r\u00e8glement \u00e9dict\u00e9, et de payer son souffleur. (Registre aux d\u00e9lib\u00e9rations de MM. les fabriciens de l\u2019\u00e9glise curiale de Seclin)<\/p>\n\n\n\n<p>Au d\u00e9c\u00e8s de Pierre-Augustin-Joseph SAILLY en 1829, le poste d\u2019organiste \u00e9choit au Seclinois Charles-Augustin-Joseph OLIVIER, professeur de musique.<\/p>\n\n\n\n<p>De 1833 \u00e0 1835, l\u2019orgue se tait \u00e0 la suite des travaux ex\u00e9cut\u00e9s sans pr\u00e9cautions sur le plafond de l\u2019\u00e9glise, lesquels pr\u00e9cipitent des d\u00e9bris et des ordures dans tous les tuyaux et jusque dans la soufflerie. Pour la somme de 625 francs, le facteur d\u2019orgue de Douai, Fran\u00e7ois-Joseph CARLIER, r\u00e9alise les travaux qu\u2019il a d\u00e9crits dans son devis du 15 d\u00e9cembre 1833. La liste qu\u2019il \u00e9tablit, d\u00e9crit le tr\u00e8s mauvais \u00e9tat de l\u2019orgue&nbsp;:<\/p>\n\n\n\n<p><em>Cet orgue a besoin d\u2019\u00eatre d\u00e9mont\u00e9 enti\u00e8rement pour parvenir facilement aux r\u00e9parations n\u00e9cessaires et pour \u00eatre nettoy\u00e9.<br>Tous les tuyaux de tous les jeux seront d\u00e9plac\u00e9s pour \u00eatre nettoy\u00e9s, r\u00e9par\u00e9s et r\u00e9embouch\u00e9s.<br>Toute la partie m\u00e9canique enti\u00e8rement a besoin des m\u00eames op\u00e9rations.<br>La soufflerie sera visit\u00e9e soigneusement et toutes les pertes de vent seront bien \u00e9tanch\u00e9es.<br>Les jeux de Trompette, Clairon, Cromorne et Voix Humaine seront r\u00e9anch\u00e9s \u00e0 cause de la mauvaise disposition qu\u2019ont leurs languettes. Plusieurs tuyaux manquent et plusieurs sont sans anches ni languettes. Ces tuyaux seront refournis ainsi que tout ce qui peut manquer ailleurs.<br>Les tuyaux de fa\u00e7ade seront aussi nettoy\u00e9s et leur poli, rendu autant que le permettra leur anciennet\u00e9.<br>Le clavier de p\u00e9dale a \u00e9t\u00e9 tr\u00e8s mal fait et tr\u00e8s mal dispos\u00e9 de sorte qu\u2019il n\u2019a jamais bien march\u00e9 et qu\u2019il va d\u2019autant plus mal qu\u2019il est us\u00e9. Il en serait refourni un autre neuf ainsi que toute sa partie m\u00e9canique.<br>Apr\u00e8s toutes ces op\u00e9rations, les tuyaux seront replac\u00e9s chantant chacun dans le caract\u00e8re d\u2019harmonie qui lui est propre, et l\u2019orgue sera accord\u00e9 parfaitement.<\/em> (ADN O 559 56)<\/p>\n\n\n\n<p><br>Quittance est d\u00e9livr\u00e9e \u00e0 Fran\u00e7ois-Joseph CARLIER \u00e0 l\u2019issue des travaux, le 30 juillet 1835. (ADN O 559 56)<\/p>\n\n\n\n<p>En 1844, le facteur douaisien revient \u00e0 la coll\u00e9giale o\u00f9 il rem\u00e9die \u00e0 l\u2019\u00e9tat d\u00e9plorable du soufflet.<\/p>\n\n\n\n<p>En 1852, la Municipalit\u00e9 vote enfin une contribution de 1&nbsp;000 francs pour une r\u00e9paration \u00e0 hauteur de 1&nbsp;200 francs, refus\u00e9e quatre ans auparavant. (Registre aux d\u00e9lib\u00e9rations de MM. les fabriciens)<\/p>\n\n\n\n<p>En 1877, \u00e0 l\u2019occasion de la restauration de l\u2019int\u00e9rieur de la coll\u00e9giale, le souhait d\u2019un orgue et d\u2019un buffet nouveaux est exprim\u00e9, et une souscription est ouverte. C\u2019est dans cet esprit que les facteurs Aristide CAVAILL\u00c9-COLL en 1878, et les tournaisiens DELMOTTE en 1878, 1882, 1886 et 1895, \u00e9tablissent plusieurs devis. Mais le projet \u00e9choue par suite de la d\u00e9fection du principal donateur qui affecte ses 32&nbsp;000 francs \u00e0 une destination charitable. (Rolant SERVAIS, in <em>Les facteurs d\u2019orgues Delmotte, cent ans d\u2019activit\u00e9s en Tournaisis r\u00e9v\u00e9l\u00e9es par leurs archives (1821-1920)<\/em>, 1986)<\/p>\n\n\n\n<p>En 1896, Florentin DEFIVES, compositeur et professeur de musique demeurant rue des Wetz (actuelle rue Jean Jaur\u00e8s) \u00e0 Seclin, devient le nouvel organiste. Pendant la guerre de 1914-1918, il doit partager l\u2019orgue avec les musiciens des troupes allemandes d\u2019occupation. Il est le dernier titulaire \u00e0 jouer sur l\u2019orgue de 1752, restaur\u00e9 plusieurs fois. En mai 1917, les Allemands en d\u00e9montent les tuyaux pour r\u00e9cup\u00e9rer l\u2019\u00e9tain (environ une tonne). Le coup de gr\u00e2ce est donn\u00e9 \u00e0 l\u2019instrument et \u00e0 son buffet quand les Allemands dynamitent la coll\u00e9giale en octobre 1918 au moment de leur d\u00e9part.<\/p>\n\n\n\n<p>Apr\u00e8s la Premi\u00e8re Guerre mondiale, les dommages de guerre permettent la reconstruction. C\u2019est ainsi qu\u2019un nouveau buffet d\u2019orgue est install\u00e9 en 1935 sur la tribune, construit par la Grande Fabrique de Meubles Jules DEGORRE de Somain. Mais ce buffet demeure \u2013 encore \u00e0 ce jour \u2013 vide de tout instrument. On en trouve l\u2019explication dans les archives paroissiales qui conservent les nombreuses correspondances \u00e9chang\u00e9es entre Achille CABY, pr\u00e9sident de la soci\u00e9t\u00e9 de reconstruction, d\u2019une part, et d\u2019autre part, les diff\u00e9rents intervenants&nbsp;: facteurs d\u2019orgue, minist\u00e8re de l\u2019\u00e9ducation nationale, services des Beaux-Arts, architectes, ing\u00e9nieurs\u2026Un premier courrier, dat\u00e9 du 3 avril 1930, est une simple prise de contact avec les facteurs DELMOTTE de Tournai, ville o\u00f9 Achille CABY a \u00e9t\u00e9 d\u00e9port\u00e9 pendant la Premi\u00e8re Guerre mondiale.<\/p>\n\n\n\n<p>Apr\u00e8s un appel d\u2019offres, la d\u00e9cision est prise de traiter avec le moins disant&nbsp;: la Manufacture de Grandes Orgues Auguste CONVERS \u00e0 Paris, par adjudication du 6 juin 1936.<\/p>\n\n\n\n<p>La composition de l\u2019instrument command\u00e9 est la suivante&nbsp;:<\/p>\n\n\n\n<p>Grand orgue (56 notes)&nbsp;: Montre 8\u2019, Fl\u00fbte harmonique 8\u2019, Bourdon 8\u2019, Bourdon 16\u2019,<br>Prestant 4\u2019, Plein-jeu 4 rangs, Cromorne 8\u2019<\/p>\n\n\n\n<p>Positif (56 notes)&nbsp;: Cor de nuit 8\u2019, Salicional 8\u2019, Fl\u00fbte douce 4\u2019, Nasard 2 2\/3, Flageolet 2\u2019, Tierce 1 3\/5<\/p>\n\n\n\n<p>R\u00e9cit expressif (56 notes)&nbsp;: Fl\u00fbte traversi\u00e8re 8\u2019, Viole de gambe 8\u2019, Voix c\u00e9leste 8\u2019,<br>Fl\u00fbte 4\u2019, Cymbale 4 rangs, Octavin 2\u2019, Bombarde 16\u2019, Trompette 8\u2019, Basson hautbois 8\u2019, Clairon 4\u2019<\/p>\n\n\n\n<p>P\u00e9dale (32 notes)&nbsp;: Contrebasse 16\u2019, Soubasse 16\u2019, Bombarde 16\u2019, Trompette 8\u2019, Clairon 4\u2019, Fl\u00fbte 8\u2019, Bourdon 8\u2019, Fl\u00fbte 4\u2019<\/p>\n\n\n\n<p>Cependant l\u2019affaire du nouvel orgue tra\u00eene en longueur&nbsp;: retard dans le d\u00e9blocage des cr\u00e9dits&nbsp;; incompr\u00e9hension entre le manufacturier, l\u2019ing\u00e9nieur acousticien, la coop\u00e9rative de reconstruction et le clerg\u00e9 local&nbsp;; m\u00e9fiance de la Municipalit\u00e9 \u00e0 l\u2019\u00e9gard du projet rendu plus complexe par l\u2019interf\u00e9rence de l\u2019autre projet \u2013 non municipal \u2013 de r\u00e9aliser un carillon de 42 cloches en remplacement du pr\u00e9c\u00e9dent qui n\u2019en comportait que 8. Or, les cr\u00e9dits pour la reconstruction, \u00e9tablis sur la base des prix de 1914, et donc sous-\u00e9valu\u00e9s par suite de l\u2019inflation continue de l\u2019\u00e9poque, ne tiennent pas compte du nouveau carillon.<\/p>\n\n\n\n<p>De 1937 \u00e0 1939, de nombreuses correspondances sont \u00e9chang\u00e9es avec les services minist\u00e9riels. Il en ressort que la reconstruction de cet orgue est tr\u00e8s mal engag\u00e9e, d\u2019autant que l\u2019architecte a consacr\u00e9 plus de la moiti\u00e9 des cr\u00e9dits y allou\u00e9s, \u00e0 la confection du buffet.<\/p>\n\n\n\n<p>Survient la Seconde Guerre mondiale. La Manufacture de Grandes Orgues Auguste CONVERS cesse toute activit\u00e9 en 1940. Le projet de nouvel orgue tombe \u00e0 l\u2019eau.<\/p>\n\n\n\n<p>Apr\u00e8s la guerre, les quelques lettres de relance aupr\u00e8s des services minist\u00e9riels en charge du probl\u00e8me n\u2019obtiennent que des r\u00e9ponses dilatoires, quand elles en re\u00e7oivent une.<\/p>\n\n\n<div class=\"wp-block-image is-style-twentytwentyone-border\">\n<figure class=\"alignleft size-full\"><img loading=\"lazy\" decoding=\"async\" width=\"1562\" height=\"2349\" src=\"http:\/\/umkjlli.cluster030.hosting.ovh.net\/wp-content\/uploads\/2022\/10\/PCO82.jpg\" alt=\"\" class=\"wp-image-161\" srcset=\"http:\/\/collegiale-saint-piat-seclin.fr\/wp-content\/uploads\/2022\/10\/PCO82.jpg 1562w, http:\/\/collegiale-saint-piat-seclin.fr\/wp-content\/uploads\/2022\/10\/PCO82-199x300.jpg 199w, http:\/\/collegiale-saint-piat-seclin.fr\/wp-content\/uploads\/2022\/10\/PCO82-681x1024.jpg 681w, http:\/\/collegiale-saint-piat-seclin.fr\/wp-content\/uploads\/2022\/10\/PCO82-768x1155.jpg 768w, http:\/\/collegiale-saint-piat-seclin.fr\/wp-content\/uploads\/2022\/10\/PCO82-1021x1536.jpg 1021w, http:\/\/collegiale-saint-piat-seclin.fr\/wp-content\/uploads\/2022\/10\/PCO82-1362x2048.jpg 1362w\" sizes=\"auto, (max-width: 1562px) 100vw, 1562px\" \/><\/figure>\n<\/div>\n\n\n<p>Ainsi donc, quand survient la guerre, seul le buffet est en place, celui-l\u00e0 m\u00eame que l\u2019on voit aujourd\u2019hui, vide. Une br\u00e8ve description en est faite par Jean-Paul THOREZ, in <em>\u00c0 la d\u00e9couverte des tr\u00e9sors de la coll\u00e9giale Saint-Piat<\/em>, Seclin, 2004, page 50 : <em>Ce meuble n\u2019est gu\u00e8re beau, vide qu\u2019il est des tuyaux qui devaient le remplir. On remarquera n\u00e9anmoins, haut plac\u00e9s sur des tours ajour\u00e9es, deux grands anges musiciens, et sur d\u2019autres tours vides, David et sa harpe, sainte C\u00e9cile et son orgue. Plus bas, la tribune est, elle aussi, incompl\u00e8te, mais comporte six panneaux sculpt\u00e9s. On observe, de gauche \u00e0 droite, accompagn\u00e9s d\u2019une inscription en latin tir\u00e9e du Psaume 150&nbsp;:<\/em><br><em>&#8211; une trompette&nbsp;: Sono tubae<\/em><br><em>&#8211; une harpe&nbsp;: in psalterio<\/em><br><em>&#8211; une cithare&nbsp;: in cithera<\/em><br><em>-un tambourin&nbsp;: in tympano<\/em><br><em>&#8211; une lyre&nbsp;: in chordis<\/em><br><em>&#8211; un cymbalum&nbsp;: in cymbalis<\/em><\/p>\n\n\n\n<p class=\"has-text-align-center\">* * *<\/p>\n\n\n\n<p>La coll\u00e9giale Saint-Piat esp\u00e8re toujours que de nouvelles grandes orgues soient install\u00e9es dans le buffet de la tribune. En attendant cet heureux \u00e9v\u00e9nement, il convient de profiter de l\u2019orgue de ch\u0153ur install\u00e9 en juin 2006.<\/p>\n\n\n\n<p>Cet orgue est arriv\u00e9 dans la coll\u00e9giale gr\u00e2ce \u00e0 la volont\u00e9 du P\u00e8re Jean-Luc GARIN, qui a \u00e9t\u00e9 soutenu tr\u00e8s concr\u00e8tement par quelque 160 donateurs, lesquels ont r\u00e9pondu \u00e0 la souscription lanc\u00e9e pour couvrir le co\u00fbt d\u2019installation, sans oublier le m\u00e9c\u00e9nat de la banque Cr\u00e9dit Agricole de Seclin. Jean-Luc GARIN, lui-m\u00eame organiste et ancien \u00e9l\u00e8ve de Sophie-V\u00e9ronique CAUCHEFER-CHOPLIN, reconna\u00eet dans son discours du 2 juin 2006, l\u2019importance de l\u2019accompagnement de Jean-Marie COIGNION et de Roger MILLE qui, dit-il, l\u2019ont <em>soutenu dans cette aventure et dans la prise de d\u00e9cision<\/em>.<\/p>\n\n\n\n<p>Le P\u00e8re Jean-Luc GARIN, dans sa conclusion, souligne l\u2019importance de l\u2019orgue dans la coll\u00e9giale Saint-Piat&nbsp;; importance dans le pass\u00e9, mais surtout importance de nos jours. <em>En moyenne chaque ann\u00e9e, il y a pr\u00e8s de 200 offices avec la participation de l\u2019orgue. Certes, un grand orgue serait souhaitable dans cet \u00e9difice historique\u2026 Quoi qu\u2019il en soit, l\u2019orgue de ch\u0153ur accompagne d\u00e9sormais les joies et les peines des Seclinois<\/em>.<\/p>\n\n\n\n<p>Plus encore, l\u2019orgue est pr\u00e9texte \u00e0 concerts en solo ou accompagn\u00e9 d\u2019autres instruments, voire de voix humaines. Les m\u00e9dias s\u2019en font l\u2019\u00e9cho, et par l\u00e0-m\u00eame, contribuent au renom de la coll\u00e9giale.<\/p>\n\n\n\n<p class=\"has-text-align-center\">* * *<\/p>\n\n\n\n<p>Apr\u00e8s son discours, le P\u00e8re Jean-Luc GARIN pr\u00e9sente Sophie-V\u00e9ronique CAUCHEFER-CHOPLIN qui offre le r\u00e9cital de la soir\u00e9e&nbsp;: titulaire des grandes orgues de l\u2019\u00e9glise Saint-Sulpice \u00e0 Paris, premier prix d\u2019orgue, premier prix d\u2019improvisation au conservatoire sup\u00e9rieur de musique de Paris, premi\u00e8re femme \u00e0 recevoir un prix d\u2019improvisation au concours international d\u2019orgue de Chartres, en tourn\u00e9e dans les quatre coins du monde. Sa r\u00e9putation l\u2019am\u00e8ne \u00e0 donner des classes de ma\u00eetre en interpr\u00e9tation et improvisation tant en France qu\u2019\u00e0 l\u2019\u00e9tranger.<\/p>\n\n\n\n<p>Le programme du r\u00e9cital de la soir\u00e9e du 2 juin 2006 est le suivant. Dans l\u2019ordre&nbsp;:<\/p>\n\n\n\n<p>Denis B\u00c9DARD (1950)&nbsp;: <em>Suite du premier ton<\/em><br>4 mouvements&nbsp;: Plein-jeu, Dialogue sur la trompette et le cornet, R\u00e9cit, Grand jeu.<\/p>\n\n\n\n<p>Jean-S\u00e9bastien BACH (1685-1750)&nbsp;: <em>Fantaisie en sol majeur BWV 572<\/em><br>3 mouvements&nbsp;: Vivement, Gravement, Lentement.<\/p>\n\n\n\n<p>Joseph RHEINBERGER (1839-1901)&nbsp;: <em>Introduction et Passacaille (Sonate n\u00b0 8).<\/em><\/p>\n\n\n\n<p>Gabriel PIERN\u00c9 (1863-1937)&nbsp;: <em>Pr\u00e9lude en sol majeur (extrait des Trois pi\u00e8ces pour Grand Orgue Op. 29 n\u00b0 1)<\/em>.<\/p>\n\n\n\n<p>Denis B\u00c9DARD (1950)&nbsp;: <em>Suite pour orgue<\/em><br>3 mouvements&nbsp;: Pr\u00e9lude, Lamento, Toccata.<\/p>\n\n\n\n<p class=\"has-text-align-center\">* * *<\/p>\n\n\n\n<p>Apr\u00e8s ce concert, pour que le plus grand nombre puisse venir faire connaissance avec le nouvel instrument, deux autres concerts sont programm\u00e9s.<\/p>\n\n\n\n<p>Le 16 juin 2006, le concert \u00ab\u00a0Ch\u0153ur, soprano, instruments et orgue\u00a0\u00bb voit aussi la participation de la chorale \u00ab\u00a0Les Choryph\u00e9es\u00a0\u00bb. Val\u00e9rie Poivre, m\u00e9daille d&rsquo;or en chant au Conservatoire de Lille, dirige le ch\u0153ur. L&rsquo;orgue est tenu par le P\u00e8re Jean-Luc Garin.<\/p>\n\n\n\n<p>Le 24 juin 2006, Pierre-Richard Deshays, titulaire des grandes orgues de l&rsquo;\u00e9glise Saint-Pierre-Saint-Paul \u00e0 Lille, fait d\u00e9couvrir les multiples facettes et possibilit\u00e9s de l&rsquo;orgue de la coll\u00e9giale Saint-Piat.<\/p>\n\n\n\n<p class=\"has-text-align-center\">* * *<\/p>\n\n\n\n<p>Une information pour terminer (provisoirement)&nbsp;:<\/p>\n\n\n\n<p>En d\u00e9cembre 2018, l\u2019Association a re\u00e7u un courriel d\u2019une universitaire am\u00e9ricaine, en qu\u00eate de renseignements sur l\u2019histoire des orgues \u00e0 Saint-Piat entre le XV<sup>\u00e8me<\/sup> et le XVIII<sup>\u00e8me<\/sup> si\u00e8cles. Elle est professeur de musicologie et chercheuse dans ce domaine. \u00c0 l\u2019occasion de ses recherches en Europe, elle a visit\u00e9 notre coll\u00e9giale avant les travaux.<\/p>\n\n\n\n<p>Il lui a \u00e9t\u00e9 transmis les documents suivants&nbsp;:<br>&#8211; un relev\u00e9 des sources et des cotes de documents conserv\u00e9 aux Archives d\u00e9partementales du Nord, et les textes correspondants&nbsp;;<br>&#8211; un article r\u00e9dig\u00e9 par M. DELAHAYE, historien de l\u2019orgue, dans lequel il retrace l\u2019histoire des orgues de la coll\u00e9giale Saint-Piat, du XV<sup>\u00e8me <\/sup>si\u00e8cle \u00e0 la Seconde Guerre mondiale.<\/p>\n\n\n\n<p>Il a \u00e9t\u00e9 ajout\u00e9 l\u2019article dans lequel l\u2019organiste titulaire de l\u2019orgue de Saint-Piat, Jean-Claude CL\u00c9MENT, parle avec chaleur et enthousiasme de l\u2019instrument install\u00e9 en 2006.<\/p>\n\n\n\n<p>Dans son courriel de remerciement, cette universitaire ajoute <em>qu\u2019elle esp\u00e8re revenir \u00e0 Seclin apr\u00e8s la parution de son livre fin 2019 ou 2020 et qu\u2019il y aura un concert \u00e0 Saint-Piat avec chants et l\u2019orgue de ch\u0153ur<\/em>.<\/p>\n\n\n\n<p class=\"has-text-align-center\">* * *<\/p>\n\n\n\n<p>Dans le <em>Bulletin de l\u2019Association pour la sauvegarde de la coll\u00e9giale, n\u00b0 4, ann\u00e9e 2007<\/em>, l\u2019organiste Jean-Claude CL\u00c9MENT, se fait le chantre de l\u2019orgue de ch\u0153ur&nbsp;:<\/p>\n\n\n\n<p><em>Construit en 1993 par le ma\u00eetre facteur d\u2019orgues Bernard COGEZ dans son atelier de Tourcoing. Il \u00e9tait destin\u00e9 \u00e0 l\u2019\u00e9glise Saint-Vincent de Paul \u00e0 Roubaix. <\/em>[Cette \u00e9glise devait \u00eatre d\u00e9molie.]<\/p>\n\n\n\n<p><\/p>\n\n\n\n<figure class=\"wp-block-image size-large\"><img loading=\"lazy\" decoding=\"async\" width=\"768\" height=\"1024\" src=\"http:\/\/umkjlli.cluster030.hosting.ovh.net\/wp-content\/uploads\/2022\/10\/PCO19-1-768x1024.jpg\" alt=\"\" class=\"wp-image-295\" srcset=\"http:\/\/collegiale-saint-piat-seclin.fr\/wp-content\/uploads\/2022\/10\/PCO19-1-768x1024.jpg 768w, http:\/\/collegiale-saint-piat-seclin.fr\/wp-content\/uploads\/2022\/10\/PCO19-1-225x300.jpg 225w, http:\/\/collegiale-saint-piat-seclin.fr\/wp-content\/uploads\/2022\/10\/PCO19-1-1152x1536.jpg 1152w, http:\/\/collegiale-saint-piat-seclin.fr\/wp-content\/uploads\/2022\/10\/PCO19-1-1536x2048.jpg 1536w, http:\/\/collegiale-saint-piat-seclin.fr\/wp-content\/uploads\/2022\/10\/PCO19-1-1568x2091.jpg 1568w, http:\/\/collegiale-saint-piat-seclin.fr\/wp-content\/uploads\/2022\/10\/PCO19-1-scaled.jpg 1920w\" sizes=\"auto, (max-width: 768px) 100vw, 768px\" \/><\/figure>\n\n\n\n<p><em>Or, la coll\u00e9giale de Seclin n\u2019avait plus depuis longtemps <\/em>[89 ans&nbsp;!]<em> un instrument qui lui fut digne. La Commission d\u2019Art sacr\u00e9 du Dioc\u00e8se proposa cet orgue \u00e0 tuyaux \u00e0 la paroisse Saint-Piat. Pour elle et son cur\u00e9, et lui-m\u00eame organiste, ce fut une belle opportunit\u00e9<\/em>.<\/p>\n\n\n\n<p><em>L\u2019instrument mesure 4,50 m\u00e8tres de hauteur et p\u00e8se environ une tonne. Sur deux claviers (positif et grand orgue) de 56 notes et un p\u00e9dalier de 30 notes (do-fa), sont r\u00e9partis neuf jeux et sept cents tuyaux, le tout \u00e9tant pos\u00e9 sur un ponton \u00e0 roues qui lui permettent d\u2019\u00eatre d\u00e9plac\u00e9 en cas de besoin. Son buffet, \u00e0 la fois simple et \u00e9l\u00e9gant, est couronn\u00e9 d\u2019un fronton \u00e0 la grecque.<\/em><\/p>\n\n\n\n<p><em>Son temp\u00e9rament est n\u00e9o-classique, \u00e0 l\u2019imitation des orgues du 18<\/em><sup><em>e<\/em><\/sup><em> si\u00e8cle, c\u2019est-\u00e0-dire \u00ab&nbsp;brillant&nbsp;\u00bb dans ses sonorit\u00e9s comme s\u2019il s\u2019agissait de souffles de lumi\u00e8re. Par ailleurs, lors de son remontage \u00e0 la coll\u00e9giale, on a ajout\u00e9 \u00e0 l\u2019orgue la trompette 8\u2019, le cornet de 3 rangs, et le plein-jeu, ainsi qu\u2019une tirasse Positif\/Grand Orgue. De plus, l\u2019orgue a \u00e9t\u00e9 r\u00e9-harmonis\u00e9, afin que le son remplisse la coll\u00e9giale, plus grande que l\u2019\u00e9glise o\u00f9 il se trouvait auparavant.<\/em><\/p>\n\n\n\n<p><em>Pour comprendre ses sonorit\u00e9s diff\u00e9rentes et agr\u00e9ables \u00e0 la fois, il faut d\u00e9couvrir le r\u00f4le des tirants de jeux ou registres. Il y en a neuf sur notre instrument, de chaque c\u00f4t\u00e9 des claviers&nbsp;:<\/em><\/p>\n\n\n\n<p><em>&#8211; au Grand Orgue (clavier du bas)&nbsp;: Montre 8\u2019, Prestant 4\u2019, Doublette 2\u2019 et Plein-jeu<\/em><\/p>\n\n\n\n<p><em>&#8211; au Positif (clavier du haut)&nbsp;: Bourdon 8\u2019, Fl\u00fbte 4\u2019, Cornet 3 rangs, Trompette 8\u2019<\/em><\/p>\n\n\n\n<p><em>&#8211; au p\u00e9dalier&nbsp;: Soubasse 16\u2019.<\/em><\/p>\n\n\n\n<p><em>Devant le p\u00e9dalier, on peut apercevoir des cuill\u00e8res. Elles sont appel\u00e9es tirasses et servent \u00e0 accoupler les claviers et le p\u00e9dalier entre eux.<\/em><\/p>\n\n\n\n<p><em>Par le tr\u00e8s grand nombre de ses jeux et par leur m\u00e9lange, l\u2019orgue peut exprimer la joie, la tristesse, la m\u00e9lancolie, la col\u00e8re, le recueillement ainsi que bien d\u2019autres sentiments.<\/em><\/p>\n\n\n\n<p class=\"has-text-align-right\">Philippe Bacqueville<br><br><\/p>\n\n\n\n<hr class=\"wp-block-separator has-alpha-channel-opacity\"\/>\n\n\n\n<p><\/p>\n","protected":false},"excerpt":{"rendered":"<p>Mis \u00e0 jour le 12 janvier 2023 Vendredi 2 juin 2006, un nouvel orgue est install\u00e9 dans la coll\u00e9giale. En cet apr\u00e8s-midi, au cours d\u2019une c\u00e9r\u00e9monie, il est b\u00e9ni par Mgr G\u00e9rard DEFOIS, archev\u00eaque-\u00e9v\u00eaque de Lille. Il est ensuite inaugur\u00e9 par Madame Sophie-V\u00e9ronique CAUCHEFER-CHOPLIN, concertiste internationale, titulaire des grandes orgues Cavaill\u00e9-Coll de l\u2019\u00e9glise Saint-Sulpice \u00e0&hellip; <a class=\"more-link\" href=\"http:\/\/collegiale-saint-piat-seclin.fr\/?page_id=196\">Poursuivre la lecture <span class=\"screen-reader-text\">L&rsquo;orgue<\/span><\/a><\/p>\n","protected":false},"author":1,"featured_media":0,"parent":0,"menu_order":0,"comment_status":"closed","ping_status":"closed","template":"","meta":{"footnotes":""},"class_list":["post-196","page","type-page","status-publish","hentry","entry"],"_links":{"self":[{"href":"http:\/\/collegiale-saint-piat-seclin.fr\/index.php?rest_route=\/wp\/v2\/pages\/196","targetHints":{"allow":["GET"]}}],"collection":[{"href":"http:\/\/collegiale-saint-piat-seclin.fr\/index.php?rest_route=\/wp\/v2\/pages"}],"about":[{"href":"http:\/\/collegiale-saint-piat-seclin.fr\/index.php?rest_route=\/wp\/v2\/types\/page"}],"author":[{"embeddable":true,"href":"http:\/\/collegiale-saint-piat-seclin.fr\/index.php?rest_route=\/wp\/v2\/users\/1"}],"replies":[{"embeddable":true,"href":"http:\/\/collegiale-saint-piat-seclin.fr\/index.php?rest_route=%2Fwp%2Fv2%2Fcomments&post=196"}],"version-history":[{"count":11,"href":"http:\/\/collegiale-saint-piat-seclin.fr\/index.php?rest_route=\/wp\/v2\/pages\/196\/revisions"}],"predecessor-version":[{"id":818,"href":"http:\/\/collegiale-saint-piat-seclin.fr\/index.php?rest_route=\/wp\/v2\/pages\/196\/revisions\/818"}],"wp:attachment":[{"href":"http:\/\/collegiale-saint-piat-seclin.fr\/index.php?rest_route=%2Fwp%2Fv2%2Fmedia&parent=196"}],"curies":[{"name":"wp","href":"https:\/\/api.w.org\/{rel}","templated":true}]}}