{"id":134,"date":"2022-10-24T14:57:56","date_gmt":"2022-10-24T12:57:56","guid":{"rendered":"http:\/\/umkjlli.cluster030.hosting.ovh.net\/?page_id=134"},"modified":"2023-11-15T10:55:54","modified_gmt":"2023-11-15T09:55:54","slug":"le-carillon","status":"publish","type":"page","link":"http:\/\/collegiale-saint-piat-seclin.fr\/?page_id=134","title":{"rendered":"Le carillon"},"content":{"rendered":"\n<p class=\"has-extra-small-font-size\"><br>Mis \u00e0 jour le 15 novembre 2023<\/p>\n\n\n\n<p><strong>1297. Par un \u00e9dit du 5 octobre<\/strong> le roi de France Philippe IV Le Bel ordonne la restitution \u00e0 la coll\u00e9giale de Seclin de tout ce qui lui a \u00e9t\u00e9 enlev\u00e9 durant le pillage de la ville par ses troupes. Les cloches (campanas) y sont cit\u00e9es. (acte en latin transcrit par Buzelin in <em>Gallo-Flandria<\/em> 1624). C\u2019est la premi\u00e8re mention de cloches \u00e0 Seclin que nous avons trouv\u00e9e. Il est peu probable que les cloches emport\u00e9es aient pu \u00eatre rendues, et ce n\u2019\u00e9tait pas sans doute la pr\u00e9occupation premi\u00e8re des chanoines. La guerre vient de faire rage entre le roi et son vassal le comte de Flandre. Lille, assi\u00e9g\u00e9e pendant plus de deux mois, a capitul\u00e9 le 29 ao\u00fbt, il faut faire repartir l\u2019\u00e9conomie et \u00e0 Seclin, la priorit\u00e9 devait \u00eatre alors de remettre en route le p\u00e8lerinage aupr\u00e8s de saint Piat.<\/p>\n\n\n<div class=\"wp-block-image is-style-twentytwentyone-border\">\n<figure class=\"alignleft size-full\"><img loading=\"lazy\" decoding=\"async\" width=\"184\" height=\"122\" src=\"http:\/\/umkjlli.cluster030.hosting.ovh.net\/wp-content\/uploads\/2022\/10\/PCO6.jpg\" alt=\"\" class=\"wp-image-136\"\/><figcaption class=\"wp-element-caption\">Four \u00e0 cloche <br>(Photo Ville Seclin)<\/figcaption><\/figure>\n<\/div>\n\n\n<p>\u00c0 partir du <strong>XV<sup>\u00e8me<\/sup> si\u00e8cle<\/strong> la coll\u00e9giale est dot\u00e9e d\u2019une tour-porche qui devait contenir le premier carillon puisque ont \u00e9t\u00e9 mis \u00e0 jour, \u00e0 proximit\u00e9, par les arch\u00e9ologues de Seclin, \u00ab&nbsp;&nbsp;<em>un four et plusieurs fragments de moules utilis\u00e9s par les saintiers ou fondeurs de cloches.&nbsp;<\/em>\u00bb<a id=\"sdfootnote1anc\" href=\"#sdfootnote1sym\"><sup>1<\/sup><\/a> Trois ouvriers fondeurs sont inscrits dans les comptes du chapitre en 1402-1403.<\/p>\n\n\n\n<p><strong>En 1402<\/strong>, les chanoines envoient un ouvrier \u00e0 Bruges pour y acheter du m\u00e9tal et y faire couler des cloches pour la coll\u00e9giale. Il faut attendre 1494-1495 pour qu\u2019un \u00ab&nbsp;batteleur&nbsp;\u00bb et son clavier apparaissent dans les comptes de l\u2019\u00e9glise.&nbsp;\u00bb<a id=\"sdfootnote2anc\" href=\"#sdfootnote2sym\"><sup>2<\/sup><\/a> Nous n\u2019avons pas d\u2019information sur ce premier (&nbsp;? ) carillon, mais le texte du 31 d\u00e9cembre 1526 cit\u00e9 plus loin nous indique que la sonnerie de cloches r\u00e9glait d\u00e9j\u00e0 la vie des Seclinois..<\/p>\n\n\n\n<p>La tour, d\u00e9truite, fut remplac\u00e9e par un clocher attenant \u00e0 l\u2019\u00e9glise dans lequel fut install\u00e9 jusqu\u2019\u00e0 la R\u00e9volution un carillon de 9 cloches qu\u2019un \u00ab&nbsp;cloqueman&nbsp;\u00bb pouvait actionner.<\/p>\n\n\n\n<p>De celui-ci subsistent 4 cloches dont trois sont conserv\u00e9es dans l\u2019\u00e9glise. L\u2019une dat\u00e9e de 1596, haute de 28cm, sur laquelle on lit&nbsp;: \u00ab&nbsp;<em>faicte \u00e0 Douai<\/em> \u00bb,&nbsp;elle sonne le si b\u00e9mol.&nbsp; Plac\u00e9e \u00e0 l\u2019entr\u00e9e de la sacristie, elle est actionn\u00e9e pour annoncer le d\u00e9but des c\u00e9l\u00e9brations&nbsp;; deux autres, install\u00e9es dans le ch\u0153ur, sont frapp\u00e9es par un servant d\u2019autel, au moyen d\u2019un maillet de bois, lors de l\u2019\u00e9l\u00e9vation pendant les Eucharisties. Sur la premi\u00e8re (note do) on peut lire&nbsp;:&nbsp;\u00ab<em>Omnis spiritus laudet Dominum 1596<\/em>&nbsp;\u00bb que l\u2019on peut traduire par :&nbsp;\u00ab<em>Que tout ce qui respire loue le Seigneur<\/em>&nbsp;\u00bb. Sur la seconde (note si b\u00e9mol)&nbsp;: \u00ab&nbsp;<em>Subvenias famulis sancte Piate tuis 1597<\/em>&nbsp;\u00bb soit&nbsp;:&nbsp;\u00ab<em>Saint Piat viens en aide \u00e0 tes serviteurs&nbsp;<\/em>\u00bb. Une derni\u00e8re cloche de ce carillon se trouve au mus\u00e9e campanaire de la ville d\u2019Apolda (Allemagne), offerte par la Ville lors du jumelage avec Seclin. Elle porte la mention&nbsp;:&nbsp;\u00ab<em>Faicte \u00e0 Douai l\u2019an 1596<\/em>&nbsp;\u00bb.<\/p>\n\n\n\n<figure class=\"wp-block-gallery has-nested-images columns-default is-cropped wp-block-gallery-1 is-layout-flex wp-block-gallery-is-layout-flex\">\n<figure class=\"wp-block-image size-large is-style-twentytwentyone-border\"><img loading=\"lazy\" decoding=\"async\" width=\"433\" height=\"578\" data-id=\"139\" src=\"http:\/\/umkjlli.cluster030.hosting.ovh.net\/wp-content\/uploads\/2022\/10\/PCO7.jpg\" alt=\"\" class=\"wp-image-139\" srcset=\"http:\/\/collegiale-saint-piat-seclin.fr\/wp-content\/uploads\/2022\/10\/PCO7.jpg 433w, http:\/\/collegiale-saint-piat-seclin.fr\/wp-content\/uploads\/2022\/10\/PCO7-225x300.jpg 225w\" sizes=\"auto, (max-width: 433px) 100vw, 433px\" \/><figcaption class=\"wp-element-caption\"><strong>Cloches du choeur<\/strong><\/figcaption><\/figure>\n\n\n\n<figure class=\"wp-block-image size-large is-style-twentytwentyone-border\"><img loading=\"lazy\" decoding=\"async\" width=\"433\" height=\"325\" data-id=\"138\" src=\"http:\/\/umkjlli.cluster030.hosting.ovh.net\/wp-content\/uploads\/2022\/10\/PCO8.jpg\" alt=\"\" class=\"wp-image-138\" srcset=\"http:\/\/collegiale-saint-piat-seclin.fr\/wp-content\/uploads\/2022\/10\/PCO8.jpg 433w, http:\/\/collegiale-saint-piat-seclin.fr\/wp-content\/uploads\/2022\/10\/PCO8-300x225.jpg 300w\" sizes=\"auto, (max-width: 433px) 100vw, 433px\" \/><figcaption class=\"wp-element-caption\"><strong>Cloche de la sacristie<\/strong><\/figcaption><\/figure>\n\n\n\n<figure class=\"wp-block-image size-large is-style-twentytwentyone-border\"><img loading=\"lazy\" decoding=\"async\" width=\"433\" height=\"580\" data-id=\"137\" src=\"http:\/\/umkjlli.cluster030.hosting.ovh.net\/wp-content\/uploads\/2022\/10\/PCO9.jpg\" alt=\"\" class=\"wp-image-137\" srcset=\"http:\/\/collegiale-saint-piat-seclin.fr\/wp-content\/uploads\/2022\/10\/PCO9.jpg 433w, http:\/\/collegiale-saint-piat-seclin.fr\/wp-content\/uploads\/2022\/10\/PCO9-224x300.jpg 224w\" sizes=\"auto, (max-width: 433px) 100vw, 433px\" \/><figcaption class=\"wp-element-caption\"><strong>Cloche au mus\u00e9e d&rsquo;Apolda<\/strong><\/figcaption><\/figure>\n<\/figure>\n\n\n\n<p><strong>27 mars 1606 <\/strong>Un ouragan renverse le clocher de la coll\u00e9giale<br><em>\u00abUn ouragan si violent et furieux&#8230; qu\u2019on ne vit jamais de si grand d\u00e9sastre\u2026on ne cro\u00efoit autrement que c\u2019\u00e9tait la fin du monde, on ne savait o\u00f9 se sauver, l\u2019on cr\u00efoit partout Mis\u00e9ricorde.\u00bb (Manuscrit 636 <\/em>Biblioth\u00e8que Municipale de Lille<em> cit\u00e9 par Leuridan dans Histoire de Seclin tome III \u2013Documents)<\/em><\/p>\n\n\n\n<p>Les chanoines furent autoris\u00e9s le 10 mai \u00e0 contracter un emprunt de 3000 florins pour restaurer l\u2019\u00e9glise.<br>Il est possible que les cloches du carillon aient \u00e9t\u00e9 endommag\u00e9es dans ce d\u00e9sastre, mais ce n\u2019\u00e9tait qu\u2019un \u00e9pisode douloureux de leur existence car Seclin, situ\u00e9e sur un carrefour de routes entre Lille, Arras et Tournai voyait souvent passer des troupes qui ravageaient, pillaient et br\u00fblaient. Le clocher servait souvent de tour de guet&nbsp;; sur autorisation du chapitre, on y montait la garde et il fallait parfois r\u00e9parer les d\u00e9g\u00e2ts commis\u2026<\/p>\n\n\n\n<p><strong>La langue des cloches<\/strong><\/p>\n\n\n\n<p>Elles \u00e9taient autrefois le seul moyen de communiquer une nouvelle \u00e0 toute la population. Elles rythmaient les heures pour les villageois qui n\u2019avaient bien \u00e9videmment ni montres ni horloges dans les travaux des champs. Elles appelaient par 3 s\u00e9ries de 3 tintements suivis d\u2019une pleine vol\u00e9e, \u00e0 r\u00e9citer l\u2019Ang\u00e9lus, pri\u00e8re \u00e0 Marie qui se dit le matin, (autrefois \u00e0 6h, aujourd\u2019hui \u00e0 8h), le midi, et le soir \u00e0 18h pour comm\u00e9morer l\u2019annonce de l\u2019ange \u00e0 la Vierge Marie , mais rythmaient ainsi le d\u00e9but et la fin des travaux du jour et la pause du d\u00e9jeuner. Tout le monde conna\u00eet le c\u00e9l\u00e8bre tableau de Jean-Fran\u00e7ois Millet&nbsp;qui repr\u00e9sente deux paysans r\u00e9pondant \u00e0 l\u2019appel et se recueillant pr\u00e8s de leur r\u00e9colte. L\u2019Ang\u00e9lus n\u2019est plus sonn\u00e9 \u00e0 Seclin mais on peut encore l\u2019entendre dans les villages environnants comme Houplin ou Noyelles.<\/p>\n\n\n\n<p>Elles appelaient les chanoines aux offices religieux, au cours de la journ\u00e9e, pour les m\u00e2tines, laudes&nbsp;, v\u00eapres, complies et messes&nbsp;; ainsi que les fid\u00e8les aux c\u00e9l\u00e9brations paroissiales car le transept nord de la coll\u00e9giale servait d\u2019\u00e9glise paroissiale.<\/p>\n\n\n\n<p>Elles avaient un langage propre&nbsp;: c\u2019\u00e9taient des vol\u00e9es de cloches pour les \u00e9v\u00e8nements heureux, &#8211; la cloche oscille et le battant en frappe l\u2019int\u00e9rieur -, mais aussi des temps de silence pendant le car\u00eame\u2026 (Tous les enfants se souviennent encore aujourd\u2019hui du \u00ab&nbsp;retour des cloches \u00bb annonciateur d\u2019une distribution de friandises, pendant le Gloria de la messe de P\u00e2ques, \u2026)<\/p>\n\n\n\n<p><em>(Voir en fin d\u2019article une d\u00e9monstration de vol\u00e9e de cloches \u00e0 Seclin, chaque cloche \u00e0 son tour puis l\u2019ensemble appel\u00e9 plenum)<\/em><\/p>\n\n\n\n<p>Les cloches servaient pour appeler \u00e0 l\u2019entraide lors des incendies ou des dangers. C\u2019\u00e9tait le tocsin, environ 60 coups par minute, qui donnait l\u2019alerte. Le tocsin fut encore sonn\u00e9 en ao\u00fbt 1914 pour annoncer la mobilisation g\u00e9n\u00e9rale des hommes pour aller d\u00e9fendre la Patrie.<\/p>\n\n\n\n<p>Elles tintaient encore pour annoncer une agonie ou une mort. La cloche dite du pardon accompagnait le pr\u00eatre lorsqu\u2019il portait le Saint Viatique (derniers sacrements) \u00e0 un mourant. \u00c0 Seclin les documents relev\u00e9s par l\u2019abb\u00e9 Leuridan r\u00e9v\u00e8lent que <em>le cur\u00e9 Jean-Fran\u00e7ois Gossart avait demand\u00e9 le 16 juin 1699 une autorisation des chanoines \u00e0 sonner une petite cloche de la coll\u00e9giale pour appeler les porteurs de flambeaux qui l\u2019accompagnaient sur sa route, et pour avertir ceux qui ne peuvent venir de prier pour les malades. Il demande de sonner 9 coups de pardon. Le contenu de cette requ\u00eate fut accord\u00e9 en chapitre le 19 juin<\/em>.<\/p>\n\n\n\n<p>Les cloches appelaient enfin \u00e0 la c\u00e9r\u00e9monie des fun\u00e9railles par le glas.&nbsp;\u2013 tintement c\u2019est-\u00e0-dire&nbsp;: frappe sur l\u2019ext\u00e9rieur de la cloche, au rythme lent et sur une seule note -, encore usit\u00e9 de nos jours pour les fun\u00e9railles et lors des comm\u00e9morations des soldats morts pour la France.<\/p>\n\n\n\n<p>Les annales de Seclin conservent un texte du 11 d\u00e9cembre 1789 (relev\u00e9 par le chanoine Leuridan dans <em>Histoire de Seclin <\/em>T. III) qui r\u00e8gle le c\u00e9r\u00e9monial des fun\u00e9railles d\u2019un chanoine&nbsp;: <em>\u00ab&nbsp;un quart d\u2019heure avant qu\u2019on ne sonne son tr\u00e9pas, on sonnera de vol\u00e9e la cloche du chapitre* et on tintera alternativement les trois plus grosses cloches. Le glas durera tout le quart d\u2019heure, apr\u00e8s lequel on sonnera le tr\u00e9pas avec les quatre grosses cloches pendant une demi-heure. On r\u00e9p\u00e8tera ce m\u00eame glas et la vol\u00e9e de la cloche du chapitre pendant l\u2019enterrement du corps.\u00bb<\/em><\/p>\n\n\n\n<p><em>*La cloche du chapitre est celle qui annon\u00e7ait les assembl\u00e9es capitulaires, les \u00e9lections des doyens et leur mort.&nbsp;<\/em><\/p>\n\n\n\n<p>Un autre texte du 4 juillet 1777 r\u00e9glait le c\u00e9r\u00e9monial de r\u00e9ception de l\u2019\u00e9v\u00eaque&nbsp;:&nbsp;\u00ab<em>Son arriv\u00e9e sera annonc\u00e9e la veille par le son de toutes les cloches pendant une heure. Le clerg\u00e9 de la coll\u00e9giale, le lendemain \u00e0 l\u2019heure indiqu\u00e9e, se rendra processionnellement \u00e0 la barri\u00e8re de la rue de Lille, o\u00f9 le plus digne du ch\u0153ur pr\u00e9sentera \u00e0 baiser \u00e0 S.A. les reliques de saint Piat. Le son de toutes les cloches annoncera pour lors l\u2019entr\u00e9e de Mgr qu\u2019on conduira processionnellement \u00e0 l\u2019\u00e9glise\u2026\/\u2026Mgr ayant fini de donner la confirmation sera conduit \u00e0 la pr\u00e9v\u00f4t\u00e9 processionnellement et dans l\u2019ordre que dessus au son de toutes les cloches. (2<\/em><sup><em>e<\/em><\/sup><em> registre capitulaire Archives du Nord)<\/em><\/p>\n\n\n\n<p>Personne ne se plaignait \u00e0 l\u2019\u00e9poque du bruit des cloches. Il est vrai que sans elles la ville eut \u00e9t\u00e9 bien silencieuse&nbsp;! Le carillon orchestrait la f\u00eate et ses promesses de r\u00e9jouissances. Il avertissait des dangers et accompagnait toute existence.<\/p>\n\n\n\n<p>En 1794, la tour du carillon servit de relais pour la premi\u00e8re ligne du t\u00e9l\u00e9graphe Chappe qui annon\u00e7a le 1<sup>er<\/sup> septembre \u00e0 la Convention la reprise de Cond\u00e9-sur-l\u2019Escaut par les Fran\u00e7ais. Plus besoin de cloches d\u00e9sormais pour les communications \u00e0 distance.<\/p>\n\n\n\n<p><strong>Les cloches auxiliaires de police<\/strong><\/p>\n\n\n\n<p>Une ordonnance commune du Magistrat de la Ville et du Chapitre de la coll\u00e9giale du <strong>31 d\u00e9cembre<\/strong> <strong>1526<\/strong> avait r\u00e9gl\u00e9 la sonnerie de la cloche dite du Vigneron (Th. Leuridan T. III ) :<br><em>\u00ab&nbsp;Pour obvier \u00e0 plusieurs insolences, divisions et perditions de jeunes gens et autrement qui se commettent de nuit et hors d\u2019heure, y rem\u00e9dier par bonne police de justice tant contre les hostes, tenans et habituez \u2026&nbsp;\u00bb <\/em>; cette sonnerie enjoignait de quitter tavernes et cabarets et de rentrer chez soi. Il \u00e9tait interdit aux tenanciers de d\u00e9bits de boissons, apr\u00e8s cette sonnerie, de servir quiconque sous peine d\u2019amendes et m\u00eame d\u2019emprisonnement pour les transgresseurs. La sonnerie durait une demi-heure \u00e0 partir de huit heures du soir l\u2019hiver et de neuf heures et demie l\u2019\u00e9t\u00e9.<\/p>\n\n\n\n<p>Tout ce qui pr\u00e9c\u00e8de montre l\u2019importance des cloches comme moyen de communication. Elles informaient et rassemblaient toute une population.<\/p>\n\n\n\n<p>Mais la mati\u00e8re m\u00eame des cloches&nbsp;: l\u2019airain ou bronze, alliage de cuivre et d\u2019\u00e9tain, \u00e9tait un butin de valeur que convoitaient les arm\u00e9es. Celles de Seclin en firent les frais plusieurs fois pour fondre des monnaies ou des canons. Elles furent ainsi encore enlev\u00e9es et fondues \u00e0 la R\u00e9volution.<\/p>\n\n\n\n<p><strong>Le 23 avril 1824<\/strong> la ville passa commande pour remplacer les cloches perdues.<br>Les trois nouvelles cloches, livr\u00e9es en ao\u00fbt, \u00e9taient, selon la description qu\u2019en fait le chanoine Leuridan dans <em>Histoire de Seclin<\/em> tome 1 en 1929, Descl\u00e9e de Brouwer \u00e9diteurs, <em>\u00ab&nbsp;parsem\u00e9es de fleurs de lys, portant un \u00e9cu repr\u00e9sentant une cloche avec la l\u00e9gende, Appollre Caullier, fondeur.<\/em> (Il s\u2019agit en fait de monsieur Constant-Appollinaire CAVILLIER fondeur de cloches \u00e0 Amiens (1789-1864) comme le pr\u00e9cise M. Philippe Bacqueville, membre du Conseil d\u2019administration de notre association, dans \u00ab&nbsp;<em>La vie musicale \u00e0 Seclin aux XIX<sup>\u00e8me<\/sup> et XX<sup>\u00e8me<\/sup> si\u00e8cles<\/em>&nbsp;\u00bb publi\u00e9 en 2015 par la Soci\u00e9t\u00e9 Historique de Seclin, apr\u00e8s consultation de l\u2019ordonnancement r\u00e9dig\u00e9 par M. Claeys, maire de la ville).<\/p>\n\n\n\n<p>La facture s\u2019\u00e9l\u00e8ve \u00e0 6 986,65 francs (document O 955-55 des Archives d\u00e9partementales du Nord). Elle sera r\u00e9gl\u00e9e au fondeur sur les budgets communaux de 1825 et 1826. Il est pr\u00e9cis\u00e9 que le sieur Cavillier a r\u00e9cup\u00e9r\u00e9, pour la refondre, une ancienne cloche de 1 403 kg, et une petite cloche cass\u00e9e dont les valeurs sont d\u00e9duites du montant total. Mais d\u2019o\u00f9 provenaient ces deux cloches \u00e0 refondre&nbsp;? Ce sera le myst\u00e8re du carillon&nbsp;! Avis \u00e0 qui voudra l\u2019\u00e9lucider\u2026.<\/p>\n\n\n\n<p>Sur les trois nouvelles cloches \u00e9taient grav\u00e9es, en latin, les inscriptions suivantes&nbsp;:<\/p>\n\n\n\n<ul class=\"wp-block-list\">\n<li><em>En juillet 1824 j\u2019ai \u00e9t\u00e9 b\u00e9nite par M. J-Bte Minet, doyen cur\u00e9 de la ville de Seclin, et nomm\u00e9e <\/em><em><strong>J\u00e9sus<\/strong><\/em><em> par M. Henri Joseph Claeys, maire de cette ville et dame Catherine Collette-Dillies. Je p\u00e8se 1585 k.<\/em><\/li>\n<\/ul>\n\n\n\n<ul class=\"wp-block-list\">\n<li><em>En juillet 1824, sous l\u2019administration de M.Claeys, maire de la ville de Seclin, j\u2019ai \u00e9t\u00e9 b\u00e9nite par M. J-Bte Minet doyen et nomm\u00e9e <\/em><em><strong>Marie<\/strong><\/em><em> par M.Florent-Xavier-Joseph Collette adjoint \u00e0 la mairie et notaire royal \u00e0 Seclin, et Mlle Elise-St\u00e9phanie-Scholastique-Marie-Joseph Louy<\/em><\/li>\n<\/ul>\n\n\n\n<p><em>(C<\/em>ette cloche pesait 1168 kg d\u2019apr\u00e8s une notice r\u00e9dig\u00e9e en 1925 par M. Pruvot aum\u00f4nier de l\u2019hospice de Seclin)<\/p>\n\n\n\n<ul class=\"wp-block-list\">\n<li><em>En juillet 1824, sous l\u2019administration de M. Claeys, maire de la ville de Seclin, j\u2019ai \u00e9t\u00e9 b\u00e9nite par M. J.Bte Minet, doyen cur\u00e9 de cette ville et nomm\u00e9e <\/em><em><strong>Joseph <\/strong><\/em><em>par M. J.B. Carr\u00e9-Lalou, adjoint \u00e0 la mairie de Seclin et Mme Sophie-Marie Quecq, \u00e9pouse de M. Claeys, maire de cette ville. Je p\u00e8se 752k&nbsp;\u00bb<\/em><\/li>\n<\/ul>\n\n\n\n<p>\u00c0 l\u2019occasion de leur bapt\u00eame, un po\u00e8me intitul\u00e9 \u00ab&nbsp;<em>Les cloches de Seclin<\/em>&nbsp;\u00bb, compos\u00e9 par Edouard-Laurent Gachet*, n\u00e9 et d\u00e9c\u00e9d\u00e9 \u00e0 Lille, 1797-1845, fr\u00e8re de Louis Eug\u00e8ne entrepreneur de filature au ch\u00e2teau des Boulets \u00e0 Seclin, fut mis en chanson. Imprim\u00e9s \u00e0 Lille par L. Lefort, imprimeur du roi, les six couplets se chantaient sur l\u2019air de \u00ab&nbsp;T\u2019en souviens-tu&nbsp;?&nbsp;\u00bb de Joseph-Denis Doche, 1766-1825, air tr\u00e8s populaire alors en France et en Wallonie,<\/p>\n\n\n\n<p>Voici quelques vers du po\u00e8me&nbsp;: <br>\u00ab&nbsp;Au son bruyant de trois cloches nouvelles,<br>J\u2019entends des chants, j\u2019entends des v\u0153ux s\u2019unir<br>Soyez heureux&nbsp;! Ah&nbsp;! Jamais puissent-elles<br>Ne vous laisser un amer souvenir&nbsp;! \u00bb<\/p>\n\n\n\n<p><em>*Edouard-Laurent Gachet, est l\u2019oncle de Paul-Ferdinand Gachet, fils du filateur pr\u00e9cit\u00e9, m\u00e9decin, artiste, collectionneur d\u2019art, connu pour avoir accueilli et soign\u00e9 \u00e0 Auvers-sur-Oise Vincent Van Gogh qui r\u00e9alisa son c\u00e9l\u00e8bre portrait.<\/em><\/p>\n\n\n\n<p><strong>Nouvelle perte de cloches en 1917<\/strong><\/p>\n\n\n\n<p>\u00ab&nbsp;Le batteleur et son clavier \u00bb&nbsp; mentionn\u00e9s dans les comptes de 1494-1495, nous indiquent que nos cloches ont d\u00fb avoir, \u00e0 certaines \u00e9poques, une fonction musicale<em>. <\/em>Cependant, d\u2019apr\u00e8s la notice descriptive r\u00e9dig\u00e9e en 1925 par M. Pruvot, pr\u00e9cit\u00e9, il semble qu\u2019il n\u2019y avait plus alors de clavier. <em>\u00ab&nbsp;L\u2019horloge annon\u00e7ait l\u2019heure sur une grosse cloche, les demies sur une plus petite, et \u00e0 chaque quart d\u2019heure on entendait un joli carillon compos\u00e9 de 5 petites cloches.&nbsp;\u00bb .<\/em>Deux ritournelles de ce carillon sont rest\u00e9es dans les m\u00e9moires&nbsp;: C\u2019\u00e9taient \u00ab&nbsp;J\u2019ai du bon tabac dans ma tabati\u00e8re&nbsp;\u00bb, comptine populaire attribu\u00e9e \u00e0 Gabriel-Charles de Lattaignant 1697-1779&nbsp;; et:&nbsp;\u00ab La soupe aux choux se fait dans la marmite..&nbsp;\u00bb autre air populaire dont l\u2019auteur est inconnu.<\/p>\n\n\n\n<p><em>\u00ab&nbsp;Ces cloches furent enlev\u00e9es et bris\u00e9es par les Allemands le 18 mai 1917. Les petites cloches furent laiss\u00e9es parce qu\u2019elles portaient des dates anciennes. C\u2019\u00e9taient&nbsp;: le dindin, qui fut replac\u00e9 au haut de l\u2019\u00e9glise en avril 1921 et qui servait \u00e0 annoncer les offices et les cloches de la sacristie et du ch\u0153ur.&nbsp;Deux autres petites cloches furent enlev\u00e9es par des pillards au milieu des ruines du clocher en 1918&nbsp;\u00bb.<\/em><\/p>\n\n\n\n<p>Car en octobre 1918 les Allemands dynamit\u00e8rent le clocher qui s\u2019\u00e9croula en emportant une partie de la fa\u00e7ade et de la nef de l\u2019\u00e9difice. Une fermeture provisoire fut alors install\u00e9e au niveau du transept et sur les photos de l\u2019\u00e9glise vers 1920 on aper\u00e7oit un petit clocheton de bois qui abritait probablement la cloche appelant aux offices. (Photos consultables sur le site <a href=\"https:\/\/www.pop.culture.gouv.fr\/\">https:\/\/www.pop.culture.gouv.fr\/<\/a>) .<\/p>\n\n\n\n<p><strong>Un carillon r\u00e9put\u00e9&nbsp;!<\/strong><\/p>\n\n\n\n<p>Les dommages de guerre ne furent fix\u00e9s qu\u2019en 1927&nbsp;; on put enfin envisager la reconstruction. Dans les dommages de guerre la part des cloches et de l\u2019horloge ressort \u00e0 environ 130 000 francs. Comme pour le reste de l\u2019\u00e9difice ce fut naturellement insuffisant. Le pr\u00e9sident de la coop\u00e9rative de reconstruction, M. Achille Caby, et le chanoine Locquet, cur\u00e9 doyen de Seclin, se mobilis\u00e8rent pour que la ville reb\u00e2tisse maisons et \u00e9glise. Pour celle-ci, en fin d\u2019ann\u00e9e 1931 la ma\u00e7onnerie est termin\u00e9e. Depuis 1924, ils cherchent \u00e0 qui s\u2019adresser pour la fabrication d\u2019un nouveau carillon et rencontrent Maurice Lannoy, carillonneur de Saint-Amand comme sp\u00e9cialiste de la question. Des contacts sont \u00e9tablis avec divers fondeurs fran\u00e7ais et \u00e9trangers. Ce sera finalement la fonderie anglaise Gillett &amp; Johnston \u00e0 Croydon pr\u00e8s de Londres, r\u00e9put\u00e9e pour la justesse de ses cloches qui sera retenue, ce qui nous a valu de poss\u00e9der le seul carillon anglais de France, harmonis\u00e9 au diapason de Big Ben, la cloche du Parlement britannique&nbsp;!<\/p>\n\n\n\n<p>Jean-Baptiste Mulier, ma\u00eetre carillonneur de la ville de Seclin (1912-1995) l\u2019\u00e9voque en ces termes dans ses&nbsp;\u00ab<em>Souvenirs<\/em>&nbsp;\u00bb publi\u00e9s en 1983&nbsp;:&nbsp;<em>\u00abL\u2019un des meilleurs d\u2019Europe pour sa justesse et sa puret\u00e9, fondu en une seule coul\u00e9e selon la m\u00e9thode ancienne retrouv\u00e9e par les Anglais, son \u00e9tendue est de pr\u00e8s de quatre octaves allant du do di\u00e8se au si suraigu. Il permet d\u2019interpr\u00e9ter de la musique classique, populaire et moderne. C\u2019est un instrument tr\u00e8s sensible.\u00bb<\/em><\/p>\n\n\n\n<p>La commande avait pu en \u00eatre faite le 11 ao\u00fbt 1932 et la r\u00e9ception \u00e0 Croydon r\u00e9alis\u00e9e le 24 d\u00e9cembre 1932. Deux souscriptions avaient \u00e9t\u00e9 lanc\u00e9es pour son financement. L\u2019une aupr\u00e8s des personnalit\u00e9s et industriels de la ville, l\u2019autre aupr\u00e8s de tous les Seclinois. Les 42 cloches pesant 7451 kg, arriv\u00e8rent \u00e0 Seclin en janvier 1933 et furent entrepos\u00e9es dans la distillerie de M. Collette en attendant la fin des travaux du campanile car le clocher devait \u00eatre rehauss\u00e9 pour la circonstance.<\/p>\n\n\n\n<figure class=\"wp-block-image size-full is-style-twentytwentyone-border\"><img loading=\"lazy\" decoding=\"async\" width=\"779\" height=\"499\" src=\"http:\/\/umkjlli.cluster030.hosting.ovh.net\/wp-content\/uploads\/2022\/10\/PCO10.jpg\" alt=\"\" class=\"wp-image-140\" srcset=\"http:\/\/collegiale-saint-piat-seclin.fr\/wp-content\/uploads\/2022\/10\/PCO10.jpg 779w, http:\/\/collegiale-saint-piat-seclin.fr\/wp-content\/uploads\/2022\/10\/PCO10-300x192.jpg 300w, http:\/\/collegiale-saint-piat-seclin.fr\/wp-content\/uploads\/2022\/10\/PCO10-768x492.jpg 768w\" sizes=\"auto, (max-width: 779px) 100vw, 779px\" \/><figcaption class=\"wp-element-caption\">Les cloches entrepos\u00e9es dans la distillerie de M. Collette<\/figcaption><\/figure>\n\n\n\n<p>Quatre des nouvelles cloches furent baptis\u00e9es le 7 mai 1933, elles se nomment&nbsp;: Piat, \u00c9loi, Eubert, et Marie.<\/p>\n\n\n\n<ul class=\"wp-block-list\">\n<li><strong>Piat<\/strong>, le bourdon, p\u00e8se 2085kg, son parrain fut M. George Collette, sa marraine&nbsp;: Mlle Ir\u00e8ne Collette. Il porte pour inscription (les inscriptions sont en latin et sont ici traduites)&nbsp;: <em>\u00ab&nbsp;Je remplace ma s\u0153ur, b\u00e9nite en l\u2019an 1824 et enlev\u00e9e par les Allemands en 1917. Je fus consacr\u00e9e en l\u2019an du Seigneur 1932 par son \u00c9minence le Cardinal Achille Li\u00e9nart, Ma\u00eetre Alexandre Locquet \u00e9tant recteur de cette \u00e9glise autrefois coll\u00e9giale. D\u00e9di\u00e9e \u00e0 Saint-Piat je sonne pour chanter les gloires de la Patrie et pleurer ses malheurs.&nbsp;\u00bb<\/em><\/li>\n<\/ul>\n\n\n\n<ul class=\"wp-block-list\">\n<li><strong>\u00c9loi<\/strong>, eut pour parrain et marraine M. Prosper Eeckman et Mme Eeckman-Dujardin son \u00e9pouse. Elle porte entre autres pour inscription&nbsp;:&nbsp;<em>\u00ab d\u00e9di\u00e9e \u00e0 saint \u00c9loi, je pleure avec ceux qui pleurent, je me r\u00e9jouis avec ceux qui sont dans la joie&nbsp;\u00bb<\/em>. Elle p\u00e8se 860 kg. C\u2019est la cloche ordinaire des enterrements et des mariages.<\/li>\n<\/ul>\n\n\n\n<ul class=\"wp-block-list\">\n<li><strong>Eubert<\/strong> eut pour parrain M. Henri Delattre et pour marraine Mme Henri Duriez. Elle p\u00e8se 620 kg. Outre l\u2019inscription&nbsp;:<em>&nbsp;\u00ab je remplace ma s\u0153ur etc\u2026pr\u00e9cit\u00e9e, compl\u00e9t\u00e9e cette fois par&nbsp;: M. M. Robert Bouillet et Jean Vandamme \u00e9tant vicaires, <\/em>elle porte&nbsp;:<em>     \u00ab&nbsp; D\u00e9di\u00e9e \u00e0 saint Eubert  j\u2019appelle chaque jour les fid\u00e8les aux offices \u00bb.<\/em><\/li>\n<\/ul>\n\n\n\n<ul class=\"wp-block-list\">\n<li><strong>Marie<\/strong> eut pour parrain M. Albert Boidin et pour marraine Mme veuve Auguste Boidin. C\u2019est la cloche de l\u2019Ang\u00e9lus qui porte fi\u00e8rement&nbsp;:&nbsp;<em>\u00abPar mes tintements du matin, de midi et du soir je loue la Vierge&nbsp;\u00bb.<\/em> Son poids est de 460kg.<\/li>\n<\/ul>\n\n\n\n<ul class=\"wp-block-list\">\n<li>Une cloche fixe porte le nom des principaux donateurs&nbsp;: \u00ab<em>Ce carillon a \u00e9t\u00e9 \u00e9rig\u00e9 par souscription publique. Y ont particip\u00e9 pour une somme d\u2019au moins 3000 Frs&nbsp;: Mr. et Mme Albert COLLETTE, Mr. et Mme Gustave DURIEZ, Mr. et Mme Victor DUJARDIN, Mr. et Mme Georges DUJARDIN, Mr. et Mme Emile DESCLOQUEMANT, Mme veuve Arthur CLAEYS, La famille LECLERCQ, La famille DUHAYON, Mr. et Mme CAULIER, Mr. le docteur et Mme DEMAY, Mr. et Mme Maurice DURIEZ, Mr. et Mlle LEROY, Mr. J.Bpte CABY et sa s\u0153ur, Mlle Maria GROLEZ, Mr. et Mme THOUMIN, Mr. et Mme Charles DUFLOT-HUE.<\/em><\/li>\n<\/ul>\n\n\n\n<p><em>Ont apport\u00e9 leur collaboration&nbsp;: Inspecteur g\u00e9n\u00e9ral des Monuments Historiques&nbsp;: Mr. E. RATTIER<\/em><br><em>Architecte en Chef&nbsp;: Mr. G. GUET<\/em><br><em>Pr\u00e9sident de la Coop\u00e9rative de Reconstruction de Seclin&nbsp;: Mr. Achille CABY<\/em><br><em>Expert Carillonneur&nbsp;: Mr. Maurice LANNO<\/em>Y<br><em>Armes de la Ville de Seclin&nbsp;.1932\u00bb<\/em><\/p>\n\n\n\n<p>Les 37 cloches restantes portent l\u2019inscription du fondeur, les armoiries de la Ville de Seclin, et 1932 <em>(relev\u00e9 par Jean-Baptiste Mulier)<\/em><\/p>\n\n\n\n<p>Voici la relation de l\u2019\u00e9v\u00e8nement par \u00ab&nbsp;<em>Le Grand Hebdomadaire Illustr\u00e9<\/em>&nbsp;\u00bb du 21 mai 1933&nbsp;:<\/p>\n\n\n\n<p><em>\u00ab&nbsp;La petite ville industrielle et agricole de Seclin \u00e9tait en f\u00eate dimanche dernier, \u00e0 l\u2019occasion de la b\u00e9n\u00e9diction de ses cloches. Une foule, que l\u2019on peut \u00e9valuer \u00e0 plusieurs milliers de personnes, remplissait l\u2019\u00e9glise St Piat, class\u00e9e monument historique, et le chantier de reconstruction de la partie d\u00e9truite, le ch\u0153ur \u00e9tait d\u00e9cor\u00e9 avec le plus grand go\u00fbt, au milieu d\u2019une profusion de fleurs, plantes vertes, banni\u00e8res et bougies..<\/em><\/p>\n\n\n\n<p><em>Les quatre cloches paroissiales \u00e9taient suspendues dans le fond de l\u2019\u00e9difice. Drap\u00e9es dans des robes de mousseline rouge, violette, verte et blanche, elles produisaient le plus gracieux effet. En arri\u00e8re et de chaque c\u00f4t\u00e9 de cette premi\u00e8re rang\u00e9e de cloches (religieuses) avaient \u00e9t\u00e9 dispos\u00e9es leurs s\u0153urs (civiles) appartenant au carillon communal, au nombre de 38 dont beaucoup sont d\u2019assez belle taille. Elles n\u2019avaient \u00e9t\u00e9 envelopp\u00e9es d\u2019aucune tenture et portaient simplement la cocarde tricolore .Ces 42 cloches constituent un ensemble musical de trois octaves et demi pesant 7451 kg. Ce fut Mgr Jansoone, rempla\u00e7ant le cardinal Lienart, emp\u00each\u00e9, qui proc\u00e9da \u00e0 la b\u00e9n\u00e9diction solennelle des cloches. Le pr\u00e9lat \u00e9tait entour\u00e9 de Mr le Vicaire G\u00e9n\u00e9ral Dewailly et de tout le clerg\u00e9 du d\u00e9canat.<\/em><\/p>\n\n\n\n<p><em>Apr\u00e8s la b\u00e9n\u00e9diction, Mr le Vicaire G\u00e9n\u00e9ral monta en chaire \u2026Monseigneur Jansoone proc\u00e9da ensuite aux c\u00e9r\u00e9monies liturgiques tandis que la ma\u00eetrise de la paroisse chantait les psaumes de la circonstance avant de faire proc\u00e9der par les parrains et marraines \u00e0 la sonnerie rituelle des cloches\u2026.(Il)\u2026tint \u00e0 adresser quelques mots \u00e0 l\u2019assistance. Il t\u00e9moigna de son admiration pour l\u2019\u0153uvre si importante qui avait \u00e9t\u00e9 r\u00e9alis\u00e9e\u2026<\/em><em><u>Il remercia la population toute enti\u00e8re et f\u00e9licita chaleureusement les parrains et marraines et personnalit\u00e9s diverses, pour le concours g\u00e9n\u00e9reux, pers\u00e9v\u00e9rant, et intelligent qu\u2019ils avaient apport\u00e9 \u00e0 cette \u0153uvre\u2026<\/u><\/em><em>(<\/em><em>c\u2019est nous qui soulignons )<\/em><\/p>\n\n\n\n<p><em>Apr\u00e8s la c\u00e9r\u00e9monie religieuse une copieuse distribution de drag\u00e9es et de souvenirs offerts par les parrains et marraines fut faite aux assistants. Ce fut le moment choisi pour donner une premi\u00e8re audition de carillon. Comme aucun m\u00e9canisme ne pouvait \u00eatre install\u00e9, quelques airs tr\u00e8s simples furent ex\u00e9cut\u00e9s par plusieurs membres de l\u2019Union Musicale \u00e0 la tr\u00e8s vive satisfaction de la foule assembl\u00e9e.<\/em><\/p>\n\n\n\n<p><em>\u00ab&nbsp;On fait de ce carillon un tr\u00e8s vif \u00e9loge. Il pourra, parait-il, revendiquer la gloire d\u2019un des meilleurs carillons de France. Il permettra de jouer les airs les plus importants et pourra \u00eatre touch\u00e9 par les meilleurs artistes de l\u2019Art Campanaire.&nbsp;\u00bb<\/em><\/p>\n\n\n\n<figure class=\"wp-block-image size-large is-style-twentytwentyone-border\"><img loading=\"lazy\" decoding=\"async\" width=\"1024\" height=\"501\" src=\"http:\/\/umkjlli.cluster030.hosting.ovh.net\/wp-content\/uploads\/2022\/10\/PCO11-1024x501.jpg\" alt=\"\" class=\"wp-image-141\" srcset=\"http:\/\/collegiale-saint-piat-seclin.fr\/wp-content\/uploads\/2022\/10\/PCO11-1024x501.jpg 1024w, http:\/\/collegiale-saint-piat-seclin.fr\/wp-content\/uploads\/2022\/10\/PCO11-300x147.jpg 300w, http:\/\/collegiale-saint-piat-seclin.fr\/wp-content\/uploads\/2022\/10\/PCO11-768x376.jpg 768w, http:\/\/collegiale-saint-piat-seclin.fr\/wp-content\/uploads\/2022\/10\/PCO11.jpg 1386w\" sizes=\"auto, (max-width: 1024px) 100vw, 1024px\" \/><\/figure>\n\n\n\n<p>Les cloches furent hiss\u00e9es dans le clocher le 8 mai 1933.&nbsp;<em>\u00abLe travail dura environ 6 jours sous la direction de Mr. Down. De mai \u00e0 juillet, construction de la charpente du beffroi et du chevalet pour les cloches, travaux ex\u00e9cut\u00e9s par la maison P. Rouz\u00e9 et A. Mouret, entrepreneurs \u00e0 Lille. Du 8 mai au 21 septembre installation des cloches. En octobre et novembre installation du m\u00e9canisme par la maison Somers. En novembre les ateliers \u00e9lectroniques et la maison Brilli\u00e9 ach\u00e8vent leurs travaux sur les m\u00e9canismes et l\u2019horloge.<\/em> <a href=\"#sdfootnote3sym\" id=\"sdfootnote3anc\"><sup>3<\/sup><\/a><\/p>\n\n\n\n<figure class=\"wp-block-image size-large is-style-twentytwentyone-border\"><img loading=\"lazy\" decoding=\"async\" width=\"762\" height=\"1024\" src=\"http:\/\/umkjlli.cluster030.hosting.ovh.net\/wp-content\/uploads\/2022\/10\/PCO12-762x1024.jpg\" alt=\"\" class=\"wp-image-142\" srcset=\"http:\/\/collegiale-saint-piat-seclin.fr\/wp-content\/uploads\/2022\/10\/PCO12-762x1024.jpg 762w, http:\/\/collegiale-saint-piat-seclin.fr\/wp-content\/uploads\/2022\/10\/PCO12-223x300.jpg 223w, http:\/\/collegiale-saint-piat-seclin.fr\/wp-content\/uploads\/2022\/10\/PCO12-768x1032.jpg 768w, http:\/\/collegiale-saint-piat-seclin.fr\/wp-content\/uploads\/2022\/10\/PCO12.jpg 824w\" sizes=\"auto, (max-width: 762px) 100vw, 762px\" \/><figcaption class=\"wp-element-caption\">La photographie dat\u00e9e de 1933 a \u00e9t\u00e9 prise avant la mont\u00e9e du bourdon dans le clocher. On reconna\u00eet, deuxi\u00e8me \u00e0 partir de la gauche, le chanoine Locquet, cur\u00e9-doyen, coiff\u00e9 de la barrette ; \u00e0 l&rsquo;arri\u00e8re-plan, t\u00eate nue, Achille Caby, adjoint au maire, pr\u00e9sident de la coop\u00e9rative de reconstruction.<\/figcaption><\/figure>\n\n\n\n<p><em><em>L\u2019\u00c9cho du Nord<\/em><\/em> du 6 septembre1933 pr\u00e9cise que&nbsp;la couverture de la nouvelle fl\u00e8che ardois\u00e9e de 11,50m de haut vient d\u2019\u00eatre achev\u00e9e<em>\u2026\u00abLes deux charpentes ou beffrois des 42 cloches ont \u00e9t\u00e9 mont\u00e9es cette semaine. Dans quelques jours la fonderie enverra ses hommes pour proc\u00e9der \u00e0 la suspension des cloches. Le premier beffroi se trouve dans la tour elle-m\u00eame, (28 m.), \u00e0 la hauteur des abat-son. Il servira \u00e0 la suspension des quatre cloches d\u2019\u00e9glise, qui pourront \u00eatre sonn\u00e9es en vol\u00e9e&nbsp;.Le deuxi\u00e8me beffroi est situ\u00e9 au-dessus, dans la fl\u00e8che, en face des abat-son et supportera les 38 cloches fixes du carillon. La cabine du carillonneur et le m\u00e9canisme sont situ\u00e9s entre ces deux groupes de cloches, \u00e0 la hauteur de l\u2019horloge o\u00f9 l\u2019on vient de percer les quatre trous des aiguilles des quatre cadrans. Du point de vue musical, les 4 cloches de vol\u00e9e constituent les basses des 38 cloches fixes et c\u2019est une originale conception qui donne une grande valeur au carillon de Seclin. On attend avec impatience la premi\u00e8re audition de ce beau carillon qui, de l\u2019avis des connaisseurs, est d\u2019une justesse parfaite ce qui, parait-il, est excessivement rare.&nbsp;\u00bb (relev\u00e9 par Mme Larrouqu\u00e8re dans \u00abDivers faits \u00e0 Seclin 1871 \u00e0 1955 \u00bb)<\/em><\/p>\n\n\n\n<p>Le 11 novembre (comm\u00e9moration de l\u2019Armistice) le premier concert est donn\u00e9 par Maurice Lannoy. Et Jean-Baptiste Mulier note que c\u2019est sa premi\u00e8re rencontre avec ce ma\u00eetre carillonneur<\/p>\n\n\n\n<p class=\"has-text-align-center\">-o O o &#8211;<\/p>\n\n\n\n<p>Ce carillon comprend&nbsp;:<\/p>\n\n\n\n<p>1) <strong>un carillon automatique<\/strong> qui sonne \u00e0 l\u2019heure et \u00e0 chaque quart d\u2019heure avec une ritournelle&nbsp;: \u00e0 l\u2019heure&nbsp;: <em>Le P\u2019tit Quinquin<\/em>, <br>d&rsquo; Alexandre Desrousseaux, chansonnier patoisant \u00e0 Lille, 1820-1892; au quart, <em>le bon roi Dagobert<\/em>, en m\u00e9moire de saint Eloi qui red\u00e9couvrit le tombeau de saint Piat&nbsp;; \u00e0 la demie, &nbsp; <em>Mandoline d\u2019oiseau<\/em> de Georges Carpentier, 1870-1939, chef de musique \u00e0 Seclin; aux trois quarts, <em>J\u2019ai du bon tabac dans ma<\/em> <em>tabati\u00e8re<\/em> qui \u00e9tait d\u00e9j\u00e0 jou\u00e9e par l\u2019ancien carillon.<\/p>\n\n\n\n<p>Actionn\u00e9 par un tambour cylindrique de 1,25m de diam\u00e8tre, pesant 1975 kg, fabriqu\u00e9 par la maison Somers \u00e0 Malines (Belgique) vers 1930, il est perc\u00e9 de 7200 trous carr\u00e9s dans lesquels sont ins\u00e9r\u00e9s des taquets qui, au passage, soul\u00e8vent 60 bascules frappant \u00e0 leur tour sur l\u2019ext\u00e9rieur des cloches. Le piquage des airs sur le tambour ainsi que l\u2019harmonisation ont \u00e9t\u00e9 r\u00e9alis\u00e9s par Jef Dhenyn directeur de l\u2019\u00e9cole de carillon de Malines, avec la collaboration de Maurice Lannoy carillonneur de Saint-Amand-les-Eaux et celle de Georges Carpentier directeur de l\u2019Union Musicale de Seclin. Un treuil muni d\u2019un contrepoids fait actionner le cylindre.<\/p>\n\n\n\n<figure class=\"wp-block-image size-full is-style-twentytwentyone-border\"><img loading=\"lazy\" decoding=\"async\" width=\"953\" height=\"714\" src=\"http:\/\/umkjlli.cluster030.hosting.ovh.net\/wp-content\/uploads\/2022\/10\/PCO13.jpg\" alt=\"\" class=\"wp-image-143\" srcset=\"http:\/\/collegiale-saint-piat-seclin.fr\/wp-content\/uploads\/2022\/10\/PCO13.jpg 953w, http:\/\/collegiale-saint-piat-seclin.fr\/wp-content\/uploads\/2022\/10\/PCO13-300x225.jpg 300w, http:\/\/collegiale-saint-piat-seclin.fr\/wp-content\/uploads\/2022\/10\/PCO13-768x575.jpg 768w\" sizes=\"auto, (max-width: 953px) 100vw, 953px\" \/><figcaption class=\"wp-element-caption\">Tambour des ritournelles du carillon<\/figcaption><\/figure>\n\n\n\n<p><strong>2) Un carillon \u00e0 clavier et p\u00e9dalier dit clavier Flamand ou \u00ab&nbsp;\u00e0 coups de poing&nbsp;\u00bb, <\/strong>comportant 41 manettes et 20 p\u00e9dales, fabriqu\u00e9 lui aussi par la maison Somers de Malines (Belgique), d\u2019un poids de 260kg, actionn\u00e9 par le carillonneur, qui en joue comme d\u2019un orgue ou d\u2019un piano, mais en frappant les&nbsp; \u00ab touches&nbsp;\u00bb du c\u00f4t\u00e9 de la main, ce qui n\u00e9cessite la protection de gants sp\u00e9ciaux\u2026 Depuis 1961, M.Jean-Baptiste Mulier fut le carillonneur municipal de Seclin. Son fils Jean-Francis, membre du Conseil d\u2019Administration de notre association, lui a succ\u00e9d\u00e9 en 1967 jusque 2017.Tr\u00e8s impliqu\u00e9s dans la Guilde des Carillonneurs de France, ils ont contribu\u00e9 tous deux \u00e0 donner tout son lustre au carillon de Seclin et l\u2019ont servi avec passion.<\/p>\n\n\n\n<p class=\"has-text-align-center\">-o O o &#8211;<\/p>\n\n\n\n<p><strong>12 avril 1936, jour de P\u00e2ques<\/strong> La premi\u00e8re grand-messe solennelle est c\u00e9l\u00e9br\u00e9e dans l\u2019\u00e9glise enti\u00e8rement rendue au culte. <em>L\u2019\u00c9cho du Nord<\/em> du 16 en rend compte&nbsp;: <em>\u00ab date historique a justement dit M. le chanoine Locquet, doyen de Seclin, qui fut, de longues ann\u00e9es durant l\u2019\u00e2me agissante et bienfaisante de l\u2019\u0153uvre de r\u00e9\u00e9dification de ce chef d\u2019\u0153uvre de l\u2019art religieux. Elle marque la fin d\u2019un long martyre&nbsp;\u00bb.<\/em> On imagine que ce fut une f\u00eate amplement carillonn\u00e9e&nbsp;!<\/p>\n\n\n\n<p>Mais la guerre est de retour en 1939&nbsp;!<\/p>\n\n\n\n<p><strong>17 d\u00e9cembre 1940<\/strong>, <strong> <\/strong><em>L\u2019\u00c9cho du Nord<\/em> s\u2019\u00e9meut et alerte les autorit\u00e9s comp\u00e9tentes, les incitant \u00e0 se pr\u00e9occuper de l\u2019\u00e9tat de l\u2019\u00e9glise qui a besoin de travaux apr\u00e8s avoir \u00e9t\u00e9 touch\u00e9e en mai par une torpille qui a \u00e9branl\u00e9 les 2 contreforts de la tour. Il pr\u00e9cise que <em>\u00able carillon qui a co\u00fbt\u00e9 plus de 600 000 francs il y a dix ans risque de disparaitre d\u2019une heure \u00e0 l\u2019autre\u2026&nbsp;\u00bb<\/em><\/p>\n\n\n\n<p><strong>En 1944<\/strong>, un groupe de Seclinois d\u00e9cident de sauver une partie du carillon pour le soustraire aux Allemands. \u00ab&nbsp;<em>M.M. E. Carr\u00e9, Ledru, C. Boisserolles d\u00e9montent 29 cloches, M.M. Decherf, Podvin, Carr\u00e9 et Caby les cachent dans le hangar de M. Decherf, route d\u2019Enneti\u00e8res, elles sont enfouies \u00e0 1m de profondeur dans des tonneaux m\u00e9talliques&nbsp;\u00bb.<\/em> <a id=\"sdfootnote4anc\" href=\"#sdfootnote4sym\"><sup>4<\/sup><\/a><\/p>\n\n\n\n<p><strong>31 d\u00e9cembre 1944 <\/strong>Le journal <em>La Croix du Nord<\/em> se r\u00e9jouit de ce que l\u2019on va remonter le carillon. Les 29 cloches d\u00e9mont\u00e9es vont retrouver place dans le clocher.<\/p>\n\n\n\n<p><strong>1947 \u00ab&nbsp;<\/strong> <em>Apr\u00e8s 7 ans de torpeur notre carillon est r\u00e9veill\u00e9 par un concert donn\u00e9 par M. Picavet carillonneur roubaisien. En ao\u00fbt, le \u00ab&nbsp;la&nbsp;\u00bb de Seclin est pr\u00eat\u00e9 \u00e0 Calais pour le 600<\/em><sup><em>\u00e8me<\/em><\/sup><em> anniversaire de l\u2019acte de d\u00e9vouement des Bourgeois de Calais, la ville ayant perdu sa propre cloche par faits de guerre \u00bb<\/em>&nbsp;<a id=\"sdfootnote5anc\" href=\"#sdfootnote5sym\"><sup>5<\/sup><\/a><\/p>\n\n\n\n<p><strong>13 juillet 1954 <\/strong><em>Nord Matin<\/em> annonce pour le lendemain une bonne nouvelle qui r\u00e9jouira les m\u00e9lomanes&nbsp;: <em>\u00ab&nbsp;Depuis un certain temps, les Seclinois n\u2019entendaient plus les belles sonorit\u00e9s de notre magnifique carillon. Mais une belle surprise&nbsp;! Nous avons su qu\u2019un superbe concert serait jou\u00e9 sur nos cloches par M. Fortun\u00e9 G\u00e9rard, ancien Seclinois, 1<\/em><sup><em>er<\/em><\/sup><em> prix du Conservatoire de Lille, ancien \u00e9l\u00e8ve de l\u2019Institut des aveugles de Ronchin avec le programme suivant&nbsp;: marche congol\u00e8se (Gilles), le temps des cerises, sonatine de Cl\u00e9ment, r\u00eaverie de Schumann, la chanson des bl\u00e9s d\u2019or, le petit chaperon rouge, marche turque de Mozart. \u00bb<\/em><\/p>\n\n\n\n<p>Le carillon f\u00eate son trenti\u00e8me anniversaire le 29 mars 1961. Il est r\u00e9put\u00e9, il re\u00e7oit des visiteurs.<\/p>\n\n\n\n<p><strong>Visites \u00e0 Seclin de carillonneurs \u00e9trangers&nbsp;:<\/strong> MM. Mulier p\u00e8re et fils ont retenu les passages de Mr Percival PRICE carillonneur \u00e0 Ottawa (Canada) et aux Etats Unis, auteur, compositeur, autorit\u00e9 mondiale en campanologie, en 1935 et 1974&nbsp;; Mr Arthur LYNDS BIGELOW, carillonneur \u00e0 Louvain (Belgique) et Princeton (USA) en 1934&nbsp;; M. Gaston VANDENBERGH carillonneur \u00e0 Malines (Belgique) en 1967. Ils ont bien s\u00fbr fait sonner notre carillon.<\/p>\n\n\n\n<p><strong>1971-1972 <\/strong>Le premier congr\u00e8s des carillonneurs de France se tient \u00e0 Tourcoing en 1971. La guilde des carillonneurs de France est officiellement constitu\u00e9e \u00e0 Douai en 1972 sous la pr\u00e9sidence de Jacques Lannoy carillonneur de la Ville. Jean-Baptiste Mulier carillonneur \u00e0 Seclin en est le secr\u00e9taire.<\/p>\n\n\n\n<p><strong>1974 <\/strong>La Guilde r\u00e9unie \u00e0 Seclin re\u00e7oit de nombreux carillonneurs fran\u00e7ais et \u00e9trangers&nbsp;:<a href=\"#sdfootnote6sym\" id=\"sdfootnote6anc\"><sup>6<\/sup><\/a><\/p>\n\n\n\n<figure class=\"wp-block-table\"><table><tbody><tr><td><br>Noms<\/td><td><br>Lieux o\u00f9 ils se produisent<\/td><td><br>Date de passage \u00e0 Seclin<\/td><\/tr><tr><td>Andr\u00e9 RANFAING<\/td><td>Saint-Quentin<\/td><td>1974<\/td><\/tr><tr><td>Milford MYHRE<\/td><td>De Floride (USA) carillonneur at Bok Tower Gardens lake Wales<\/td><td>1974 congr\u00e8s de la Guilde<\/td><\/tr><tr><td>Franck PECHIN LAW<\/td><td>De Pennsylvanie (USA )carillonneur \u00e0 Washington et Valley Forge<\/td><td>\u00ab&nbsp;<\/td><\/tr><tr><td>William de TURK<\/td><td>Carillonneur du Michigan (USA)<\/td><td>\u00ab&nbsp;<\/td><\/tr><tr><td>Margo HALSTED<\/td><td>Carillonneuse de Californie (USA)<\/td><td>\u00ab&nbsp;<\/td><\/tr><tr><td>Todd FAIR<\/td><td>De Pennsylvanie (USA)<\/td><td>\u00ab&nbsp;<\/td><\/tr><tr><td>Laura MELLINK<\/td><td>De Rotterdam (Pays Bas)<\/td><td>\u00ab&nbsp;<\/td><\/tr><tr><td>Jacqueline GOGUET<\/td><td>De Paris<br><\/td><td>\u00ab&nbsp;auteure de&nbsp;:&nbsp;\u00abLe carillon des origines \u00e0 nos jours&nbsp;\u00bb<\/td><\/tr><tr><td>F.et K.HINLOPEN<\/td><td>De Hilversum (Pays Bas)<\/td><td>\u00ab&nbsp;<\/td><\/tr><tr><td>Jacques LANNOY<\/td><td>Douai<\/td><td>Pr\u00e9sident de la Guilde<\/td><\/tr><tr><td>Emile LANNOY<\/td><td>Lagny sur Marne<\/td><td>Fr\u00e8re de Maurice<\/td><\/tr><tr><td>Auguste POTHIER<\/td><td>Hospices de Beaune (C\u00f4te d\u2019Or)<\/td><td><br><\/td><\/tr><tr><td>Henri GARNIER<\/td><td>Dijon (C\u00f4te-d\u2019Or)<\/td><td><br><\/td><\/tr><tr><td>Jean-Pierre CARME<\/td><td>Castres (Tarn)<\/td><td><br><\/td><\/tr><tr><td>J.Louis VIGUIER<\/td><td>N.D. de la Dr\u00e8che Albi (Tarn)<\/td><td><br><\/td><\/tr><tr><td>Abb\u00e9 Henry WOITELIER<\/td><td>N.D. de Liesse \u00e0 Liesse-Notre-Dame (Aisne)<\/td><td><br><\/td><\/tr><tr><td>Odette DOUTRIAUX<\/td><td>Hazebrouck<\/td><td><br><\/td><\/tr><tr><td>Andr\u00e9 COMBE<\/td><td>Beffroi de l\u2019H\u00f4tel de Ville \u00e0 Lyon<\/td><td><br><\/td><\/tr><tr><td>Martin A. GILMAN<\/td><td>Norwood Massachussets (USA)<\/td><td><br><\/td><\/tr><tr><td><br><\/td><td><br><\/td><td><br><\/td><\/tr><tr><td>Adalbert CARRIERE<\/td><td>Bergues, carillonneur depuis l\u2019\u00e2ge de 14 ans, d\u00e9c\u00e9d\u00e9 en 2012, grand oncle de Dany Boon et qui sera l\u2019inspirateur du film \u00ab&nbsp;Bienvenue chez les Ch\u2019tis&nbsp;\u00bb<\/td><td><br><\/td><\/tr><tr><td>Emile GILLOEN<\/td><td>Saint-Christophe \u00e0 Tourcoing<\/td><td><br><\/td><\/tr><tr><td>Jean-Christophe MICHALLEK<\/td><td>Tourcoing et \u00e0 Li\u00e8ge (Belgique)<\/td><td><br><\/td><\/tr><tr><td>Stephen F.L.VONBERG<\/td><td>Anvers (Belgique)<\/td><td><br><\/td><\/tr><tr><td>Dr Karl WAACK<\/td><td>Hanovre (Allemagne)<\/td><td><br><\/td><\/tr><tr><td>S\u0153ur Lore WARTENBERG<\/td><td>Hanovre (Allemagne)&nbsp;<\/td><td><br><\/td><\/tr><tr><td>M.C.J. ENTHOVEN<\/td><td>La Haye (Pays Bas)<\/td><td><br><\/td><\/tr><tr><td>Didier LANNOY<\/td><td>Douai<\/td><td><br><\/td><\/tr><tr><td>Roger LANNOY<\/td><td>St Amand Les Eaux<\/td><td>P\u00e8re de Jacques L.<\/td><\/tr><tr><td>Christian LANNOY<\/td><td>\u00ab&nbsp;<\/td><td><br><\/td><\/tr><tr><td>Laurent LANNOY<\/td><td>Douai<\/td><td><br><\/td><\/tr><\/tbody><\/table><\/figure>\n\n\n\n<p>Et Germaine ACREMANT de Neuilly-sur-Seine, l\u2019auteure c\u00e9l\u00e8bre pour son roman \u00ab <em>Ces dames au chapeau<\/em> <em>vert<\/em>&nbsp;\u00bb, accompagn\u00e9e de son fils, artiste peintre et illustrateur, auteure \u00e9galement d\u2019un ouvrage moins connu paru chez Plon en 1955&nbsp;:&nbsp; \u00ab&nbsp;<em>Les Enchanteresses<\/em> \u00bb&nbsp;dont l\u2019un des personnages est bien le carillon&nbsp;!!! Un carillon qui joue \u00ab&nbsp;<em>le P\u2019tit Quinquin<\/em> \u00bb&nbsp; et \u00ab&nbsp;<em>le bon roi Dagobert<\/em> \u00bb en ritournelles et dont on croirait que le n\u00f4tre fut le mod\u00e8le&nbsp;!<\/p>\n\n\n\n<p><strong>30 janvier 1978 <\/strong><em>La Voix du Nord<\/em> titre en pleine page&nbsp;: <strong>Pour Seclin 1978 sera l\u2019ann\u00e9e du carillon<\/strong><\/p>\n\n\n\n<p>Cette ann\u00e9e-l\u00e0 en effet, outre le congr\u00e8s mondial du carillon \u00e0 Amersfoort aux Pays Bas se d\u00e9roule \u00e0 Saint-Amand et Seclin le congr\u00e8s national de la Guilde. Seclin recevra donc la visite de quelques-uns des plus prestigieux carillonneurs du monde les 7 et 8 ao\u00fbt 1978.<\/p>\n\n\n\n<p><em>\u00ab&nbsp;Une semaine avant que le congr\u00e8s passe par Seclin, Jean-Francis Mulier artiste peintre et carillonneur comme son p\u00e8re, proposera au public, \u00e0 l\u2019atelier du bd Hentg\u00e8s, une exposition qui s\u2019annonce d\u00e9j\u00e0 comme remarquable. On y verra des documents et pi\u00e8ces int\u00e9ressant l\u2019instrument seclinois. C\u2019est \u00e9galement au talent de Jean-Francis que le congr\u00e8s devra sa plaquette programme distribu\u00e9e dans toute la France. Les trente-quatre carillons \u00e0 clavier traditionnel de France y seront \u00e9num\u00e9r\u00e9s. En silhouette Jean-Francis a dessin\u00e9 tous ceux du Nord. L\u2019affichette sera du m\u00eame artiste&nbsp;: elle sera distribu\u00e9e de par le monde, principalement en Am\u00e9rique et aux Pays Bas car une dizaine d\u2019Am\u00e9ricains, des Hollandais etc\u2026seront les h\u00f4tes de Seclin le 6 ao\u00fbt. Les Fran\u00e7ais eux seront cinquante, tous titulaires de clavier. S\u2019y ajouteront les \u00e9tudiants en art campanaire. Parmi les visiteurs de marque se trouvera Pierre Paccard, le fondeur d\u2019Annecy.&nbsp;Son p\u00e8re, Alfred Paccard, venu \u00e0 Seclin en 1937 \u2026 \u00e9tait le fondeur mondialement connu\u2026 Il fut le premier fondeur a avoir refait des cloches de mani\u00e8re tr\u00e8s juste. \u00bb Dans une lettre qu\u2019il \u00e9crivit alors \u00e0 Jean-Baptiste Mulier il note&nbsp;:&nbsp;\u00ab J\u2019ai grandement appr\u00e9ci\u00e9 votre talent et celui de votre fils. Vous avez un bon instrument et vous savez le faire valoir&nbsp;\u00bb.<\/em><\/p>\n\n\n\n<p><em>\u00ab<\/em>&nbsp;<em>Jean-Baptiste Mulier est l\u2019auteur de quelques pi\u00e8ces pour carillon&nbsp;:&nbsp;<\/em><br><em>\u00ab L\u2019\u00e2me des carillons&nbsp;\u00bb en est un bel exemple. Il a aussi sign\u00e9 un po\u00e8me en patois \u00e0 la gloire des \u00ab&nbsp;carillonneux&nbsp;\u00bb. Il a encore compos\u00e9 pour le carillon de Seclin des \u0153uvres telles que&nbsp;: La vague, les paysans, \u2026Son fils Jean-Francis a \u00e9galement compos\u00e9 pour le carillon&nbsp;: Les Gondoles \u00e0 Venise et la balade des harengs par exemple\u2026<\/em><\/p>\n\n\n\n<p>\u00c0 cette occasion, une clochette, grav\u00e9e du nom de Seclin, fondue par Paccard , est mise en vente. Le produit de la vente sera vers\u00e9 \u00e0 la Ligue contre le cancer par Mme Mulier, secr\u00e9taire de la Guilde.<\/p>\n\n\n\n<p><strong>1980<\/strong> Le carillon participe \u00e0 la \u00ab&nbsp;Journ\u00e9e nationale du carillon&nbsp;\u00bb.Plus de 500 personnes sont mont\u00e9es \u00e0 la tour pour le voir et l\u2019entendre.<\/p>\n\n\n\n<p><strong>1982<\/strong> Un disque 33 tours \u00ab&nbsp;Carillon de Seclin&nbsp;\u00bb est grav\u00e9 par les carillonneurs Jean-Baptiste et Jean-Francis Mulier.<\/p>\n\n\n\n<p><strong>1993<\/strong> Pour ses soixante ans il r\u00e9unit autour de lui en juillet un congr\u00e8s de carillonneurs. Un grand concert d\u2019orgues aquatiques est donn\u00e9, M. Jacques Lannoy, ma\u00eetre carillonneur de Douai et Tourcoing, au clavier.<\/p>\n\n\n\n<p>.<strong>2003<\/strong> Pour ses 70 ans, le carillon ouvre le troisi\u00e8me congr\u00e8s de la Guilde en pr\u00e9sence de plusieurs grands carillonneurs, tels que Jacques Lannoy de Douai, Mark Knops de Malines, J.P. Vittot de Chamb\u00e9ry, Ren\u00e9 Dumont, vigneron et carillonneur \u00e0 Champignol- lez-Mondeville (Aube), Nathalie Debienne de Saint-Amand-Les-Eaux.<\/p>\n\n\n\n<p><strong>Quelques interventions sur le carillon<\/strong><\/p>\n\n\n<div class=\"wp-block-image is-style-twentytwentyone-border\">\n<figure class=\"alignleft size-medium\"><img loading=\"lazy\" decoding=\"async\" width=\"225\" height=\"300\" src=\"http:\/\/umkjlli.cluster030.hosting.ovh.net\/wp-content\/uploads\/2022\/10\/PCO14-225x300.jpg\" alt=\"\" class=\"wp-image-144\" srcset=\"http:\/\/collegiale-saint-piat-seclin.fr\/wp-content\/uploads\/2022\/10\/PCO14-225x300.jpg 225w, http:\/\/collegiale-saint-piat-seclin.fr\/wp-content\/uploads\/2022\/10\/PCO14.jpg 578w\" sizes=\"auto, (max-width: 225px) 100vw, 225px\" \/><\/figure>\n<\/div>\n\n\n<p class=\"has-normal-font-size\">\u00ab&nbsp;<em>Lors de la remise en \u00e9tat de la tringlerie en septembre 1974, les carillonneurs Mulier, p\u00e8re et fils, ont d\u00e9laiss\u00e9 les port\u00e9es, cl\u00e9s, blanches et rondes, pour les tenailles, les cl\u00e9s anglaises, la rouille et les anneaux.&nbsp;<\/em>\u00bb (Photographie et l\u00e9gende de <em>La Voix du Nord<\/em>)<\/p>\n\n\n\n<p><\/p>\n\n\n\n<p>En 1980, une r\u00e9novation de la partie automatique du carillon par la maison Clock-O-Matic a \u00e9t\u00e9 ex\u00e9cut\u00e9e.<\/p>\n\n\n\n<p>La tringlerie de la partie manuelle du carillon a \u00e9t\u00e9 r\u00e9nov\u00e9e en juin 1978 par l\u2019entreprise belge Clock-O-Matic \u00e0 l\u2019occasion du congr\u00e8s national de la Guilde des carillonneurs \u00e0 Seclin le 6 ao\u00fbt.<\/p>\n\n\n\n<p>En 1979, montage de nouveaux moteurs pour les 4 cloches de vol\u00e9e.<\/p>\n\n\n\n<p>En 1983, une nouvelle roue a \u00e9t\u00e9 pos\u00e9e au bourdon.<\/p>\n\n\n\n<p>En 2004, \u00e0 la suite d\u2019une man\u0153uvre malencontreuse, il faut r\u00e9parer 65 taquets du tambour. La Ville avance 1283 euros, notre association participe au financement pour 1280 euros, une subvention du Minist\u00e8re de la Culture de 4500 euros a \u00e9t\u00e9 obtenue ainsi qu\u2019une somme vers\u00e9e par le d\u00e9put\u00e9 de la 5<sup>e<\/sup> circonscription, S\u00e9bastien Huyghe, sur sa r\u00e9serve parlementaire. On en profite pour r\u00e9parer la plus grosse cloche dont le joug se d\u00e9t\u00e9riore, remplacer un moteur et des cha\u00eenes.<\/p>\n\n\n\n<p><strong>Et maintenant \u2026<\/strong><\/p>\n\n\n\n<p>Le carillon re\u00e7oit r\u00e9guli\u00e8rement les soins de l\u2019entreprise&nbsp;<em>Paschal art campanaire<\/em> dont le si\u00e8ge est \u00e0 Wimereux (Pas de Calais), quand par exemple un battant menace de se d\u00e9tacher, mais les b\u00e9n\u00e9voles de notre association ont aussi volontiers apport\u00e9 leur concours pour veiller \u00e0 son bon \u00e9tat. Ainsi, en 2006, Andr\u00e9 Warembourg et Louis Dehaies ont profit\u00e9 de la d\u00e9pose de \u00ab&nbsp;<em>Marie<\/em>&nbsp;\u00bb dont il fallait refaire le battant, pour passer des produits protecteurs sur le joug de bois et de la peinture antirouille sur les parties m\u00e9talliques. L\u2019association a particip\u00e9 financi\u00e8rement \u00e0 la r\u00e9paration de la cloche. L\u2019association appelle r\u00e9guli\u00e8rement au renouvellement de ses membres par de plus jeunes recrues pour continuer l\u2019entretien du carillon car les m\u00e9taux s\u2019oxydent, les bois supportent mal humidit\u00e9, grands froids et fortes chaleurs, sans compter les d\u00e9g\u00e2ts des pigeons qui, malgr\u00e9 les filets pos\u00e9s sur les abat-son, arrivent \u00e0 s\u2019introduire dans le clocher, mais n\u2019en trouvent plus la sortie !<\/p>\n\n\n\n<p><\/p>\n\n\n\n<figure class=\"wp-block-image size-full is-style-twentytwentyone-border\"><img loading=\"lazy\" decoding=\"async\" width=\"1012\" height=\"689\" src=\"http:\/\/umkjlli.cluster030.hosting.ovh.net\/wp-content\/uploads\/2022\/10\/PCO15.jpg\" alt=\"\" class=\"wp-image-149\" srcset=\"http:\/\/collegiale-saint-piat-seclin.fr\/wp-content\/uploads\/2022\/10\/PCO15.jpg 1012w, http:\/\/collegiale-saint-piat-seclin.fr\/wp-content\/uploads\/2022\/10\/PCO15-300x204.jpg 300w, http:\/\/collegiale-saint-piat-seclin.fr\/wp-content\/uploads\/2022\/10\/PCO15-768x523.jpg 768w\" sizes=\"auto, (max-width: 1012px) 100vw, 1012px\" \/><figcaption class=\"wp-element-caption\">Photos et l\u00e9gende <em>La Voix du Nord<\/em> du11 d\u00e9cembre 2006<\/figcaption><\/figure>\n\n\n\n<p>Notre carillon prend de l\u2019\u00e2ge et ses \u00e9l\u00e9ments s\u2019en ressentent&nbsp;; et nos b\u00e9n\u00e9voles s\u2019essoufflent mais restent vigilants\u2026<\/p>\n\n\n\n<p><strong><strong>Les 80 ans du carillon en 2013<\/strong><\/strong><\/p>\n\n\n\n<p><em>\u00ab&nbsp;Le carillon britannique de 42 cloches de la Coll\u00e9giale Saint-Piat a f\u00eat\u00e9 en grande pompe ses 80 ans. Sous la houlette de Jean-Francis Mulier, ma\u00eetre-carillonneur de la Coll\u00e9giale et Seclinois de naissance comme de c\u0153ur, le Congr\u00e8s de la Guilde des Carillonneurs de France s\u2019est tenu \u00e0 Seclin du 10 au 12 mai. \u00c9taient \u00e9galement pr\u00e9sents les carillonneurs d\u2019Erfurt et d\u2019Apolda, ville allemande sp\u00e9cialiste de la fabrication de cloches, avec laquelle Seclin est jumel\u00e9e depuis 50 ans.&nbsp;\u2026\/\u2026 Une cinquantaine de carillonneurs \u2013 et carillonneuses \u2013avaient fait le d\u00e9placement de partout en France pour c\u00e9l\u00e9brer les 80 ans de notre carillon et pour entretenir le dynamisme de l\u2019art campanaire. Le maire a souhait\u00e9 que le carillon de Seclin puisse encore r\u00e9sonner longtemps gr\u00e2ce \u00e0 Jean-Francis Mulier et \u00e0 la rel\u00e8ve qui est en train de se former \u2026\/\u2026 Le week-end de f\u00eate s\u2019est poursuivi, pour le plus grand plaisir des Seclinois et des badauds du centre-ville, par des concerts exceptionnels. Rendez-vous est d\u2019ores et d\u00e9j\u00e0 donn\u00e9 \u00e0 Seclin en 2023 pour les 90 ans du carillon de Saint-Piat&nbsp;!<\/em>&nbsp;\u00bb (site de la Ville 2013)<\/p>\n\n\n\n<p><strong>Le carillon restaur\u00e9 pour ses 90 ans<\/strong><\/p>\n\n\n\n<p>Il a eu besoin de soins importants et d\u2019un bon rajeunissement pour f\u00eater cet anniversaire. D\u00e9j\u00e0, lors de notre Conseil d\u2019Administration du 8 juin 2021, notre association avait appel\u00e9 l\u2019attention de M. le Maire sur les travaux \u00e0 r\u00e9aliser sur le tambour des ritournelles, celui-ci avait propos\u00e9 que notre pr\u00e9sidente sollicite un devis de l\u2019entreprise&nbsp;<em>Paschal art campanaire<\/em>. Le premier devis, \u00e9tabli en janvier 2022 s\u2019\u00e9levait \u00e0 19&nbsp;753 euros. La Ville avait demand\u00e9 sans succ\u00e8s la participation de la Direction r\u00e9gionale des affaires culturelles (D.R.A.C.). En revanche, la M\u00e9tropole Europ\u00e9enne de Lille (MEL) reconnaissait l\u2019int\u00e9r\u00eat patrimonial de notre carillon et avait accept\u00e9 de participer au financement des travaux \u00e0 hauteur de 50&nbsp;%. Ceux-ci ont commenc\u00e9 en mars 2023 sur le tambour automatique qu\u2019il a fallu d\u00e9monter. Mais un nouvel examen de l\u2019ensemble a fait ressortir l\u2019urgence de remplacer la poutre support des cloches faisant office de beffroi du carillon, et de proc\u00e9der au remplacement des pi\u00e8ces us\u00e9es par un long service sur le clavier et les cloches ainsi qu\u2019\u00e0 leur r\u00e9glage. Pour rendre une nouvelle jeunesse au carillon le co\u00fbt des travaux a finalement atteint 74&nbsp;000 euros. Afin de r\u00e9unir cette somme, la Ville a sign\u00e9 un partenariat avec la&nbsp;<em>Fondation du Patrimoine<\/em>&nbsp;auquel nous avons \u00e9t\u00e9 associ\u00e9s. Par ailleurs, des m\u00e9c\u00e8nes ont \u00e9t\u00e9 invit\u00e9s \u00e0 apporter leur concours. Enfin, en mai, le tambour a r\u00e9int\u00e9gr\u00e9 le clocher, et les travaux ont pu \u00eatre achev\u00e9s. Nous nous sommes r\u00e9jouis de cette heureuse issue.&nbsp;<\/p>\n\n\n\n<p>La c\u00e9l\u00e9bration du 90<sup>\u00e8me<\/sup> anniversaire du carillon, organis\u00e9e par la Ville et la <em>Guilde des Carillonneurs de France<\/em>, s\u2019est d\u00e9roul\u00e9e le 23 septembre 2023.<\/p>\n\n\n\n<p>Ont apport\u00e9 leur concours les carillonneurs, Thomas ROELAND, l\u2019actuel titulaire de Seclin, Alfred LESECQ (Coudekerque-Branche, Dunkerque), Jacques MARTEL (Bergues), Pierre Marie DELEERSNYDER (Tourcoing), Annick MILBRANDT (Douai) et Michel DERVAUX (Douai).<\/p>\n\n\n\n<p>Par ailleurs, un hommage a \u00e9t\u00e9 rendu \u00e0 trois carillonneurs qui ont marqu\u00e9 notre espace campanaire&nbsp;:<br>&#8211; Maurice LANNOY (1899-1958), carillonneur de Saint-Amand-les-Eaux, conseiller des promoteurs du carillon seclinois, qui donna le premier concert le 11 novembre 1933&nbsp;;<br>&#8211; Jacques LANNOY (1931-2022), carillonneur de Douai, pr\u00e9sident fondateur de la <em>Guilde<\/em>, qui vint maintes fois \u00e0 Seclin&nbsp;;<br>&#8211; Jean-Baptiste MULIER (1912-1995), titulaire de Seclin en 1961, qui \u0153uvra au rayonnement de l\u2019instrument seclinois.<\/p>\n\n\n\n<hr class=\"wp-block-separator has-alpha-channel-opacity\"\/>\n\n\n\n<p> Il faut aussi rappeler que notre carillon a \u00e9t\u00e9 la vedette de nombreuses \u00e9missions de radio et de t\u00e9l\u00e9vision. Ses m\u00e9lodies ont \u00e9t\u00e9 enregistr\u00e9es sur disque en 1982&nbsp;; elles font maintenant l\u2019objet de vid\u00e9os visibles sur internet. Des concerts fort appr\u00e9ci\u00e9s \u00e9taient donn\u00e9s tous les lundis matins et les jours de f\u00eate du haut du clocher et ne le sont plus, h\u00e9las. Un nouveau carillonneur a \u00e9t\u00e9 nomm\u00e9. Il se nomme Thomas Roeland, n\u2019est pas seclinois mais participe aux visites du carillon organis\u00e9es par l\u2019<em>Office de Tourisme Seclin M\u00e9lantois<\/em>. Nous lui souhaitons longue carri\u00e8re et fid\u00e9lit\u00e9 \u00e0 notre clocher&nbsp;! Et autant de passion que Messieurs Mulier p\u00e8re et fils, qui furent tous deux pr\u00e9sidents de la <em>Guilde des Carillonneurs de France<\/em>, pour l\u2019animer et le promouvoir.<\/p>\n\n\n\n<p><\/p>\n\n\n\n<figure class=\"wp-block-image size-full is-style-twentytwentyone-border\"><img loading=\"lazy\" decoding=\"async\" width=\"650\" height=\"813\" src=\"http:\/\/umkjlli.cluster030.hosting.ovh.net\/wp-content\/uploads\/2022\/10\/PCO16.jpg\" alt=\"\" class=\"wp-image-150\" srcset=\"http:\/\/collegiale-saint-piat-seclin.fr\/wp-content\/uploads\/2022\/10\/PCO16.jpg 650w, http:\/\/collegiale-saint-piat-seclin.fr\/wp-content\/uploads\/2022\/10\/PCO16-240x300.jpg 240w\" sizes=\"auto, (max-width: 650px) 100vw, 650px\" \/><figcaption class=\"wp-element-caption\">Messieurs Mulier, p\u00e8re et fils, au carillon<\/figcaption><\/figure>\n\n\n\n<p>Des visites du carillon sont parfois organis\u00e9es par l\u2019<em>Office de Tourisme Seclin M\u00e9lantois<\/em>. Si l\u2019on ne craint pas l\u2019ascension d\u2019escaliers assez p\u00e9rilleux, (165 marches) la visite en est fort int\u00e9ressante\u2026 (Se renseigner aupr\u00e8s de l\u2019O.T. L\u2019inscription est obligatoire<em><strong>. ( <\/strong>Seclin M\u00e9lantois Tourisme, 70, rue Roger-Bouvry \u00e0 Seclin. Tel&nbsp;: 09.72.52.85.03. Mail&nbsp;:&nbsp;<\/em><a href=\"mailto:contact@seclintourisme.fr\"><em><strong>contact@seclintourisme.fr<\/strong><\/em><\/a><em><strong> )<\/strong><\/em><\/p>\n\n\n\n<p>En cliquant sur ce lien (CTRL+clic) vous pouvez voir le carillon et entendre M. Jean-Francis Mulier y jouer&nbsp;: <a href=\"https:\/\/www.youtube.com\/watch?v=oLgP0uUCfp0\">https:\/\/www.youtube.com\/watch?v=oLgP0uUCfp0<\/a> \u00a9 O.T. Seclin<\/p>\n\n\n\n<p>D\u2019autres vid\u00e9os du carillon en action sont visibles sur le site <em>\u00ab&nbsp;Le carillonneur du Nord<\/em>&nbsp;\u00bb.Vous pouvez y entendre Thomas Roeland <br>au clavier. <br><a href=\"https:\/\/www.youtube.com\/watch?v=tEYRR2dcs20\">https:\/\/www.youtube.com\/watch?v=tEYRR2dcs20<\/a> <a href=\"https:\/\/www.youtube.com\/watch?v=JpgHaYGhCVs\">https:\/\/www.youtube.com\/watch?v=JpgHaYGhCVs<\/a> <\/p>\n\n\n\n<p>Et vous en trouverez encore d\u2019autres en faisant la recherche&nbsp;: carillon de Seclin.<\/p>\n\n\n\n<p>\u00ab&nbsp;<em>Le carillon dans une ville,<\/em> disait Jean-Baptiste Mulier, c\u2019est <em>un peu son \u00e2me, c\u2019est la harpe du ciel<\/em>.&nbsp;\u00bb<\/p>\n\n\n\n<p>Nota&nbsp;: dans les num\u00e9ros 6 \u00e0 12 de notre bulletin \u00ab&nbsp;<em>Collegial\u2019info<\/em>&nbsp;\u00bb, les articles de Jean-Francis Mulier sur le carillon ont servi pour l\u2019\u00e9laboration de cette notice.<\/p>\n\n\n\n<figure class=\"wp-block-image size-full is-style-twentytwentyone-border\"><img loading=\"lazy\" decoding=\"async\" width=\"500\" height=\"375\" src=\"http:\/\/umkjlli.cluster030.hosting.ovh.net\/wp-content\/uploads\/2022\/10\/PCO17.jpg\" alt=\"\" class=\"wp-image-151\" srcset=\"http:\/\/collegiale-saint-piat-seclin.fr\/wp-content\/uploads\/2022\/10\/PCO17.jpg 500w, http:\/\/collegiale-saint-piat-seclin.fr\/wp-content\/uploads\/2022\/10\/PCO17-300x225.jpg 300w\" sizes=\"auto, (max-width: 500px) 100vw, 500px\" \/><figcaption class=\"wp-element-caption\">Thomas Roeland, nouveau carillonneur, au pied de l&rsquo;escalier du clocher,<br> le 27 juillet 2019 (site de la Ville de Seclin)<\/figcaption><\/figure>\n\n\n\n<p class=\"has-text-align-center\">-o-O-o-<\/p>\n\n\n\n<p><strong>Le carillon de l\u2019hospice <\/strong>(ancien h\u00f4pital Notre-Dame)<\/p>\n\n\n\n<p>Cette histoire serait incompl\u00e8te s\u2019il n\u2019\u00e9tait pas mentionn\u00e9 ici que le riche patrimoine campanaire de la ville comporte un deuxi\u00e8me carillon, install\u00e9 au Second Empire dans la tour nord de l\u2019h\u00f4pital Notre- Dame, cr\u00e9\u00e9 au treizi\u00e8me si\u00e8cle par la comtesse Marguerite de Flandre, petit \u00ab&nbsp;quadrillon&nbsp;\u00bb de quatre cloches, fondu en 1618 par Dominique Fi\u00e9vet, avec horloge \u00e0 balancier et contre poids d\u2019origine, qui compl\u00e9tait de ses notes cristallines le prestigieux carillon de notre clocher<em>. <\/em>(Photos consultables sur le site <a href=\"https:\/\/www.pop.culture.gouv.fr\/\">https:\/\/www.pop.culture.gouv.fr\/<\/a>) . (D\u2019apr\u00e8s le <em>Dictionnaire des fondeurs de cloches de Belgique<\/em>, les Fi\u00e9vet \u00e9taient des fondeurs de cloches de Lille).<\/p>\n\n\n\n<p class=\"has-text-align-left\">Les b\u00e2timents de l\u2019ancien h\u00f4pital appartiennent d\u00e9sormais \u00e0 des promoteurs immobiliers qui les transforment en appartements. Des engagements ont \u00e9t\u00e9 pris par ceux-ci pour que la chapelle, la salle des malades et certains locaux utilis\u00e9s par les s\u0153urs restent ouverts au public et aux fid\u00e8les. Esp\u00e9rons qu\u2019ils auront \u00e0 c\u0153ur de pr\u00e9server aussi ce petit tr\u00e9sor.<\/p>\n\n\n\n<p class=\"has-text-align-right has-normal-font-size\">Janine B\u00e9ghin <\/p>\n\n\n\n<p class=\"has-text-align-right has-extra-small-font-size\"><br>Texte aimablement relu par M. Jean-Francis Mulier, carillonneur<\/p>\n\n\n\n<p class=\"has-text-align-center\">&#8211; o &#8211; O &#8211; o &#8211;<\/p>\n\n\n\n<p>En octobre 2022, j&rsquo;ai appris avec beaucoup de tristesse et d&rsquo;amertume que le carillon de l&rsquo;h\u00f4pital Notre-Dame a \u00e9t\u00e9 vol\u00e9 en 2021 sur le chantier mal prot\u00e9g\u00e9. Le contrepoids a pu \u00eatre r\u00e9cup\u00e9r\u00e9 sur le bord du canal, mais les quatre cloches se sont envol\u00e9es. D\u00e9solant !&#8230; Plainte a \u00e9t\u00e9 d\u00e9pos\u00e9e \u00e9videmment.<\/p>\n\n\n\n<p class=\"has-text-align-right\">Janine B\u00e9ghin <br><\/p>\n\n\n\n<p><a id=\"sdfootnote1sym\" href=\"#sdfootnote1anc\">1<\/a> <em>Guillaume Lassonni\u00e8re, arch\u00e9ologue, relev\u00e9s et plans J\u00e9r\u00f4me Tellier in Arch\u00e9ologie en Nord Picardie. Les d\u00e9buts du christianisme \u00e0 Seclin. Publication D.R.A.C. 2013<\/em><\/p>\n\n\n\n<p><a id=\"sdfootnote2sym\" href=\"#sdfootnote2anc\">2<\/a> <em>Karl Bouche, Journal des journ\u00e9es du Patrimoine de Seclin 2004<\/em><\/p>\n\n\n\n<p><a id=\"sdfootnote3sym\" href=\"#sdfootnote3anc\">3<\/a> <em>Jean Francis Mulier, notice sur le carillon<\/em><\/p>\n\n\n\n<p><a id=\"sdfootnote4sym\" href=\"#sdfootnote4anc\">4<\/a> <em>Jean-Francis Mulier notice sur le carillon<\/em><\/p>\n\n\n\n<p><a id=\"sdfootnote5sym\" href=\"#sdfootnote5anc\">5<\/a> <em>Jean-Francis Mulier notice sur le carillon<\/em><\/p>\n\n\n\n<p><a id=\"sdfootnote6sym\" href=\"#sdfootnote6anc\">6<\/a> <em>Source&nbsp;:<\/em> <em>Jean-Francis Mulier<\/em><\/p>\n\n\n\n<hr class=\"wp-block-separator has-alpha-channel-opacity\"\/>\n\n\n\n<p><\/p>\n","protected":false},"excerpt":{"rendered":"<p>Mis \u00e0 jour le 15 novembre 2023 1297. Par un \u00e9dit du 5 octobre le roi de France Philippe IV Le Bel ordonne la restitution \u00e0 la coll\u00e9giale de Seclin de tout ce qui lui a \u00e9t\u00e9 enlev\u00e9 durant le pillage de la ville par ses troupes. Les cloches (campanas) y sont cit\u00e9es. (acte en&hellip; <a class=\"more-link\" href=\"http:\/\/collegiale-saint-piat-seclin.fr\/?page_id=134\">Poursuivre la lecture <span class=\"screen-reader-text\">Le carillon<\/span><\/a><\/p>\n","protected":false},"author":1,"featured_media":0,"parent":0,"menu_order":0,"comment_status":"closed","ping_status":"closed","template":"","meta":{"footnotes":""},"class_list":["post-134","page","type-page","status-publish","hentry","entry"],"_links":{"self":[{"href":"http:\/\/collegiale-saint-piat-seclin.fr\/index.php?rest_route=\/wp\/v2\/pages\/134","targetHints":{"allow":["GET"]}}],"collection":[{"href":"http:\/\/collegiale-saint-piat-seclin.fr\/index.php?rest_route=\/wp\/v2\/pages"}],"about":[{"href":"http:\/\/collegiale-saint-piat-seclin.fr\/index.php?rest_route=\/wp\/v2\/types\/page"}],"author":[{"embeddable":true,"href":"http:\/\/collegiale-saint-piat-seclin.fr\/index.php?rest_route=\/wp\/v2\/users\/1"}],"replies":[{"embeddable":true,"href":"http:\/\/collegiale-saint-piat-seclin.fr\/index.php?rest_route=%2Fwp%2Fv2%2Fcomments&post=134"}],"version-history":[{"count":24,"href":"http:\/\/collegiale-saint-piat-seclin.fr\/index.php?rest_route=\/wp\/v2\/pages\/134\/revisions"}],"predecessor-version":[{"id":844,"href":"http:\/\/collegiale-saint-piat-seclin.fr\/index.php?rest_route=\/wp\/v2\/pages\/134\/revisions\/844"}],"wp:attachment":[{"href":"http:\/\/collegiale-saint-piat-seclin.fr\/index.php?rest_route=%2Fwp%2Fv2%2Fmedia&parent=134"}],"curies":[{"name":"wp","href":"https:\/\/api.w.org\/{rel}","templated":true}]}}