{"id":126,"date":"2022-10-24T14:46:16","date_gmt":"2022-10-24T12:46:16","guid":{"rendered":"http:\/\/umkjlli.cluster030.hosting.ovh.net\/?page_id=126"},"modified":"2026-04-11T14:51:38","modified_gmt":"2026-04-11T12:51:38","slug":"les-fouilles","status":"publish","type":"page","link":"http:\/\/collegiale-saint-piat-seclin.fr\/?page_id=126","title":{"rendered":"Les fouilles&#8230;"},"content":{"rendered":"\n<p class=\"has-extra-small-font-size\"><br>Mis \u00e0 jour le 23 octobre 2023<\/p>\n\n\n\n<p style=\"font-size:32px\"><strong>&#8230; un pass\u00e9 red\u00e9couvert<\/strong><\/p>\n\n\n\n<p>Entreprises par le Centre arch\u00e9ologique de Seclin, d\u2019abord sous la direction de Karl Bouche, puis par Guillaume Lassauni\u00e8re, Responsable du Centre, des fouilles ont \u00e9t\u00e9 r\u00e9alis\u00e9es de septembre 2008 \u00e0 janvier 2009, puis de janvier \u00e0 avril 2011, au printemps 2022, aux abords de la coll\u00e9giale Saint-Piat, et durant l&rsquo;\u00e9t\u00e9 2024 sous la salle des f\u00eates. \u00c0 partir des articles parus dans notre bulletin <em>Coll\u00e9gial\u2019Info<\/em> (depuis le n\u00b06 de d\u00e9cembre 2009), nous r\u00e9sumons ci-apr\u00e8s ce que ces fouilles ont r\u00e9v\u00e9l\u00e9.<\/p>\n\n\n<div class=\"wp-block-image is-style-twentytwentyone-border\">\n<figure class=\"alignleft size-medium\"><img loading=\"lazy\" decoding=\"async\" width=\"196\" height=\"300\" src=\"http:\/\/umkjlli.cluster030.hosting.ovh.net\/wp-content\/uploads\/2022\/10\/HCO9-196x300.jpg\" alt=\"\" class=\"wp-image-165\" srcset=\"http:\/\/collegiale-saint-piat-seclin.fr\/wp-content\/uploads\/2022\/10\/HCO9-196x300.jpg 196w, http:\/\/collegiale-saint-piat-seclin.fr\/wp-content\/uploads\/2022\/10\/HCO9.jpg 308w\" sizes=\"auto, (max-width: 196px) 100vw, 196px\" \/><\/figure>\n<\/div>\n\n\n<p>D\u2019abord, le diagnostic a permis, en 2008-2009, d\u2019\u00e9mettre une hypoth\u00e8se concernant la fa\u00e7ade de la coll\u00e9giale&nbsp;: celle que, jadis, on entrait dans l\u2019\u00e9difice par une tour-porche, tenant \u00e0 l\u2019\u00e9difice et se trouvant au centre, face au parvis d\u00e9nomm\u00e9 depuis juillet 2007 \u00ab&nbsp;Parvis Cardinal Albert Decourtray&nbsp;\u00bb. Une fois cette tour franchie , on p\u00e9n\u00e9trait dans la coll\u00e9giale&nbsp;; pour situer les choses, et sous r\u00e9serve d\u2019autres recherches arch\u00e9ologiques, disons que cela devait correspondre, \u00e0 peu pr\u00e8s, \u00e0 la limite actuelle de la tribune destin\u00e9e \u00e0 supporter un orgue. Par la suite, le clocher a \u00e9t\u00e9 d\u00e9plac\u00e9 \u00e0 l\u2019endroit o\u00f9 il est actuellement&nbsp;; cela a d\u00fb se faire dans le premier tiers du XV<sup>\u00e8me<\/sup> si\u00e8cle, d\u2019o\u00f9 la date de 1431 qui figure dans sa partie sup\u00e9rieure.<\/p>\n\n\n\n<p>La fa\u00e7ade a donc \u00e9t\u00e9 avanc\u00e9e, \u00e0 son niveau actuel. Faut-il faire un lien avec l\u2019escalier d\u2019entr\u00e9e de la crypte qui a \u00e9t\u00e9 retrouv\u00e9 lors des fouilles pr\u00e9c\u00e9dentes, \u00e0 l\u2019int\u00e9rieur de la coll\u00e9giale&nbsp;? Le fait que la fa\u00e7ade \u00e9tant plus rapproch\u00e9e, il s\u2019av\u00e9rait sans doute plus pratique de descendre dans la crypte \u00e0 l\u2019oppos\u00e9 de l\u2019escalier actuel. Rappelons que les arch\u00e9ologues seclinois ont trouv\u00e9, dans l\u2019ancien escalier, une date grav\u00e9e sur une paroi, celle du 6 mai 1487, c\u2019est-\u00e0-dire durant le si\u00e8cle o\u00f9 la tour-porche a \u00e9t\u00e9 d\u00e9plac\u00e9e.<\/p>\n\n\n\n<p class=\"has-text-align-center\">Ancien escalier d&rsquo;acc\u00e8s \u00e0 la crypte<\/p>\n\n\n\n<figure class=\"wp-block-gallery has-nested-images columns-default is-cropped wp-block-gallery-1 is-layout-flex wp-block-gallery-is-layout-flex\">\n<figure class=\"wp-block-image size-thumbnail is-style-twentytwentyone-border\"><img loading=\"lazy\" decoding=\"async\" width=\"150\" height=\"150\" data-id=\"166\" src=\"http:\/\/umkjlli.cluster030.hosting.ovh.net\/wp-content\/uploads\/2022\/10\/HCO10-150x150.jpg\" alt=\"\" class=\"wp-image-166\"\/><figcaption class=\"wp-element-caption\"><strong>Tel que d\u00e9couvert lors des fouilles<\/strong><\/figcaption><\/figure>\n\n\n\n<figure class=\"wp-block-image size-full is-style-twentytwentyone-border\"><img loading=\"lazy\" decoding=\"async\" width=\"640\" height=\"480\" data-id=\"167\" src=\"http:\/\/umkjlli.cluster030.hosting.ovh.net\/wp-content\/uploads\/2022\/10\/HCO11.jpg\" alt=\"\" class=\"wp-image-167\" srcset=\"http:\/\/collegiale-saint-piat-seclin.fr\/wp-content\/uploads\/2022\/10\/HCO11.jpg 640w, http:\/\/collegiale-saint-piat-seclin.fr\/wp-content\/uploads\/2022\/10\/HCO11-300x225.jpg 300w\" sizes=\"auto, (max-width: 640px) 100vw, 640px\" \/><figcaption class=\"wp-element-caption\"><strong>Mis en valeur de nos jours<\/strong><\/figcaption><\/figure>\n<\/figure>\n\n\n\n<p class=\"has-text-align-center has-extra-small-font-size\"><\/p>\n\n\n\n<p>Quant aux alentours de la coll\u00e9giale, quatre sites ont \u00e9t\u00e9 explor\u00e9s&nbsp;: devant sa fa\u00e7ade, sur le parvis Cardinal Albert Decourtray&nbsp;; au sud, c\u00f4t\u00e9 rue Jean Jaur\u00e8s&nbsp;; place du G\u00e9n\u00e9ral de Gaulle&nbsp;; et au nord, rue Abb\u00e9 Bonpain. Nous d\u00e9taillons ci-dessous les \u00e9l\u00e9ments les plus importants d\u00e9couverts par les arch\u00e9ologues seclinois, et ce \u00e0 partir des \u00e9crits \u00e0 l\u2019intention de notre association par Guillaume Lassauni\u00e8re. C\u2019est notre pass\u00e9 qui a ainsi \u00e9t\u00e9 red\u00e9couvert\u2026<\/p>\n\n\n\n<p><strong>I \u2013 Devant la fa\u00e7ade de la coll\u00e9giale, parvis Cardinal Albert Decourtray<\/strong><\/p>\n\n\n\n<p>Plusieurs niveaux de cimeti\u00e8res&nbsp;: des squelettes superpos\u00e9s au fil des ann\u00e9es. Des traces d\u2019un chemin qui venait de l\u2019actuelle rue Abb\u00e9 Bonpain, passait devant la coll\u00e9giale et continuait vers la ruelle des Clochettes. On peut \u00e9mettre l\u2019hypoth\u00e8se qu\u2019il se dirigeait vers l\u2019h\u00f4pital Saint-Nicolas dont les fondations ont \u00e9t\u00e9 retrouv\u00e9es en 2005 lors du chantier de fouilles des Jardins du Moulin, \u00e0 l\u2019angle des rues Sadi Carnot et Marx Dormoy. Cet h\u00f4pital est mentionn\u00e9 dans des textes dat\u00e9s de 1251, mais on sait qu\u2019il existait avant 1246, date de fondation de l\u2019h\u00f4pital Notre-Dame par la comtesse de Flandre, Marguerite.<\/p>\n\n\n\n<p><strong>II \u2013 Au sud de la coll\u00e9giale<\/strong><\/p>\n\n\n\n<p>Il s\u2019agit de l\u2019espace compris entre la coll\u00e9giale et la rue Jean Jaur\u00e8s. Il y eut tout d\u2019abord la d\u00e9couverte des fondations d\u2019un clo\u00eetre qui jouxtait la coll\u00e9giale et qui a \u00e9t\u00e9 d\u00e9mont\u00e9 au cours du XV<sup>\u00e8me<\/sup> si\u00e8cle. Des s\u00e9pultures ont \u00e9t\u00e9 retrouv\u00e9es \u00e0 cet endroit, sans doute de dignitaires.<\/p>\n\n\n\n<p>C\u2019est de ce c\u00f4t\u00e9 qu\u2019ont \u00e9t\u00e9 mises au jour de nombreuses fondations de constructions relatives aux b\u00e2timents des eccl\u00e9siastiques. Nous sommes l\u00e0 en plein quartier canonial, c\u2019est-\u00e0-dire le territoire qui, englobant la coll\u00e9giale, appartenait au Chapitre des chanoines. Il \u00e9tait fort important puisque, si l\u2019on se r\u00e9f\u00e8re au trac\u00e9 des rues qui existent de nos jours, il a pu se d\u00e9limiter ainsi, avec les r\u00e9serves habituelles faute de preuves tangibles&nbsp;:<\/p>\n\n\n\n<p>&#8211; toute la rue Jean Jaur\u00e8s jusqu\u2019\u00e0 la Place Saint-Piat<br>&#8211; toute la rue Abb\u00e9 Bonpain, la rue Saint-Louis qui se continuait jusqu\u2019\u00e0 la rue Marx Dormoy<br>&#8211; la rue Marx Dormoy jusqu\u2019\u00e0 la rue Carnot<br>&#8211; la rue Carnot qui rejoint la rue Jean Jaur\u00e8s.<\/p>\n\n\n\n<figure class=\"wp-block-image size-large is-style-twentytwentyone-border\"><img loading=\"lazy\" decoding=\"async\" width=\"1024\" height=\"625\" src=\"http:\/\/umkjlli.cluster030.hosting.ovh.net\/wp-content\/uploads\/2022\/10\/HCO12-1024x625.jpg\" alt=\"\" class=\"wp-image-168\" srcset=\"http:\/\/collegiale-saint-piat-seclin.fr\/wp-content\/uploads\/2022\/10\/HCO12-1024x625.jpg 1024w, http:\/\/collegiale-saint-piat-seclin.fr\/wp-content\/uploads\/2022\/10\/HCO12-300x183.jpg 300w, http:\/\/collegiale-saint-piat-seclin.fr\/wp-content\/uploads\/2022\/10\/HCO12-768x469.jpg 768w, http:\/\/collegiale-saint-piat-seclin.fr\/wp-content\/uploads\/2022\/10\/HCO12.jpg 1535w\" sizes=\"auto, (max-width: 1024px) 100vw, 1024px\" \/><\/figure>\n\n\n\n<p>Sous ce qui est devenu un parc de stationnement, face \u00e0 <em>La Voix du Nord<\/em> et \u00e0 <em>La Palette du Libraire<\/em>, les arch\u00e9ologues ont retrouv\u00e9 au sujet des constructions, des mat\u00e9riaux durables agenc\u00e9s avec soin, des assises de moellons de craie minutieusement \u00e9quarris, des espaces de circulation parfaitement plans, une cour int\u00e9rieure recouverte de terres cuites pour \u00e9viter de patauger dans la boue, des puits pour puiser l\u2019eau de la nappe phr\u00e9atique, des latrines \u00e0 usage privatif, une conduite ma\u00e7onn\u00e9e pour drainer les eaux us\u00e9es. On peut donc ici parler d\u2019\u00e9l\u00e9ments de confort et d\u2019hygi\u00e8ne&nbsp;; c\u2019est l\u00e0 que se trouvait la maison du Doyen.<\/p>\n\n\n\n<p>Outre ces \u00e9l\u00e9ments de constructions, les arch\u00e9ologues ont pu recueillir des objets tr\u00e8s divers qui apportent des indications fort pr\u00e9cieuses pour le pass\u00e9 de cet endroit. Ils furent expos\u00e9s lors de journ\u00e9es \u00ab&nbsp;Portes ouvertes&nbsp;\u00bb au Centre arch\u00e9ologique et se rapportaient \u00e0 un vaisselier m\u00e9di\u00e9val et moderne, couvrant une p\u00e9riode de cinq si\u00e8cles (XIII<sup>\u00e8me<\/sup> au XVIII<sup>\u00e8me<\/sup>)&nbsp;: cruches, pichet, gobelets, bouteilles et po\u00ealons.<\/p>\n\n\n\n<p>L\u00e0 \u00e9galement, le sous-sol contenait des fragments de vitraux et de vitrerie qui devaient orner des b\u00e2timents implant\u00e9s au sein de l\u2019enclos canonial. Les arch\u00e9ologues, en les d\u00e9crivant, ont pr\u00e9cis\u00e9&nbsp;: \u00ab&nbsp;Pr\u00e9sents entre le quatorzi\u00e8me et le vingti\u00e8me si\u00e8cle sur le site, ils peuvent aussi bien provenir de b\u00e2timents civils que d\u2019\u00e9difices religieux&nbsp;\u00bb. Dans ces conditions, il est impossible de dire \u00e0 quel emplacement ils se trouvaient \u00e0 l\u2019origine.<\/p>\n\n\n\n<p>Toujours au m\u00eame endroit, une autre moisson a \u00e9t\u00e9 r\u00e9colt\u00e9e, celle d\u2019un abondant mat\u00e9riel architectural formant au total 250 pi\u00e8ces de toute nature, ce qui a repr\u00e9sent\u00e9 168 fragments pour le d\u00e9p\u00f4t lapidaire du Centre arch\u00e9ologique seclinois. On peut citer&nbsp;: des socles, des bases de colonnes, des tambours de colonnes, des tron\u00e7ons de colonnettes, des chapiteaux, des tailloirs (partie sup\u00e9rieure d\u2019une colonne qui surplombe le chapiteau et re\u00e7oit les nervures d\u2019une vo\u00fbte). Les arch\u00e9ologues ont constat\u00e9 l\u2019importance du ph\u00e9nom\u00e8ne de remploi \u00e0 l\u2019\u00e9poque moderne (XV<sup>\u00e8me<\/sup> au XVII<sup>\u00e8me<\/sup> s.), beaucoup de pi\u00e8ces ayant \u00e9t\u00e9 recycl\u00e9es. On trouve l\u00e0 aussi bien de la pierre bleue de Tournai, des gr\u00e8s roses de l\u2019Ostrevant et des craies blanches du M\u00e9lantois.<\/p>\n\n\n\n<p><strong>\u00c0 l&rsquo;occasion des journ\u00e9es du patrimoine 2023<\/strong>, le Centre arch\u00e9ologique de Seclin, en lien avec notre association, a mont\u00e9 une belle exposition sur un th\u00e8me original&nbsp;: <em>\u00c0 la table du Doyen<\/em>.<\/p>\n\n\n\n<p>Lors des fouilles entreprises il y a quelques ann\u00e9es sur ce qui est aujourd\u2019hui le parc de stationnement de voitures c\u00f4t\u00e9 rue Jean Jaur\u00e8s, Guillaume Lassauni\u00e8re et son \u00e9quipe ont notamment retrouv\u00e9 les fondations de ce qui fut la Maison du Doyen, l\u2019appellation de&nbsp;<em>Doyen<\/em>&nbsp;recouvrant le titre de celui qui, \u00e9tant l\u2019adjoint du Pr\u00e9v\u00f4t, dirigeait de fait le chapitre de chanoines de la coll\u00e9giale Saint-Piat. Cette demeure, ce manoir, \u00e9tait \u00e0 la hauteur de ses fonctions, c\u2019est-\u00e0-dire de grande dimension et dominant les b\u00e2timents voisins, avec un confort en avance sur son temps.<\/p>\n\n\n\n<p>\u00c0 son emplacement, les arch\u00e9ologues ont r\u00e9cup\u00e9r\u00e9 des vestiges relatifs \u00e0 l\u2019immeuble, des morceaux de poteries, ainsi que les ferrures de la porte d\u2019entr\u00e9e, sachant que le bois, au fil des ann\u00e9es, s\u2019\u00e9tait d\u00e9lit\u00e9.<\/p>\n\n\n\n<p>Cette Maison du Doyen \u00e9tait reli\u00e9e \u00e0 la coll\u00e9giale par un clo\u00eetre qui aboutissait directement \u00e0 l\u2019\u00e9difice \u00e0 un endroit que l\u2019on ne peut pas d\u00e9terminer exactement mais qui devait correspondre \u00e0 peu pr\u00e8s au transept droit de la coll\u00e9giale.<\/p>\n\n\n\n<p>L\u2019exposition comportait deux \u00e9l\u00e9ments. D\u2019une part, des panneaux avec des textes explicatifs concernant les \u00e9l\u00e9ments retrouv\u00e9s, mais aussi deux dessins qui ont \u00e9t\u00e9 r\u00e9alis\u00e9s par Lilian Gabelle. <br><br>Le premier dessin repr\u00e9sente l\u2019environnement du quartier au tout d\u00e9but du 15\u00e8me&nbsp;si\u00e8cle, avec la Maison du Doyen qui domine au premier plan. Ce dessin a la particularit\u00e9 d\u2019\u00eatre une&nbsp;<em>restitution<\/em>&nbsp;des lieux, \u00e0 partir des fouilles, des constatations et des relev\u00e9s effectu\u00e9s lors de celles-ci.<\/p>\n\n\n\n<figure class=\"wp-block-image size-large is-resized is-style-twentytwentyone-border\"><img loading=\"lazy\" decoding=\"async\" width=\"1024\" height=\"730\" src=\"http:\/\/collegiale-saint-piat-seclin.fr\/wp-content\/uploads\/2023\/09\/maison-du-doyen-1024x730.jpg\" alt=\"\" class=\"wp-image-785\" style=\"aspect-ratio:1.4027397260273973;width:610px;height:auto\" srcset=\"http:\/\/collegiale-saint-piat-seclin.fr\/wp-content\/uploads\/2023\/09\/maison-du-doyen-1024x730.jpg 1024w, http:\/\/collegiale-saint-piat-seclin.fr\/wp-content\/uploads\/2023\/09\/maison-du-doyen-300x214.jpg 300w, http:\/\/collegiale-saint-piat-seclin.fr\/wp-content\/uploads\/2023\/09\/maison-du-doyen-768x547.jpg 768w, http:\/\/collegiale-saint-piat-seclin.fr\/wp-content\/uploads\/2023\/09\/maison-du-doyen-1536x1095.jpg 1536w, http:\/\/collegiale-saint-piat-seclin.fr\/wp-content\/uploads\/2023\/09\/maison-du-doyen-2048x1459.jpg 2048w, http:\/\/collegiale-saint-piat-seclin.fr\/wp-content\/uploads\/2023\/09\/maison-du-doyen-1568x1117.jpg 1568w\" sizes=\"auto, (max-width: 1024px) 100vw, 1024px\" \/><\/figure>\n\n\n\n<p class=\"has-extra-small-font-size\">\u00a9 Lilian Gabelle 2023, Ville de Seclin<\/p>\n\n\n\n<p>Le second dessin montre l\u2019int\u00e9rieur d\u2019une salle de la Maison du Doyen avec une table sur laquelle sont d\u00e9pos\u00e9s des objets utilis\u00e9s pour les repas. Tous ces objets ou ustensiles correspondent \u00e0 des morceaux de poteries retir\u00e9s lors des fouilles et qui ont donc forc\u00e9ment appartenu au Doyen, par exemple une sali\u00e8re du plus bel effet.<\/p>\n\n\n\n<figure class=\"wp-block-image size-large is-style-twentytwentyone-border\"><img loading=\"lazy\" decoding=\"async\" width=\"1024\" height=\"736\" src=\"http:\/\/collegiale-saint-piat-seclin.fr\/wp-content\/uploads\/2023\/09\/S.A.M.du-doyen-1024x736.jpg\" alt=\"\" class=\"wp-image-786\" srcset=\"http:\/\/collegiale-saint-piat-seclin.fr\/wp-content\/uploads\/2023\/09\/S.A.M.du-doyen-1024x736.jpg 1024w, http:\/\/collegiale-saint-piat-seclin.fr\/wp-content\/uploads\/2023\/09\/S.A.M.du-doyen-300x216.jpg 300w, http:\/\/collegiale-saint-piat-seclin.fr\/wp-content\/uploads\/2023\/09\/S.A.M.du-doyen-768x552.jpg 768w, http:\/\/collegiale-saint-piat-seclin.fr\/wp-content\/uploads\/2023\/09\/S.A.M.du-doyen-1536x1103.jpg 1536w, http:\/\/collegiale-saint-piat-seclin.fr\/wp-content\/uploads\/2023\/09\/S.A.M.du-doyen-2048x1471.jpg 2048w, http:\/\/collegiale-saint-piat-seclin.fr\/wp-content\/uploads\/2023\/09\/S.A.M.du-doyen-1568x1126.jpg 1568w\" sizes=\"auto, (max-width: 1024px) 100vw, 1024px\" \/><\/figure>\n\n\n\n<p class=\"has-extra-small-font-size\">\u00a9 Lilian Gabelle 2023, Ville de Seclin<\/p>\n\n\n\n<p>Le Centre arch\u00e9ologique de Seclin s\u2019est adress\u00e9 \u00e0 V\u00e9ronique Durey, sp\u00e9cialiste de c\u00e9ramiques m\u00e9di\u00e9vales, pour faire reproduire les poteries \u00e0 l\u2019identique. Ces r\u00e9pliques ont \u00e9t\u00e9 expos\u00e9es dans une vitrine,<\/p>\n\n\n\n<figure class=\"wp-block-gallery has-nested-images columns-default is-cropped wp-block-gallery-2 is-layout-flex wp-block-gallery-is-layout-flex\">\n<figure class=\"wp-block-image size-large is-style-twentytwentyone-border\"><img loading=\"lazy\" decoding=\"async\" width=\"768\" height=\"1024\" data-id=\"787\" src=\"http:\/\/collegiale-saint-piat-seclin.fr\/wp-content\/uploads\/2023\/09\/vitrine-2-768x1024.jpg\" alt=\"\" class=\"wp-image-787\" srcset=\"http:\/\/collegiale-saint-piat-seclin.fr\/wp-content\/uploads\/2023\/09\/vitrine-2-768x1024.jpg 768w, http:\/\/collegiale-saint-piat-seclin.fr\/wp-content\/uploads\/2023\/09\/vitrine-2-225x300.jpg 225w, http:\/\/collegiale-saint-piat-seclin.fr\/wp-content\/uploads\/2023\/09\/vitrine-2-1152x1536.jpg 1152w, http:\/\/collegiale-saint-piat-seclin.fr\/wp-content\/uploads\/2023\/09\/vitrine-2-1536x2048.jpg 1536w, http:\/\/collegiale-saint-piat-seclin.fr\/wp-content\/uploads\/2023\/09\/vitrine-2-1568x2091.jpg 1568w, http:\/\/collegiale-saint-piat-seclin.fr\/wp-content\/uploads\/2023\/09\/vitrine-2-scaled.jpg 1920w\" sizes=\"auto, (max-width: 768px) 100vw, 768px\" \/><\/figure>\n\n\n\n<figure class=\"wp-block-image size-large is-style-twentytwentyone-border\"><img loading=\"lazy\" decoding=\"async\" width=\"753\" height=\"1024\" data-id=\"788\" src=\"http:\/\/collegiale-saint-piat-seclin.fr\/wp-content\/uploads\/2023\/09\/saliere-753x1024.jpg\" alt=\"\" class=\"wp-image-788\" srcset=\"http:\/\/collegiale-saint-piat-seclin.fr\/wp-content\/uploads\/2023\/09\/saliere-753x1024.jpg 753w, http:\/\/collegiale-saint-piat-seclin.fr\/wp-content\/uploads\/2023\/09\/saliere-221x300.jpg 221w, http:\/\/collegiale-saint-piat-seclin.fr\/wp-content\/uploads\/2023\/09\/saliere-768x1044.jpg 768w, http:\/\/collegiale-saint-piat-seclin.fr\/wp-content\/uploads\/2023\/09\/saliere-1130x1536.jpg 1130w, http:\/\/collegiale-saint-piat-seclin.fr\/wp-content\/uploads\/2023\/09\/saliere-1507x2048.jpg 1507w, http:\/\/collegiale-saint-piat-seclin.fr\/wp-content\/uploads\/2023\/09\/saliere-1568x2131.jpg 1568w, http:\/\/collegiale-saint-piat-seclin.fr\/wp-content\/uploads\/2023\/09\/saliere-scaled.jpg 1884w\" sizes=\"auto, (max-width: 753px) 100vw, 753px\" \/><\/figure>\n<\/figure>\n\n\n\n<p><\/p>\n\n\n\n<p><\/p>\n\n\n\n<p><\/p>\n\n\n\n<p>Au printemps 2022, des sondages ont \u00e9t\u00e9 effectu\u00e9s \u00e0 proximit\u00e9 du flanc sud de la coll\u00e9giale. Pour les arch\u00e9ologues, cette campagne de fouilles est riche d\u2019enseignements, en particulier pour ce qui concerne les d\u00e9cors de l\u2019\u00e9glise romane. Voici ce qu\u2019\u00e9crit Guillaume Lassauni\u00e8re dans notre bulletin Coll\u00e9gial\u2019Info n\u00b021 de septembre 2022. \u00ab&nbsp;<em>Si aujourd\u2019hui le plan de la premi\u00e8re coll\u00e9giale, dont la construction est \u00e0 placer autour de l\u2019an Mil, commence \u00e0 se dessiner au regard des derni\u00e8res recherches (cf. bulletin de 2021), son d\u00e9cor int\u00e9rieur reste largement m\u00e9connu. Cette intervention a permis de lever en partie le voile sur ce sujet. En effet, les terres du cimeti\u00e8re <\/em>[pr\u00e8s de l\u2019\u00e9glise]<em> ont livr\u00e9 de nombreuses pi\u00e8ces d\u2019un dallage en marbre et d\u2019importants fragments de sols construits en mortier de tuileau. Ces \u00e9l\u00e9ments ont selon toute vraisemblance \u00e9t\u00e9 rejet\u00e9s au sein de l\u2019espace fun\u00e9raire au moment du chantier relatif \u00e0 l\u2019agrandissement de l\u2019\u00e9glise au XIII\u00e8me si\u00e8cle et devaient orner le ch\u0153ur particuli\u00e8rement impact\u00e9 par ces travaux.<\/em>&nbsp;<\/p>\n\n\n\n<p><strong>III \u2013 Place du G\u00e9n\u00e9ral de Gaulle<\/strong><\/p>\n\n\n\n<p>L\u00e0 se trouvait la continuation du cimeti\u00e8re paroissial de la rue Abb\u00e9 Bonpain (et sans doute de tombes situ\u00e9es sous l\u2019actuelle coll\u00e9giale) dont la mise en service au X<sup>\u00e8me<\/sup> si\u00e8cle indique la double vocation du nouvel \u00e9difice&nbsp;: \u00e0 la fois \u00e9glise paroissiale et coll\u00e9giale des chanoines. Au milieu de ce cimeti\u00e8re, deux d\u00e9couvertes exceptionnelles ont \u00e9t\u00e9 faites car elles ont un rapport imm\u00e9diat avec la coll\u00e9giale.<\/p>\n\n\n\n<p>Tout d\u2019abord, un m\u00e9langeur \u00e0 mortier que l\u2019on peut dater du X<sup>\u00e8me<\/sup> si\u00e8cle, c\u2019est-\u00e0-dire de l\u2019\u00e9poque o\u00f9 a \u00e9t\u00e9 construit l\u2019\u00e9difice religieux primitif qui se localiserait sous les fondations de la coll\u00e9giale actuelle. Comme son nom l\u2019indique, ce m\u00e9langeur \u00e0 mortier a servi \u00e0 l\u2019\u00e9dification de cette \u00e9glise. C\u2019est une chance extraordinaire qu\u2019il n\u2019ait pas \u00e9t\u00e9 d\u00e9truit au fil du temps. Il se pr\u00e9sente sous la forme d\u2019un bassin circulaire ouvert&nbsp;; au centre, un poteau servait de pivot \u00e0 une pi\u00e8ce de bois supportant des pales verticales qui assuraient le m\u00e9lange du mortier.<\/p>\n\n\n<div class=\"wp-block-image\">\n<figure class=\"alignleft size-full\"><img loading=\"lazy\" decoding=\"async\" width=\"184\" height=\"122\" src=\"http:\/\/umkjlli.cluster030.hosting.ovh.net\/wp-content\/uploads\/2022\/10\/HCO13.jpg\" alt=\"\" class=\"wp-image-169\"\/><figcaption class=\"wp-element-caption\">Four \u00e0 cloches<\/figcaption><\/figure>\n<\/div>\n\n\n<p>La seconde d\u00e9couverte, c\u2019est celle d\u2019un four \u00e0 cloches qui date sans doute de la construction de la tour-clocher, vers le milieu du XV<sup>\u00e8me<\/sup> si\u00e8cle, comme nous l\u2019avons vu pr\u00e9c\u00e9demment. Les cloches \u00e9taient ainsi fabriqu\u00e9es sur place.<\/p>\n\n\n\n<p>Ces deux vestiges sont donc li\u00e9s \u00e0 l\u2019activit\u00e9 d\u2019artisans qui ont \u0153uvr\u00e9 \u00e0 l\u2019\u00e9dification et \u00e0 l\u2019am\u00e9nagement de la coll\u00e9giale. Pour l\u2019anecdote, on peut encore dire que les arch\u00e9ologues ont aussi retrouv\u00e9 les fondations de l\u2019ancien kiosque \u00e0 musique d\u00e9truit en juillet 1962.<\/p>\n\n\n\n<p><strong>IV \u2013 Au nord de la coll\u00e9giale<\/strong><\/p>\n\n\n\n<p>Il s\u2019agit ici de la rue Abb\u00e9 Bonpain o\u00f9 se trouvent le Jardin de la Victoire et le Monument aux Morts. C\u2019\u00e9tait l\u00e0 qu\u2019\u00e9tait le cimeti\u00e8re, d\u00e9m\u00e9nag\u00e9 en 1810, et qui se continuait place du G\u00e9n\u00e9ral de Gaulle. 300 s\u00e9pultures ont \u00e9t\u00e9 explor\u00e9es, ce qui correspond \u00e0 un petit nombre de la population totale du cimeti\u00e8re. \u00c0 cet endroit ont \u00e9galement \u00e9t\u00e9 r\u00e9cup\u00e9r\u00e9s des fragments de vitraux et de vitrerie&nbsp;; les arch\u00e9ologues ont indiqu\u00e9 \u00e0 leur sujet que \u00ab&nbsp;par le type de peintures et la chronologie qui en d\u00e9coule, il est fort probable que ces fragments d\u00e9couverts [\u2026] au niveau du ch\u0153ur de la coll\u00e9giale appartiennent \u00e0 l\u2019\u00e9difice religieux. La plupart remontent au XIV<sup>\u00e8me<\/sup> si\u00e8cle. [\u2026] Les archives nous renseignent qu\u2019au moins deux interventions ont eu lieu au XIV<sup>\u00e8me<\/sup> si\u00e8cle sur les verri\u00e8res de l\u2019\u00e9glise (1378-1379 et 1390-1391)&nbsp;\u00bb. Et puis, toujours au m\u00eame endroit, il y a eu cette d\u00e9couverte capitale faite en janvier 2011&nbsp;: ce qui fut peut-\u00eatre le premier mausol\u00e9e de saint Piat\u2026<\/p>\n\n\n\n<p>C\u2019est dans le bulletin n\u00b012 de juillet 2013 que cela a \u00e9t\u00e9 d\u00e9crit par Guillaume Lassauni\u00e8re, dessins et photographies \u00e0 l\u2019appui. Pour le situer sur le trottoir longeant la coll\u00e9giale, on peut dire que le d\u00e9but du mausol\u00e9e \u00e9tait environ \u00e0 hauteur du caf\u00e9 <em>Au Lion de Seclin<\/em>&nbsp;; il mesurait 8 m\u00e8tres et son extr\u00e9mit\u00e9 aboutissait \u00e0 hauteur du d\u00e9but du transept nord de la coll\u00e9giale. Nous sommes donc l\u00e0 \u00e0 tr\u00e8s peu de distance du Monument aux Morts.<\/p>\n\n\n\n<p>Cet \u00e9difice de type semi-hypog\u00e9, \u00e0 savoir en partie excav\u00e9 \u00e0 la mani\u00e8re d\u2019une crypte, poss\u00e9dait une entr\u00e9e \u00e9troite sur la fa\u00e7ade occidentale (donc vers l\u2019actuel boulevard) \u00e0 laquelle les p\u00e8lerins acc\u00e9daient par un escalier ext\u00e9rieur. Le sol avait \u00e9t\u00e9 am\u00e9nag\u00e9 solidement. Des baies vitr\u00e9es existaient, le b\u00e2timent \u00e9tait couvert de tuiles&nbsp;; une fosse rectangulaire vid\u00e9e de son contenu confirmerait la vocation fun\u00e9raire de l\u2019\u00e9difice dans lequel a d\u2019ailleurs \u00e9t\u00e9 retrouv\u00e9 un fragment de b\u00e9nitier en pierre calcaire. Sur la paroi int\u00e9rieure a \u00e9t\u00e9 rep\u00e9r\u00e9e une couche pr\u00e9paratoire susceptible de recevoir un lait de chaux avant l\u2019ex\u00e9cution de fresques. Un placage de marbre rouge a aussi \u00e9t\u00e9 retrouv\u00e9, de m\u00eame qu\u2019un tesson de verre plat translucide rouge \u00e0 veines rouges&nbsp;; il proviendrait d\u2019un vitrail plomb\u00e9. De m\u00eame les arch\u00e9ologues ont recueilli des tesselles de mosa\u00efques de marbre blanc provenant s\u00fbrement d\u2019un d\u00e9cor de pavement. (<strong>\u00a9<\/strong> Centre Arch\u00e9ologique de Seclin pour les deux repr\u00e9sentations ci-dessous)<\/p>\n\n\n\n<figure class=\"wp-block-image size-medium\"><img loading=\"lazy\" decoding=\"async\" width=\"300\" height=\"177\" src=\"http:\/\/umkjlli.cluster030.hosting.ovh.net\/wp-content\/uploads\/2022\/10\/HCO14-300x177.jpg\" alt=\"\" class=\"wp-image-171\" srcset=\"http:\/\/collegiale-saint-piat-seclin.fr\/wp-content\/uploads\/2022\/10\/HCO14-300x177.jpg 300w, http:\/\/collegiale-saint-piat-seclin.fr\/wp-content\/uploads\/2022\/10\/HCO14.jpg 708w\" sizes=\"auto, (max-width: 300px) 100vw, 300px\" \/><figcaption class=\"wp-element-caption\">Repr\u00e9sentation du mausol\u00e9e du VII<sup>\u00e8me<\/sup> si\u00e8cle <\/figcaption><\/figure>\n\n\n\n<figure class=\"wp-block-image size-medium\"><img loading=\"lazy\" decoding=\"async\" width=\"300\" height=\"243\" src=\"http:\/\/umkjlli.cluster030.hosting.ovh.net\/wp-content\/uploads\/2022\/10\/HCO15-300x243.jpg\" alt=\"\" class=\"wp-image-170\" srcset=\"http:\/\/collegiale-saint-piat-seclin.fr\/wp-content\/uploads\/2022\/10\/HCO15-300x243.jpg 300w, http:\/\/collegiale-saint-piat-seclin.fr\/wp-content\/uploads\/2022\/10\/HCO15-768x623.jpg 768w, http:\/\/collegiale-saint-piat-seclin.fr\/wp-content\/uploads\/2022\/10\/HCO15.jpg 826w\" sizes=\"auto, (max-width: 300px) 100vw, 300px\" \/><figcaption class=\"wp-element-caption\">Hypoth\u00e8se de restitution de l&rsquo;int\u00e9rieur<\/figcaption><\/figure>\n\n\n\n<p>Pour conclure sur ce point qui s\u2019av\u00e8re capital dans l\u2019histoire de la coll\u00e9giale, nous reprenons ici ce qui a \u00e9t\u00e9 indiqu\u00e9 dans la brochure \u00e9dit\u00e9e \u00e0 l\u2019\u00e9t\u00e9 2013 par la Direction R\u00e9gionale des Affaires Culturelles, sous la signature de Guillaume Lassauni\u00e8re&nbsp;:<\/p>\n\n\n\n<p>\u00ab&nbsp;Au regard des d\u00e9couvertes exceptionnelles et \u00e0 la lecture des textes anciens, il serait tentant de rapprocher ce monument de \u201cl\u2019\u00e9l\u00e9gant mausol\u00e9e\u201d \u00e9lev\u00e9 par \u00c9loi. \u00c0 l\u2019origine du culte vou\u00e9 \u00e0 saint Piat, il a de tout temps \u00e9t\u00e9 consid\u00e9r\u00e9 comme le premier lieu de culte chr\u00e9tien \u00e9rig\u00e9 dans la capitale du M\u00e9lantois[\u2026]<\/p>\n\n\n\n<p>\u00ab&nbsp;Le d\u00e9mant\u00e8lement du mausol\u00e9e \u00e0 la fin du IX<sup>\u00e8me<\/sup> si\u00e8cle pourrait cependant co\u00efncider avec l\u2019\u00e9rection de la nouvelle \u00e9glise et notamment de sa crypte encore visible de nos jours en d\u00e9pit de plusieurs remaniements&nbsp;\u00bb.<\/p>\n\n\n\n<p>En d\u2019autres termes, l\u2019histoire pourrait se r\u00e9sumer ainsi, sous toutes r\u00e9serves \u00e9videmment car aucun document ne peut corroborer cela&nbsp;:<\/p>\n\n\n\n<p>&#8211; Apr\u00e8s son martyre \u00e0 la fin du III<sup>\u00e8me<\/sup> si\u00e8cle, saint Piat fut inhum\u00e9, sur place, \u00e0 Seclin.<\/p>\n\n\n\n<p>&#8211; Selon la l\u00e9gende qui d\u00e9coule de textes anciens, saint \u00c9loi retrouve une s\u00e9pulture au VII<sup>\u00e8me<\/sup> si\u00e8cle qu\u2019il identifie comme \u00e9tant celle de saint Piat et il construit un mausol\u00e9e, celui qui a peut-\u00eatre \u00e9t\u00e9 d\u00e9couvert d\u00e9but 2011.<\/p>\n\n\n\n<p>&#8211; \u00c0 la fin du IX<sup>\u00e8me<\/sup> si\u00e8cle, ce mausol\u00e9e est d\u00e9mantel\u00e9 et les restes de saint Piat sont transf\u00e9r\u00e9s dans la crypte de la coll\u00e9giale alors en construction, dans un nouveau tombeau qui est toujours visible\u2026<\/p>\n\n\n\n<p>Les fouilles de 2011 nous ont donc permis d\u2019avoir un nouveau regard sur ce qui fut le tombeau de saint Piat au fil des si\u00e8cles.<\/p>\n\n\n\n<p><strong>V &#8211; Sous la salle de spectacles \u00e9t\u00e9 2024<\/strong><\/p>\n\n\n\n<p>Quatre zones ont \u00e9t\u00e9 fouill\u00e9es durant 3 mois par Guillaume Lassauni\u00e8re et J\u00e9r\u00f4me Tellier, accompagn\u00e9s de 3 techniciens de fouilles et d\u2019une arch\u00e9o-anthropologue recrut\u00e9s pour cette campagne.<br>Ont \u00e9t\u00e9 ainsi d\u00e9couverts des traces d\u2019une occupation romaine, celles d\u2019une n\u00e9cropole (fin 4\u00b0, 5\u00b0 s.) sans doute li\u00e9es \u00e0 un sanctuaire, et un four \u00e0 chaux, ce qui laisse imaginer que cet endroit fut un chantier pour la construction de la coll\u00e9giale.<br>A l\u2019int\u00e9rieur de la future salle, les arch\u00e9ologues ont mis au jour des traces d\u2019une habitation construite \u00e0 partir du 13\u00b0 si\u00e8cle\u00a0; parmi celles-ci, une grande chemin\u00e9e probablement install\u00e9e dans une cuisine.<br>Le site, par la suite, a fait place au jardin de l\u2019\u00e9col\u00e2tre (lieu d\u2019enseignement par les chanoines). Il s\u2019y trouvait un b\u00e2timent de forme octogonale, probablement de plaisance, ainsi qu\u2019un bassin avec un socle sans doute destin\u00e9 \u00e0 accueillir une statue.<br>De chantier en chantier, les fouilles men\u00e9es par le Centre Arch\u00e9ologique Municipal permettent donc de compl\u00e9ter l\u2019histoire de la construction de la coll\u00e9giale et du quartier canonial, et notre association s\u2019en r\u00e9jouit.<\/p>\n\n\n\n<hr class=\"wp-block-separator has-alpha-channel-opacity\"\/>\n\n\n\n<p><\/p>\n","protected":false},"excerpt":{"rendered":"<p>Mis \u00e0 jour le 23 octobre 2023 &#8230; un pass\u00e9 red\u00e9couvert Entreprises par le Centre arch\u00e9ologique de Seclin, d\u2019abord sous la direction de Karl Bouche, puis par Guillaume Lassauni\u00e8re, Responsable du Centre, des fouilles ont \u00e9t\u00e9 r\u00e9alis\u00e9es de septembre 2008 \u00e0 janvier 2009, puis de janvier \u00e0 avril 2011, au printemps 2022, aux abords de&hellip; <a class=\"more-link\" href=\"http:\/\/collegiale-saint-piat-seclin.fr\/?page_id=126\">Poursuivre la lecture <span class=\"screen-reader-text\">Les fouilles&#8230;<\/span><\/a><\/p>\n","protected":false},"author":1,"featured_media":0,"parent":98,"menu_order":0,"comment_status":"closed","ping_status":"closed","template":"","meta":{"footnotes":""},"class_list":["post-126","page","type-page","status-publish","hentry","entry"],"_links":{"self":[{"href":"http:\/\/collegiale-saint-piat-seclin.fr\/index.php?rest_route=\/wp\/v2\/pages\/126","targetHints":{"allow":["GET"]}}],"collection":[{"href":"http:\/\/collegiale-saint-piat-seclin.fr\/index.php?rest_route=\/wp\/v2\/pages"}],"about":[{"href":"http:\/\/collegiale-saint-piat-seclin.fr\/index.php?rest_route=\/wp\/v2\/types\/page"}],"author":[{"embeddable":true,"href":"http:\/\/collegiale-saint-piat-seclin.fr\/index.php?rest_route=\/wp\/v2\/users\/1"}],"replies":[{"embeddable":true,"href":"http:\/\/collegiale-saint-piat-seclin.fr\/index.php?rest_route=%2Fwp%2Fv2%2Fcomments&post=126"}],"version-history":[{"count":19,"href":"http:\/\/collegiale-saint-piat-seclin.fr\/index.php?rest_route=\/wp\/v2\/pages\/126\/revisions"}],"predecessor-version":[{"id":1258,"href":"http:\/\/collegiale-saint-piat-seclin.fr\/index.php?rest_route=\/wp\/v2\/pages\/126\/revisions\/1258"}],"up":[{"embeddable":true,"href":"http:\/\/collegiale-saint-piat-seclin.fr\/index.php?rest_route=\/wp\/v2\/pages\/98"}],"wp:attachment":[{"href":"http:\/\/collegiale-saint-piat-seclin.fr\/index.php?rest_route=%2Fwp%2Fv2%2Fmedia&parent=126"}],"curies":[{"name":"wp","href":"https:\/\/api.w.org\/{rel}","templated":true}]}}